{"id":1,"date":"2020-03-11T10:28:00","date_gmt":"2020-03-11T08:28:00","guid":{"rendered":"https:\/\/satl.fi\/vaty\/?page_id=1"},"modified":"2026-07-10T16:27:12","modified_gmt":"2026-07-10T13:27:12","slug":"seravo-start","status":"publish","type":"page","link":"https:\/\/satl.fi\/vaty\/","title":{"rendered":"Varkauden Autoteknillinen Yhdistys ry (VATY)"},"content":{"rendered":"<div class=\"wp-block-image is-resized\">\n<figure class=\"aligncenter size-large\"><img loading=\"lazy\" decoding=\"async\" width=\"80\" height=\"106\" src=\"https:\/\/satl.fi\/vaty\/wp-content\/blogs.dir\/4\/files\/sites\/58\/2020\/03\/vatylogo.jpg.jpg\" alt=\"\" class=\"wp-image-148\" \/><\/figure>\n<\/div>\n\n\n<p class=\"has-text-align-center wp-block-paragraph\"> VATY on autoalan vastuu- ja asiantuntijateht\u00e4viss\u00e4 toimivien henkil\u00f6iden yhdistys. Olemme Suomen Autoteknillinen Liitto ry:n (SATL) j\u00e4senyhdistys.<\/p>\n\n\n\n<div class=\"wp-block-button aligncenter\"><a class=\"wp-block-button__link wp-element-button\" href=\"https:\/\/satl.fi\/vaty\/tietoa-yhdistyksesta\/\">Lue lis\u00e4\u00e4 yhdistyksest\u00e4<\/a><\/div>\n\n\n\n<h2 class=\"wp-block-heading\">Yhteisty\u00f6ss\u00e4 toimintaamme ovat tukemassa:<\/h2>\n\n\n\n<div class=\"wp-block-columns is-layout-flex wp-container-core-columns-is-layout-8f761849 wp-block-columns-is-layout-flex\">\n<div class=\"wp-block-column is-layout-flow wp-block-column-is-layout-flow\"><div class=\"wp-block-image\">\n<figure class=\"aligncenter size-full\"><a href=\"https:\/\/www.hedinautomotive.fi\/\" target=\"_blank\" rel=\" noreferrer noopener\"><img loading=\"lazy\" decoding=\"async\" width=\"467\" height=\"292\" src=\"https:\/\/satl.fi\/vaty\/wp-content\/blogs.dir\/4\/files\/sites\/58\/2023\/02\/230B37C4E0614AC794E2EF61FA1BF55B.png\" alt=\"\" class=\"wp-image-494\" srcset=\"https:\/\/satl.fi\/vaty\/wp-content\/blogs.dir\/4\/files\/sites\/58\/2023\/02\/230B37C4E0614AC794E2EF61FA1BF55B.png 467w, https:\/\/satl.fi\/vaty\/wp-content\/blogs.dir\/4\/files\/sites\/58\/2023\/02\/230B37C4E0614AC794E2EF61FA1BF55B-300x188.png 300w, https:\/\/satl.fi\/vaty\/wp-content\/blogs.dir\/4\/files\/sites\/58\/2023\/02\/230B37C4E0614AC794E2EF61FA1BF55B-400x250.png 400w\" sizes=\"auto, (max-width: 467px) 100vw, 467px\" \/><\/a><\/figure>\n<\/div><\/div>\n\n\n\n<div class=\"wp-block-column is-layout-flow wp-block-column-is-layout-flow\"><div class=\"wp-block-image is-resized\">\n<figure class=\"aligncenter size-large\"><a href=\"https:\/\/www.fonecta.fi\/profiili\/savon-uusautohuolto\/2924312\" target=\"_blank\" rel=\"noreferrer noopener\"><img loading=\"lazy\" decoding=\"async\" width=\"500\" height=\"230\" src=\"https:\/\/satl.fi\/vaty\/wp-content\/blogs.dir\/4\/files\/sites\/58\/2020\/05\/savon-uusautohuolto-kk-VED-1.jpg\" alt=\"\" class=\"wp-image-382\" srcset=\"https:\/\/satl.fi\/vaty\/wp-content\/blogs.dir\/4\/files\/sites\/58\/2020\/05\/savon-uusautohuolto-kk-VED-1.jpg 500w, https:\/\/satl.fi\/vaty\/wp-content\/blogs.dir\/4\/files\/sites\/58\/2020\/05\/savon-uusautohuolto-kk-VED-1-300x138.jpg 300w, https:\/\/satl.fi\/vaty\/wp-content\/blogs.dir\/4\/files\/sites\/58\/2020\/05\/savon-uusautohuolto-kk-VED-1-400x184.jpg 400w\" sizes=\"auto, (max-width: 500px) 100vw, 500px\" \/><\/a><\/figure>\n<\/div><\/div>\n\n\n\n<div class=\"wp-block-column is-layout-flow wp-block-column-is-layout-flow\">\n<figure class=\"wp-block-image alignfull size-large\"><a href=\"https:\/\/www.smokehouse.fi\/\" target=\"_blank\" rel=\"noreferrer noopener\"><img loading=\"lazy\" decoding=\"async\" width=\"1024\" height=\"212\" src=\"https:\/\/satl.fi\/vaty\/wp-content\/blogs.dir\/4\/files\/sites\/58\/2021\/05\/smokehouse_logo_ikonit_color-1024x212.png\" alt=\"\" class=\"wp-image-452\" srcset=\"https:\/\/satl.fi\/vaty\/wp-content\/blogs.dir\/4\/files\/sites\/58\/2021\/05\/smokehouse_logo_ikonit_color-1024x212.png 1024w, https:\/\/satl.fi\/vaty\/wp-content\/blogs.dir\/4\/files\/sites\/58\/2021\/05\/smokehouse_logo_ikonit_color-300x62.png 300w, https:\/\/satl.fi\/vaty\/wp-content\/blogs.dir\/4\/files\/sites\/58\/2021\/05\/smokehouse_logo_ikonit_color-768x159.png 768w, https:\/\/satl.fi\/vaty\/wp-content\/blogs.dir\/4\/files\/sites\/58\/2021\/05\/smokehouse_logo_ikonit_color-400x83.png 400w, https:\/\/satl.fi\/vaty\/wp-content\/blogs.dir\/4\/files\/sites\/58\/2021\/05\/smokehouse_logo_ikonit_color.png 1136w\" sizes=\"auto, (max-width: 1024px) 100vw, 1024px\" \/><\/a><\/figure>\n<\/div>\n<\/div>\n\n\n\n<div class=\"wp-block-columns is-layout-flex wp-container-core-columns-is-layout-8f761849 wp-block-columns-is-layout-flex\">\n<div class=\"wp-block-column is-layout-flow wp-block-column-is-layout-flow\">\n<figure class=\"wp-block-image size-large\"><a href=\"https:\/\/www.eskonautopelti.fi\/\" target=\"_blank\" rel=\"noreferrer noopener\"><img loading=\"lazy\" decoding=\"async\" width=\"1024\" height=\"304\" src=\"https:\/\/satl.fi\/vaty\/wp-content\/blogs.dir\/4\/files\/sites\/58\/2020\/05\/eskonap-1-1024x304.jpg\" alt=\"\" class=\"wp-image-373\" srcset=\"https:\/\/satl.fi\/vaty\/wp-content\/blogs.dir\/4\/files\/sites\/58\/2020\/05\/eskonap-1-1024x304.jpg 1024w, https:\/\/satl.fi\/vaty\/wp-content\/blogs.dir\/4\/files\/sites\/58\/2020\/05\/eskonap-1-300x89.jpg 300w, https:\/\/satl.fi\/vaty\/wp-content\/blogs.dir\/4\/files\/sites\/58\/2020\/05\/eskonap-1-768x228.jpg 768w, https:\/\/satl.fi\/vaty\/wp-content\/blogs.dir\/4\/files\/sites\/58\/2020\/05\/eskonap-1-400x119.jpg 400w, https:\/\/satl.fi\/vaty\/wp-content\/blogs.dir\/4\/files\/sites\/58\/2020\/05\/eskonap-1.jpg 1393w\" sizes=\"auto, (max-width: 1024px) 100vw, 1024px\" \/><\/a><\/figure>\n<\/div>\n\n\n\n<div class=\"wp-block-column is-layout-flow wp-block-column-is-layout-flow\"><div class=\"wp-block-image is-resized\">\n<figure class=\"aligncenter size-large\"><a href=\"http:\/\/www.vitikainen.net\/\" target=\"_blank\" rel=\"noreferrer noopener\"><img loading=\"lazy\" decoding=\"async\" width=\"178\" height=\"57\" src=\"https:\/\/satl.fi\/vaty\/wp-content\/blogs.dir\/4\/files\/sites\/58\/2020\/05\/vitikainen180.jpg\" alt=\"\" class=\"wp-image-389\" \/><\/a><\/figure>\n<\/div><\/div>\n\n\n\n<div class=\"wp-block-column is-layout-flow wp-block-column-is-layout-flow\">\n<figure class=\"wp-block-image size-full\"><a href=\"https:\/\/www.facebook.com\/p\/Siilin-Biili-Oy-100093844150316\/?locale=fi_FI\" target=\"_blank\" rel=\" noreferrer noopener\"><img loading=\"lazy\" decoding=\"async\" width=\"828\" height=\"592\" src=\"https:\/\/satl.fi\/vaty\/wp-content\/blogs.dir\/4\/files\/sites\/58\/2024\/11\/Siilin_Biili_logo.jpg\" alt=\"\" class=\"wp-image-575\" srcset=\"https:\/\/satl.fi\/vaty\/wp-content\/blogs.dir\/4\/files\/sites\/58\/2024\/11\/Siilin_Biili_logo.jpg 828w, https:\/\/satl.fi\/vaty\/wp-content\/blogs.dir\/4\/files\/sites\/58\/2024\/11\/Siilin_Biili_logo-300x214.jpg 300w, https:\/\/satl.fi\/vaty\/wp-content\/blogs.dir\/4\/files\/sites\/58\/2024\/11\/Siilin_Biili_logo-768x549.jpg 768w, https:\/\/satl.fi\/vaty\/wp-content\/blogs.dir\/4\/files\/sites\/58\/2024\/11\/Siilin_Biili_logo-400x286.jpg 400w\" sizes=\"auto, (max-width: 828px) 100vw, 828px\" \/><\/a><\/figure>\n<\/div>\n<\/div>\n\n\n\n<div class=\"wp-block-columns is-layout-flex wp-container-core-columns-is-layout-8f761849 wp-block-columns-is-layout-flex\">\n<div class=\"wp-block-column is-layout-flow wp-block-column-is-layout-flow\">\n<figure class=\"wp-block-image size-full\"><a href=\"https:\/\/kstauto.com\/\" target=\"_blank\" rel=\"noreferrer noopener\"><img loading=\"lazy\" decoding=\"async\" width=\"827\" height=\"343\" src=\"https:\/\/satl.fi\/vaty\/wp-content\/blogs.dir\/4\/files\/sites\/58\/2020\/05\/kst_auto_14_edited-1.jpg\" alt=\"\" class=\"wp-image-376\" srcset=\"https:\/\/satl.fi\/vaty\/wp-content\/blogs.dir\/4\/files\/sites\/58\/2020\/05\/kst_auto_14_edited-1.jpg 827w, https:\/\/satl.fi\/vaty\/wp-content\/blogs.dir\/4\/files\/sites\/58\/2020\/05\/kst_auto_14_edited-1-300x124.jpg 300w, https:\/\/satl.fi\/vaty\/wp-content\/blogs.dir\/4\/files\/sites\/58\/2020\/05\/kst_auto_14_edited-1-768x319.jpg 768w, https:\/\/satl.fi\/vaty\/wp-content\/blogs.dir\/4\/files\/sites\/58\/2020\/05\/kst_auto_14_edited-1-400x166.jpg 400w\" sizes=\"auto, (max-width: 827px) 100vw, 827px\" \/><\/a><\/figure>\n<\/div>\n\n\n\n<div class=\"wp-block-column is-layout-flow wp-block-column-is-layout-flow\">\n<figure class=\"wp-block-image size-large\"><a href=\"https:\/\/varkaudenautomaalaamo.fi\/\" target=\"_blank\" rel=\"noreferrer noopener\"><img loading=\"lazy\" decoding=\"async\" width=\"509\" height=\"105\" src=\"https:\/\/satl.fi\/vaty\/wp-content\/blogs.dir\/4\/files\/sites\/58\/2020\/05\/Automaalaamo.jpg\" alt=\"\" class=\"wp-image-371\" srcset=\"https:\/\/satl.fi\/vaty\/wp-content\/blogs.dir\/4\/files\/sites\/58\/2020\/05\/Automaalaamo.jpg 509w, https:\/\/satl.fi\/vaty\/wp-content\/blogs.dir\/4\/files\/sites\/58\/2020\/05\/Automaalaamo-300x62.jpg 300w, https:\/\/satl.fi\/vaty\/wp-content\/blogs.dir\/4\/files\/sites\/58\/2020\/05\/Automaalaamo-400x83.jpg 400w\" sizes=\"auto, (max-width: 509px) 100vw, 509px\" \/><\/a><\/figure>\n<\/div>\n\n\n\n<div class=\"wp-block-column is-layout-flow wp-block-column-is-layout-flow\"><div class=\"wp-block-image is-resized\">\n<figure class=\"aligncenter size-large\"><a href=\"http:\/\/www.varkaudenautopalvelu.fi\/\" target=\"_blank\" rel=\"noreferrer noopener\"><img loading=\"lazy\" decoding=\"async\" width=\"178\" height=\"63\" src=\"https:\/\/satl.fi\/vaty\/wp-content\/blogs.dir\/4\/files\/sites\/58\/2020\/05\/varkaudenautopalvelu.jpg\" alt=\"\" class=\"wp-image-385\" \/><\/a><\/figure>\n<\/div><\/div>\n<\/div>\n\n\n\n<div class=\"wp-block-columns is-layout-flex wp-container-core-columns-is-layout-8f761849 wp-block-columns-is-layout-flex\">\n<div class=\"wp-block-column is-layout-flow wp-block-column-is-layout-flow\">\n<figure class=\"wp-block-image size-full\"><a href=\"https:\/\/www.osamyyntiaf.fi\/\" target=\"_blank\" rel=\"noreferrer noopener\"><img loading=\"lazy\" decoding=\"async\" width=\"945\" height=\"287\" src=\"https:\/\/satl.fi\/vaty\/wp-content\/blogs.dir\/4\/files\/sites\/58\/2020\/05\/osamAF.jpg\" alt=\"\" class=\"wp-image-380\" srcset=\"https:\/\/satl.fi\/vaty\/wp-content\/blogs.dir\/4\/files\/sites\/58\/2020\/05\/osamAF.jpg 945w, https:\/\/satl.fi\/vaty\/wp-content\/blogs.dir\/4\/files\/sites\/58\/2020\/05\/osamAF-300x91.jpg 300w, https:\/\/satl.fi\/vaty\/wp-content\/blogs.dir\/4\/files\/sites\/58\/2020\/05\/osamAF-768x233.jpg 768w, https:\/\/satl.fi\/vaty\/wp-content\/blogs.dir\/4\/files\/sites\/58\/2020\/05\/osamAF-400x121.jpg 400w\" sizes=\"auto, (max-width: 945px) 100vw, 945px\" \/><\/a><\/figure>\n<\/div>\n\n\n\n<div class=\"wp-block-column is-layout-flow wp-block-column-is-layout-flow\">\n<figure class=\"wp-block-image size-large\"><a href=\"https:\/\/www.autojeni.fi\/\" target=\"_blank\" rel=\"noreferrer noopener\"><img loading=\"lazy\" decoding=\"async\" width=\"350\" height=\"89\" src=\"https:\/\/satl.fi\/vaty\/wp-content\/blogs.dir\/4\/files\/sites\/58\/2020\/05\/autojeniuus.png\" alt=\"\" class=\"wp-image-370\" srcset=\"https:\/\/satl.fi\/vaty\/wp-content\/blogs.dir\/4\/files\/sites\/58\/2020\/05\/autojeniuus.png 350w, https:\/\/satl.fi\/vaty\/wp-content\/blogs.dir\/4\/files\/sites\/58\/2020\/05\/autojeniuus-300x76.png 300w\" sizes=\"auto, (max-width: 350px) 100vw, 350px\" \/><\/a><\/figure>\n<\/div>\n\n\n\n<div class=\"wp-block-column is-layout-flow wp-block-column-is-layout-flow\">\n<figure class=\"wp-block-image size-large is-resized\"><a href=\"https:\/\/atosa.fi\/\" target=\"_blank\" rel=\"noreferrer noopener\"><img loading=\"lazy\" decoding=\"async\" width=\"665\" height=\"262\" src=\"https:\/\/satl.fi\/vaty\/wp-content\/blogs.dir\/4\/files\/sites\/58\/2020\/05\/atosa.png\" alt=\"\" class=\"wp-image-369\" srcset=\"https:\/\/satl.fi\/vaty\/wp-content\/blogs.dir\/4\/files\/sites\/58\/2020\/05\/atosa.png 665w, https:\/\/satl.fi\/vaty\/wp-content\/blogs.dir\/4\/files\/sites\/58\/2020\/05\/atosa-300x118.png 300w, https:\/\/satl.fi\/vaty\/wp-content\/blogs.dir\/4\/files\/sites\/58\/2020\/05\/atosa-400x158.png 400w\" sizes=\"auto, (max-width: 665px) 100vw, 665px\" \/><\/a><\/figure>\n<\/div>\n<\/div>\n\n\n\n<div class=\"wp-block-columns is-layout-flex wp-container-core-columns-is-layout-8f761849 wp-block-columns-is-layout-flex\">\n<div class=\"wp-block-column is-layout-flow wp-block-column-is-layout-flow\"><\/div>\n\n\n\n<div class=\"wp-block-column is-layout-flow wp-block-column-is-layout-flow\">\n<figure class=\"wp-block-image size-full\"><a href=\"https:\/\/www.automaalaamoparviainen.com\/\" target=\"_blank\" rel=\" noreferrer noopener\"><img loading=\"lazy\" decoding=\"async\" width=\"977\" height=\"506\" src=\"https:\/\/satl.fi\/vaty\/wp-content\/blogs.dir\/4\/files\/sites\/58\/2026\/03\/maalaamoparviainen.jpg\" alt=\"\" class=\"wp-image-613\" srcset=\"https:\/\/satl.fi\/vaty\/wp-content\/blogs.dir\/4\/files\/sites\/58\/2026\/03\/maalaamoparviainen.jpg 977w, https:\/\/satl.fi\/vaty\/wp-content\/blogs.dir\/4\/files\/sites\/58\/2026\/03\/maalaamoparviainen-300x155.jpg 300w, https:\/\/satl.fi\/vaty\/wp-content\/blogs.dir\/4\/files\/sites\/58\/2026\/03\/maalaamoparviainen-768x398.jpg 768w, https:\/\/satl.fi\/vaty\/wp-content\/blogs.dir\/4\/files\/sites\/58\/2026\/03\/maalaamoparviainen-400x207.jpg 400w\" sizes=\"auto, (max-width: 977px) 100vw, 977px\" \/><\/a><\/figure>\n<\/div>\n\n\n\n<div class=\"wp-block-column is-layout-flow wp-block-column-is-layout-flow\"><\/div>\n<\/div>\n\n\n\n<div class=\"wp-block-columns is-layout-flex wp-container-core-columns-is-layout-8f761849 wp-block-columns-is-layout-flex\"><\/div>\n\n\n\n<div class=\"wp-block-columns is-layout-flex wp-container-core-columns-is-layout-8f761849 wp-block-columns-is-layout-flex\"><\/div>\n\n\n\n<div id=\"news-block_d8722f488444dcf3d5759d1b53b21675\" class=\" news-posts-block margin-top-4\">\n\n\t<div class=\"grid-x\">\n\t\t<div class=\"cell small-12\">\n\n\t\t\t<h2 class=\"arrowed absoluted\">\n\t\t\t\t<a href=\"https:\/\/satl.fi\/vaty\/ajankohtaista\/\">\n\t\t\t\tAjankohtaista<\/a><\/h2>\n\n\t\t\t<ul class=\"tabs\" data-tabs id=\"news-tabs\">\n\t\t\t\t<li class=\"tabs-title is-active\"><a href=\"#panel1\" aria-selected=\"true\">Kaikki<\/a><\/li>\n\t\t\t\t<li class=\"tabs-title\"><a data-tabs-target=\"panel2\" href=\"#panel2\">Uutiset<\/a><\/li>\n\t\t\t\t<li class=\"tabs-title\"><a data-tabs-target=\"panel3\" href=\"#panel3\">\n\n\t\t\t\t\t\t\t\t\t\t\tTapahtumat\n\t\t\t\t\t\n\t\t\t\t<\/a><\/li>\n\t\t\t<\/ul>\n\n\t\t\t<div class=\"tabs-content\" data-tabs-content=\"news-tabs\">\n\n\t\t\t\t<div class=\"tabs-panel is-active\" id=\"panel1\">\n\t\t\t\t<div class=\"tabs-panel-inside wide-50\">\n\t\t\t\t\t\n\t\t\t\t\t\n\t\t\t\t\t\t\n\n\n<article class=\"listing-item post-638 satl_article type-satl_article status-publish hentry satl_article_category-tapahtumat\">\n\n\n<div class=\"listing-thumbnail\">\n\t<img decoding=\"async\" src=\"https:\/\/satl.fi\/vaty\/wp-content\/themes\/satl\/dist\/assets\/img\/placeholder_thumbnail.jpg );\"\/>\n<\/div>\n\n\n\n<div class=\"post-info\">\n\t<h3 class=\"two_lines\">Vierailu Stora Ensolle Varkauteen 28.5.2026<\/h3>\n\n\t\n\t\t\t<p>Hei kaikki yhdistyksemme j\u00e4senet! P\u00e4\u00e4semme vierailemaan Varkauden Stora Enson tehtaalle torstaina 28.5.2026 klo. 17.00 alkaen, kesto noin 1,5 h. Kaikkien&#8230;<\/p>\n\t\t<div class=\"post-meta\">\n\t\t\t<span class=\"posted-on\"><time class=\"entry-date published updated\" datetime=\"%1$s\">16.5.2026<\/time><\/span>\t\t\t<ul><li><a href=\"https:\/\/satl.fi\/vaty\/ajankohtaista-kategoria\/tapahtumat\/\">Tapahtumat<\/a><\/li><\/ul>\t\t<\/div>\n\t\n\t\n\t\n<\/div>\n<a class=\"wrap-link\" href=\"https:\/\/satl.fi\/vaty\/ajankohtaista\/vierailu-stora-ensolle-varkauteen-28-5-2026\/\" rel=\"bookmark\"><span class=\"screen-reader-text\">Vierailu Stora Ensolle Varkauteen 28.5.2026<\/span><\/a>\n<\/article>\n\n\t\t\t\t\t\n\t\t\t\t\t\t\n\n\n<article class=\"listing-item post-609 satl_article type-satl_article status-publish has-post-thumbnail hentry satl_article_category-tapahtumat\">\n\n<div class=\"listing-thumbnail\">\n\t<img loading=\"lazy\" decoding=\"async\" width=\"640\" height=\"640\" src=\"https:\/\/satl.fi\/vaty\/wp-content\/blogs.dir\/4\/files\/sites\/58\/2026\/03\/igrishkoff-fishing-752584_1920-640x640.jpg\" class=\"attachment-medium-square size-medium-square wp-post-image\" alt=\"Pilkkikisat 14.3.2026\" srcset=\"https:\/\/satl.fi\/vaty\/wp-content\/blogs.dir\/4\/files\/sites\/58\/2026\/03\/igrishkoff-fishing-752584_1920-640x640.jpg 640w, https:\/\/satl.fi\/vaty\/wp-content\/blogs.dir\/4\/files\/sites\/58\/2026\/03\/igrishkoff-fishing-752584_1920-150x150.jpg 150w, https:\/\/satl.fi\/vaty\/wp-content\/blogs.dir\/4\/files\/sites\/58\/2026\/03\/igrishkoff-fishing-752584_1920-1024x1024.jpg 1024w\" sizes=\"auto, (max-width: 640px) 100vw, 640px\" \/><\/div>\n\n\n<div class=\"post-info\">\n\t<h3 class=\"two_lines\">Pilkkikisat 14.3.2026<\/h3>\n\n\t\n\t\t\t<p>Kutsumme j\u00e4senemme perinteisiin pilkkikilpailuihin Varkauden Kuorma-autoilijoita vastaan lauantaina 14.3.2026. Kokoonnumme klo. 8.00 Varkauden keskusliikenneasemalle aseman parkkialueelle, josta siirrymme kimppakyydeill\u00e4 eritt\u00e4in&#8230;<\/p>\n\t\t<div class=\"post-meta\">\n\t\t\t<span class=\"posted-on\"><time class=\"entry-date published updated\" datetime=\"%1$s\">6.3.2026<\/time><\/span>\t\t\t<ul><li><a href=\"https:\/\/satl.fi\/vaty\/ajankohtaista-kategoria\/tapahtumat\/\">Tapahtumat<\/a><\/li><\/ul>\t\t<\/div>\n\t\n\t\n\t\n<\/div>\n<a class=\"wrap-link\" href=\"https:\/\/satl.fi\/vaty\/ajankohtaista\/pilkkikisat-14-3-2026\/\" rel=\"bookmark\"><span class=\"screen-reader-text\">Pilkkikisat 14.3.2026<\/span><\/a>\n<\/article>\n\n\t\t\t\t\t\n\t\t\t\t\t\t\n\n\n<article class=\"listing-item post-607 satl_article type-satl_article status-publish hentry satl_article_category-tapahtumat\">\n\n\n<div class=\"listing-thumbnail\">\n\t<img decoding=\"async\" src=\"https:\/\/satl.fi\/vaty\/wp-content\/themes\/satl\/dist\/assets\/img\/placeholder_thumbnail.jpg );\"\/>\n<\/div>\n\n\n\n<div class=\"post-info\">\n\t<h3 class=\"two_lines\">Vuosikokous 19.2.2026<\/h3>\n\n\t\n\t\t\t<p>Hei, yhdistyksemme vuosikokous j\u00e4rjestet\u00e4\u00e4n torstaina 19.2.2026 klo. 17.00 alkaen Varkauden ABC-aseman kabinetissa. Osoite on K\u00e4pykankaantie 8, 78850 Varkaus. K\u00e4sittelemme s\u00e4\u00e4nt\u00f6jen&#8230;<\/p>\n\t\t<div class=\"post-meta\">\n\t\t\t<span class=\"posted-on\"><time class=\"entry-date published updated\" datetime=\"%1$s\">31.1.2026<\/time><\/span>\t\t\t<ul><li><a href=\"https:\/\/satl.fi\/vaty\/ajankohtaista-kategoria\/tapahtumat\/\">Tapahtumat<\/a><\/li><\/ul>\t\t<\/div>\n\t\n\t\n\t\n<\/div>\n<a class=\"wrap-link\" href=\"https:\/\/satl.fi\/vaty\/ajankohtaista\/vuosikokous-19-2-2026\/\" rel=\"bookmark\"><span class=\"screen-reader-text\">Vuosikokous 19.2.2026<\/span><\/a>\n<\/article>\n\n\t\t\t\t\t\n\t\t\t\t\t\t\n\n\n<article class=\"listing-item post-605 satl_article type-satl_article status-publish has-post-thumbnail hentry satl_article_category-uutiset\">\n\n<div class=\"listing-thumbnail\">\n\t<img loading=\"lazy\" decoding=\"async\" width=\"640\" height=\"640\" src=\"https:\/\/satl.fi\/vaty\/wp-content\/blogs.dir\/4\/files\/sites\/58\/2025\/12\/gifts-5815004_1920-640x640.jpg\" class=\"attachment-medium-square size-medium-square wp-post-image\" alt=\"Hyv\u00e4\u00e4 Joulua ja Onnellista Uutta Vuotta 2026!\" srcset=\"https:\/\/satl.fi\/vaty\/wp-content\/blogs.dir\/4\/files\/sites\/58\/2025\/12\/gifts-5815004_1920-640x640.jpg 640w, https:\/\/satl.fi\/vaty\/wp-content\/blogs.dir\/4\/files\/sites\/58\/2025\/12\/gifts-5815004_1920-150x150.jpg 150w, https:\/\/satl.fi\/vaty\/wp-content\/blogs.dir\/4\/files\/sites\/58\/2025\/12\/gifts-5815004_1920-1024x1024.jpg 1024w\" sizes=\"auto, (max-width: 640px) 100vw, 640px\" \/><\/div>\n\n\n<div class=\"post-info\">\n\t<h3 class=\"two_lines\">Hyv\u00e4\u00e4 Joulua ja Onnellista Uutta&#8230;<\/h3>\n\n\t\n\t\t\t<p>Toivottaa Varkauden Autoteknillisen Yhdistyksen hallitus<\/p>\n\t\t<div class=\"post-meta\">\n\t\t\t<span class=\"posted-on\"><time class=\"entry-date published updated\" datetime=\"%1$s\">23.12.2025<\/time><\/span>\t\t\t<ul><li><a href=\"https:\/\/satl.fi\/vaty\/ajankohtaista-kategoria\/uutiset\/\">Uutiset<\/a><\/li><\/ul>\t\t<\/div>\n\t\n\t\n\t\n<\/div>\n<a class=\"wrap-link\" href=\"https:\/\/satl.fi\/vaty\/ajankohtaista\/hyvaa-joulua-ja-onnellista-uutta-vuotta-2026\/\" rel=\"bookmark\"><span class=\"screen-reader-text\">Hyv\u00e4\u00e4 Joulua ja Onnellista Uutta Vuotta 2026!<\/span><\/a>\n<\/article>\n\n\t\t\t\t\t\n\t\t\t\t\t\t\n\n\n<article class=\"listing-item post-601 satl_article type-satl_article status-publish hentry satl_article_category-tapahtumat\">\n\n\n<div class=\"listing-thumbnail\">\n\t<img decoding=\"async\" src=\"https:\/\/satl.fi\/vaty\/wp-content\/themes\/satl\/dist\/assets\/img\/placeholder_thumbnail.jpg );\"\/>\n<\/div>\n\n\n\n<div class=\"post-info\">\n\t<h3 class=\"two_lines\">Pikkujoulut 12.12.2025<\/h3>\n\n\t\n\t\t\t<p>Hei VATY:n j\u00e4sen, Tervetuloa viett\u00e4m\u00e4\u00e4n pikkujoulua perjantaina 12.12.2025 yhdess\u00e4 muiden yhdistyksemme j\u00e4senten ja aveceiden kanssa. Ohjelmassa on: Hinta j\u00e4senille 10&#8230;<\/p>\n\t\t<div class=\"post-meta\">\n\t\t\t<span class=\"posted-on\"><time class=\"entry-date published updated\" datetime=\"%1$s\">17.11.2025<\/time><\/span>\t\t\t<ul><li><a href=\"https:\/\/satl.fi\/vaty\/ajankohtaista-kategoria\/tapahtumat\/\">Tapahtumat<\/a><\/li><\/ul>\t\t<\/div>\n\t\n\t\n\t\n<\/div>\n<a class=\"wrap-link\" href=\"https:\/\/satl.fi\/vaty\/ajankohtaista\/pikkujoulut-12-12-2025\/\" rel=\"bookmark\"><span class=\"screen-reader-text\">Pikkujoulut 12.12.2025<\/span><\/a>\n<\/article>\n\n\t\t\t\t\t\n\t\t\t\t\t\t\n\n\n<article class=\"listing-item post-598 satl_article type-satl_article status-publish hentry satl_article_category-uutiset\">\n\n\n<div class=\"listing-thumbnail\">\n\t<img decoding=\"async\" src=\"https:\/\/satl.fi\/vaty\/wp-content\/themes\/satl\/dist\/assets\/img\/placeholder_thumbnail.jpg );\"\/>\n<\/div>\n\n\n\n<div class=\"post-info\">\n\t<h3 class=\"two_lines\">Ideoita syksyn toimintaan-kerro toiveesi<\/h3>\n\n\t\n\t\t\t<p>Syksy tuo tullessaan uusia mahdollisuuksia yhteiseen tekemiseen, ja haluamme kuulla j\u00e4senilt\u00e4mme, millaista toimintaa toivotte tulevalle kaudelle. Onko mieless\u00e4si jokin kiinnostava&#8230;<\/p>\n\t\t<div class=\"post-meta\">\n\t\t\t<span class=\"posted-on\"><time class=\"entry-date published updated\" datetime=\"%1$s\">2.11.2025<\/time><\/span>\t\t\t<ul><li><a href=\"https:\/\/satl.fi\/vaty\/ajankohtaista-kategoria\/uutiset\/\">Uutiset<\/a><\/li><\/ul>\t\t<\/div>\n\t\n\t\n\t\n<\/div>\n<a class=\"wrap-link\" href=\"https:\/\/satl.fi\/vaty\/ajankohtaista\/ideoita-syksyn-toimintaan-kerro-toiveesi\/\" rel=\"bookmark\"><span class=\"screen-reader-text\">Ideoita syksyn toimintaan-kerro toiveesi<\/span><\/a>\n<\/article>\n\n\t\t\t\t\t\t\t\t\t\t\t\t\t\t<\/div>\n\t\t\t\t<\/div>\n\n\t\t\t\t<div class=\"tabs-panel\" id=\"panel2\">\n\t\t\t\t\t<div class=\"tabs-panel-inside wide-50\">\n\t\t\t\t\t\n\t\t\t\t\t\n\t\t\t\t\t\t\n\n\n<article class=\"listing-item post-605 satl_article type-satl_article status-publish has-post-thumbnail hentry satl_article_category-uutiset\">\n\n<div class=\"listing-thumbnail\">\n\t<img loading=\"lazy\" decoding=\"async\" width=\"640\" height=\"640\" src=\"https:\/\/satl.fi\/vaty\/wp-content\/blogs.dir\/4\/files\/sites\/58\/2025\/12\/gifts-5815004_1920-640x640.jpg\" class=\"attachment-medium-square size-medium-square wp-post-image\" alt=\"Hyv\u00e4\u00e4 Joulua ja Onnellista Uutta Vuotta 2026!\" srcset=\"https:\/\/satl.fi\/vaty\/wp-content\/blogs.dir\/4\/files\/sites\/58\/2025\/12\/gifts-5815004_1920-640x640.jpg 640w, https:\/\/satl.fi\/vaty\/wp-content\/blogs.dir\/4\/files\/sites\/58\/2025\/12\/gifts-5815004_1920-150x150.jpg 150w, https:\/\/satl.fi\/vaty\/wp-content\/blogs.dir\/4\/files\/sites\/58\/2025\/12\/gifts-5815004_1920-1024x1024.jpg 1024w\" sizes=\"auto, (max-width: 640px) 100vw, 640px\" \/><\/div>\n\n\n<div class=\"post-info\">\n\t<h3 class=\"two_lines\">Hyv\u00e4\u00e4 Joulua ja Onnellista Uutta&#8230;<\/h3>\n\n\t\n\t\t\t<p>Toivottaa Varkauden Autoteknillisen Yhdistyksen hallitus<\/p>\n\t\t<div class=\"post-meta\">\n\t\t\t<span class=\"posted-on\"><time class=\"entry-date published updated\" datetime=\"%1$s\">23.12.2025<\/time><\/span>\t\t\t<ul><li><a href=\"https:\/\/satl.fi\/vaty\/ajankohtaista-kategoria\/uutiset\/\">Uutiset<\/a><\/li><\/ul>\t\t<\/div>\n\t\n\t\n\t\n<\/div>\n<a class=\"wrap-link\" href=\"https:\/\/satl.fi\/vaty\/ajankohtaista\/hyvaa-joulua-ja-onnellista-uutta-vuotta-2026\/\" rel=\"bookmark\"><span class=\"screen-reader-text\">Hyv\u00e4\u00e4 Joulua ja Onnellista Uutta Vuotta 2026!<\/span><\/a>\n<\/article>\n\n\t\t\t\t\t\n\t\t\t\t\t\t\n\n\n<article class=\"listing-item post-598 satl_article type-satl_article status-publish hentry satl_article_category-uutiset\">\n\n\n<div class=\"listing-thumbnail\">\n\t<img decoding=\"async\" src=\"https:\/\/satl.fi\/vaty\/wp-content\/themes\/satl\/dist\/assets\/img\/placeholder_thumbnail.jpg );\"\/>\n<\/div>\n\n\n\n<div class=\"post-info\">\n\t<h3 class=\"two_lines\">Ideoita syksyn toimintaan-kerro toiveesi<\/h3>\n\n\t\n\t\t\t<p>Syksy tuo tullessaan uusia mahdollisuuksia yhteiseen tekemiseen, ja haluamme kuulla j\u00e4senilt\u00e4mme, millaista toimintaa toivotte tulevalle kaudelle. Onko mieless\u00e4si jokin kiinnostava&#8230;<\/p>\n\t\t<div class=\"post-meta\">\n\t\t\t<span class=\"posted-on\"><time class=\"entry-date published updated\" datetime=\"%1$s\">2.11.2025<\/time><\/span>\t\t\t<ul><li><a href=\"https:\/\/satl.fi\/vaty\/ajankohtaista-kategoria\/uutiset\/\">Uutiset<\/a><\/li><\/ul>\t\t<\/div>\n\t\n\t\n\t\n<\/div>\n<a class=\"wrap-link\" href=\"https:\/\/satl.fi\/vaty\/ajankohtaista\/ideoita-syksyn-toimintaan-kerro-toiveesi\/\" rel=\"bookmark\"><span class=\"screen-reader-text\">Ideoita syksyn toimintaan-kerro toiveesi<\/span><\/a>\n<\/article>\n\n\t\t\t\t\t\n\t\t\t\t\t\t\n\n\n<article class=\"listing-item post-582 satl_article type-satl_article status-publish has-post-thumbnail hentry satl_article_category-uutiset\">\n\n<div class=\"listing-thumbnail\">\n\t<img loading=\"lazy\" decoding=\"async\" width=\"640\" height=\"640\" src=\"https:\/\/satl.fi\/vaty\/wp-content\/blogs.dir\/4\/files\/sites\/58\/2023\/12\/20231220_210155-640x640.jpg\" class=\"attachment-medium-square size-medium-square wp-post-image\" alt=\"Hyv\u00e4\u00e4 Joulua ja Onnellista Uutta Vuotta 2025!\" srcset=\"https:\/\/satl.fi\/vaty\/wp-content\/blogs.dir\/4\/files\/sites\/58\/2023\/12\/20231220_210155-640x640.jpg 640w, https:\/\/satl.fi\/vaty\/wp-content\/blogs.dir\/4\/files\/sites\/58\/2023\/12\/20231220_210155-150x150.jpg 150w, https:\/\/satl.fi\/vaty\/wp-content\/blogs.dir\/4\/files\/sites\/58\/2023\/12\/20231220_210155-1024x1024.jpg 1024w\" sizes=\"auto, (max-width: 640px) 100vw, 640px\" \/><\/div>\n\n\n<div class=\"post-info\">\n\t<h3 class=\"two_lines\">Hyv\u00e4\u00e4 Joulua ja Onnellista Uutta&#8230;<\/h3>\n\n\t\n\t\t\t<p>Toivottaa VATY Hallitus<\/p>\n\t\t<div class=\"post-meta\">\n\t\t\t<span class=\"posted-on\"><time class=\"entry-date published updated\" datetime=\"%1$s\">24.12.2024<\/time><\/span>\t\t\t<ul><li><a href=\"https:\/\/satl.fi\/vaty\/ajankohtaista-kategoria\/uutiset\/\">Uutiset<\/a><\/li><\/ul>\t\t<\/div>\n\t\n\t\n\t\n<\/div>\n<a class=\"wrap-link\" href=\"https:\/\/satl.fi\/vaty\/ajankohtaista\/hyvaa-joulua-ja-onnellista-uutta-vuotta-2025\/\" rel=\"bookmark\"><span class=\"screen-reader-text\">Hyv\u00e4\u00e4 Joulua ja Onnellista Uutta Vuotta 2025!<\/span><\/a>\n<\/article>\n\n\t\t\t\t\t\n\t\t\t\t\t\t\n\n\n<article class=\"listing-item post-566 satl_article type-satl_article status-publish hentry satl_article_category-uutiset\">\n\n\n<div class=\"listing-thumbnail\">\n\t<img decoding=\"async\" src=\"https:\/\/satl.fi\/vaty\/wp-content\/themes\/satl\/dist\/assets\/img\/placeholder_thumbnail.jpg );\"\/>\n<\/div>\n\n\n\n<div class=\"post-info\">\n\t<h3 class=\"two_lines\">Mahdollisuus vierailulle Panssarimuseoon<\/h3>\n\n\t\n\t\t\t<p>Kuopion Autoteknillinen Yhdistys suunnittelee vierailua Parolan Panssarimuseoon alustavasti 29.6.2024. T\u00e4ll\u00e4 hetkell\u00e4 tarkempaa tietoa mm. kustannuksista ei ole, moni asia riippuu&#8230;<\/p>\n\t\t<div class=\"post-meta\">\n\t\t\t<span class=\"posted-on\"><time class=\"entry-date published updated\" datetime=\"%1$s\">10.5.2024<\/time><\/span>\t\t\t<ul><li><a href=\"https:\/\/satl.fi\/vaty\/ajankohtaista-kategoria\/uutiset\/\">Uutiset<\/a><\/li><\/ul>\t\t<\/div>\n\t\n\t\n\t\n<\/div>\n<a class=\"wrap-link\" href=\"https:\/\/satl.fi\/vaty\/ajankohtaista\/mahdollisuus-vierailulle-panssarimuseoon\/\" rel=\"bookmark\"><span class=\"screen-reader-text\">Mahdollisuus vierailulle Panssarimuseoon<\/span><\/a>\n<\/article>\n\n\t\t\t\t\t\n\t\t\t\t\t\t\n\n\n<article class=\"listing-item post-544 satl_article type-satl_article status-publish has-post-thumbnail hentry satl_article_category-uutiset\">\n\n<div class=\"listing-thumbnail\">\n\t<img loading=\"lazy\" decoding=\"async\" width=\"640\" height=\"640\" src=\"https:\/\/satl.fi\/vaty\/wp-content\/blogs.dir\/4\/files\/sites\/58\/2023\/12\/20231220_210155-640x640.jpg\" class=\"attachment-medium-square size-medium-square wp-post-image\" alt=\"Hyv\u00e4\u00e4 Joulua ja Onnellista Uutta Vuotta 2024!\" srcset=\"https:\/\/satl.fi\/vaty\/wp-content\/blogs.dir\/4\/files\/sites\/58\/2023\/12\/20231220_210155-640x640.jpg 640w, https:\/\/satl.fi\/vaty\/wp-content\/blogs.dir\/4\/files\/sites\/58\/2023\/12\/20231220_210155-150x150.jpg 150w, https:\/\/satl.fi\/vaty\/wp-content\/blogs.dir\/4\/files\/sites\/58\/2023\/12\/20231220_210155-1024x1024.jpg 1024w\" sizes=\"auto, (max-width: 640px) 100vw, 640px\" \/><\/div>\n\n\n<div class=\"post-info\">\n\t<h3 class=\"two_lines\">Hyv\u00e4\u00e4 Joulua ja Onnellista Uutta&#8230;<\/h3>\n\n\t\n\t\t\t<p>Toivottaa Vaty Hallitus<\/p>\n\t\t<div class=\"post-meta\">\n\t\t\t<span class=\"posted-on\"><time class=\"entry-date published updated\" datetime=\"%1$s\">24.12.2023<\/time><\/span>\t\t\t<ul><li><a href=\"https:\/\/satl.fi\/vaty\/ajankohtaista-kategoria\/uutiset\/\">Uutiset<\/a><\/li><\/ul>\t\t<\/div>\n\t\n\t\n\t\n<\/div>\n<a class=\"wrap-link\" href=\"https:\/\/satl.fi\/vaty\/ajankohtaista\/hyvaa-joulua-ja-onnellista-uutta-vuotta-2024\/\" rel=\"bookmark\"><span class=\"screen-reader-text\">Hyv\u00e4\u00e4 Joulua ja Onnellista Uutta Vuotta 2024!<\/span><\/a>\n<\/article>\n\n\t\t\t\t\t\n\t\t\t\t\t\t\n\n\n<article class=\"listing-item post-536 satl_article type-satl_article status-publish hentry satl_article_category-tapahtumat satl_article_category-uutiset\">\n\n\n<div class=\"listing-thumbnail\">\n\t<img decoding=\"async\" src=\"https:\/\/satl.fi\/vaty\/wp-content\/themes\/satl\/dist\/assets\/img\/placeholder_thumbnail.jpg );\"\/>\n<\/div>\n\n\n\n<div class=\"post-info\">\n\t<h3 class=\"two_lines\">Kuopion yhdistyksen syysopintomatka<\/h3>\n\n\t\n\t\t\t<p>KATY Hei, Yhteinen Syysopintoretkemme suuntautuu t\u00e4ll\u00e4 kertaa Ruotsin G\u00f6teborgiinja Volvolle (tehdas &amp; museo).Tehdaskierros tehd\u00e4\u00e4n junalla ja museoon saamme tutustua rauhassa&#8230;<\/p>\n\t\t<div class=\"post-meta\">\n\t\t\t<span class=\"posted-on\"><time class=\"entry-date published updated\" datetime=\"%1$s\">7.9.2023<\/time><\/span>\t\t\t<ul><li><a href=\"https:\/\/satl.fi\/vaty\/ajankohtaista-kategoria\/tapahtumat\/\">Tapahtumat<\/a><\/li><li><a href=\"https:\/\/satl.fi\/vaty\/ajankohtaista-kategoria\/uutiset\/\">Uutiset<\/a><\/li><\/ul>\t\t<\/div>\n\t\n\t\n\t\n<\/div>\n<a class=\"wrap-link\" href=\"https:\/\/satl.fi\/vaty\/ajankohtaista\/kuopion-yhdistyksen-syysopintomatka\/\" rel=\"bookmark\"><span class=\"screen-reader-text\">Kuopion yhdistyksen syysopintomatka<\/span><\/a>\n<\/article>\n\n\t\t\t\t\t\t\t\t\t\t\t\t\t\t\t<\/div>\n\t\t\t\t<\/div>\n\n\n\t\t\t\t<div class=\"tabs-panel\" id=\"panel3\">\n\t\t\t\t\t<div class=\"tabs-panel-inside wide-50\">\n\n\t\t\t\t\t\n\t\t\t\t\t\n\t\t\t\t\t\n\n\t\t\t\t\t\n\t\t\t\t\t\n\t\t\t\t\t\t\n\n\n<article class=\"listing-item post-638 satl_article type-satl_article status-publish hentry satl_article_category-tapahtumat\">\n\n\n<div class=\"listing-thumbnail\">\n\t<img decoding=\"async\" src=\"https:\/\/satl.fi\/vaty\/wp-content\/themes\/satl\/dist\/assets\/img\/placeholder_thumbnail.jpg );\"\/>\n<\/div>\n\n\n\n<div class=\"post-info\">\n\t<h3 class=\"two_lines\">Vierailu Stora Ensolle Varkauteen 28.5.2026<\/h3>\n\n\t\n\t\t\t<p>Hei kaikki yhdistyksemme j\u00e4senet! P\u00e4\u00e4semme vierailemaan Varkauden Stora Enson tehtaalle torstaina 28.5.2026 klo. 17.00 alkaen, kesto noin 1,5 h. Kaikkien&#8230;<\/p>\n\t\t<div class=\"post-meta\">\n\t\t\t<span class=\"posted-on\"><time class=\"entry-date published updated\" datetime=\"%1$s\">16.5.2026<\/time><\/span>\t\t\t<ul><li><a href=\"https:\/\/satl.fi\/vaty\/ajankohtaista-kategoria\/tapahtumat\/\">Tapahtumat<\/a><\/li><\/ul>\t\t<\/div>\n\t\n\t\n\t\n<\/div>\n<a class=\"wrap-link\" href=\"https:\/\/satl.fi\/vaty\/ajankohtaista\/vierailu-stora-ensolle-varkauteen-28-5-2026\/\" rel=\"bookmark\"><span class=\"screen-reader-text\">Vierailu Stora Ensolle Varkauteen 28.5.2026<\/span><\/a>\n<\/article>\n\n\t\t\t\t\t\n\t\t\t\t\t\t\n\n\n<article class=\"listing-item post-609 satl_article type-satl_article status-publish has-post-thumbnail hentry satl_article_category-tapahtumat\">\n\n<div class=\"listing-thumbnail\">\n\t<img loading=\"lazy\" decoding=\"async\" width=\"640\" height=\"640\" src=\"https:\/\/satl.fi\/vaty\/wp-content\/blogs.dir\/4\/files\/sites\/58\/2026\/03\/igrishkoff-fishing-752584_1920-640x640.jpg\" class=\"attachment-medium-square size-medium-square wp-post-image\" alt=\"Pilkkikisat 14.3.2026\" srcset=\"https:\/\/satl.fi\/vaty\/wp-content\/blogs.dir\/4\/files\/sites\/58\/2026\/03\/igrishkoff-fishing-752584_1920-640x640.jpg 640w, https:\/\/satl.fi\/vaty\/wp-content\/blogs.dir\/4\/files\/sites\/58\/2026\/03\/igrishkoff-fishing-752584_1920-150x150.jpg 150w, https:\/\/satl.fi\/vaty\/wp-content\/blogs.dir\/4\/files\/sites\/58\/2026\/03\/igrishkoff-fishing-752584_1920-1024x1024.jpg 1024w\" sizes=\"auto, (max-width: 640px) 100vw, 640px\" \/><\/div>\n\n\n<div class=\"post-info\">\n\t<h3 class=\"two_lines\">Pilkkikisat 14.3.2026<\/h3>\n\n\t\n\t\t\t<p>Kutsumme j\u00e4senemme perinteisiin pilkkikilpailuihin Varkauden Kuorma-autoilijoita vastaan lauantaina 14.3.2026. Kokoonnumme klo. 8.00 Varkauden keskusliikenneasemalle aseman parkkialueelle, josta siirrymme kimppakyydeill\u00e4 eritt\u00e4in&#8230;<\/p>\n\t\t<div class=\"post-meta\">\n\t\t\t<span class=\"posted-on\"><time class=\"entry-date published updated\" datetime=\"%1$s\">6.3.2026<\/time><\/span>\t\t\t<ul><li><a href=\"https:\/\/satl.fi\/vaty\/ajankohtaista-kategoria\/tapahtumat\/\">Tapahtumat<\/a><\/li><\/ul>\t\t<\/div>\n\t\n\t\n\t\n<\/div>\n<a class=\"wrap-link\" href=\"https:\/\/satl.fi\/vaty\/ajankohtaista\/pilkkikisat-14-3-2026\/\" rel=\"bookmark\"><span class=\"screen-reader-text\">Pilkkikisat 14.3.2026<\/span><\/a>\n<\/article>\n\n\t\t\t\t\t\n\t\t\t\t\t\t\n\n\n<article class=\"listing-item post-607 satl_article type-satl_article status-publish hentry satl_article_category-tapahtumat\">\n\n\n<div class=\"listing-thumbnail\">\n\t<img decoding=\"async\" src=\"https:\/\/satl.fi\/vaty\/wp-content\/themes\/satl\/dist\/assets\/img\/placeholder_thumbnail.jpg );\"\/>\n<\/div>\n\n\n\n<div class=\"post-info\">\n\t<h3 class=\"two_lines\">Vuosikokous 19.2.2026<\/h3>\n\n\t\n\t\t\t<p>Hei, yhdistyksemme vuosikokous j\u00e4rjestet\u00e4\u00e4n torstaina 19.2.2026 klo. 17.00 alkaen Varkauden ABC-aseman kabinetissa. Osoite on K\u00e4pykankaantie 8, 78850 Varkaus. K\u00e4sittelemme s\u00e4\u00e4nt\u00f6jen&#8230;<\/p>\n\t\t<div class=\"post-meta\">\n\t\t\t<span class=\"posted-on\"><time class=\"entry-date published updated\" datetime=\"%1$s\">31.1.2026<\/time><\/span>\t\t\t<ul><li><a href=\"https:\/\/satl.fi\/vaty\/ajankohtaista-kategoria\/tapahtumat\/\">Tapahtumat<\/a><\/li><\/ul>\t\t<\/div>\n\t\n\t\n\t\n<\/div>\n<a class=\"wrap-link\" href=\"https:\/\/satl.fi\/vaty\/ajankohtaista\/vuosikokous-19-2-2026\/\" rel=\"bookmark\"><span class=\"screen-reader-text\">Vuosikokous 19.2.2026<\/span><\/a>\n<\/article>\n\n\t\t\t\t\t\n\t\t\t\t\t\t\n\n\n<article class=\"listing-item post-601 satl_article type-satl_article status-publish hentry satl_article_category-tapahtumat\">\n\n\n<div class=\"listing-thumbnail\">\n\t<img decoding=\"async\" src=\"https:\/\/satl.fi\/vaty\/wp-content\/themes\/satl\/dist\/assets\/img\/placeholder_thumbnail.jpg );\"\/>\n<\/div>\n\n\n\n<div class=\"post-info\">\n\t<h3 class=\"two_lines\">Pikkujoulut 12.12.2025<\/h3>\n\n\t\n\t\t\t<p>Hei VATY:n j\u00e4sen, Tervetuloa viett\u00e4m\u00e4\u00e4n pikkujoulua perjantaina 12.12.2025 yhdess\u00e4 muiden yhdistyksemme j\u00e4senten ja aveceiden kanssa. Ohjelmassa on: Hinta j\u00e4senille 10&#8230;<\/p>\n\t\t<div class=\"post-meta\">\n\t\t\t<span class=\"posted-on\"><time class=\"entry-date published updated\" datetime=\"%1$s\">17.11.2025<\/time><\/span>\t\t\t<ul><li><a href=\"https:\/\/satl.fi\/vaty\/ajankohtaista-kategoria\/tapahtumat\/\">Tapahtumat<\/a><\/li><\/ul>\t\t<\/div>\n\t\n\t\n\t\n<\/div>\n<a class=\"wrap-link\" href=\"https:\/\/satl.fi\/vaty\/ajankohtaista\/pikkujoulut-12-12-2025\/\" rel=\"bookmark\"><span class=\"screen-reader-text\">Pikkujoulut 12.12.2025<\/span><\/a>\n<\/article>\n\n\t\t\t\t\t\n\t\t\t\t\t\t\n\n\n<article class=\"listing-item post-593 satl_article type-satl_article status-publish hentry satl_article_category-tapahtumat\">\n\n\n<div class=\"listing-thumbnail\">\n\t<img decoding=\"async\" src=\"https:\/\/satl.fi\/vaty\/wp-content\/themes\/satl\/dist\/assets\/img\/placeholder_thumbnail.jpg );\"\/>\n<\/div>\n\n\n\n<div class=\"post-info\">\n\t<h3 class=\"two_lines\">Vierailu Varkauden paloasemalla 23.4. klo&#8230;.<\/h3>\n\n\t\n\t\t\t<p>Hei! Vierailemme keskiviikkona 23.04.2025 klo. 17.00 alkaen Varkauden uudella paloasemalla. Saamme esittelyn toiminnasta ja tiloista. Kokoonnumme Hein\u00e4pellonkadun puoleiselle portille, josta&#8230;<\/p>\n\t\t<div class=\"post-meta\">\n\t\t\t<span class=\"posted-on\"><time class=\"entry-date published updated\" datetime=\"%1$s\">16.4.2025<\/time><\/span>\t\t\t<ul><li><a href=\"https:\/\/satl.fi\/vaty\/ajankohtaista-kategoria\/tapahtumat\/\">Tapahtumat<\/a><\/li><\/ul>\t\t<\/div>\n\t\n\t\n\t\n<\/div>\n<a class=\"wrap-link\" href=\"https:\/\/satl.fi\/vaty\/ajankohtaista\/vierailu-varkauden-paloasemalla-23-4-klo-17-00\/\" rel=\"bookmark\"><span class=\"screen-reader-text\">Vierailu Varkauden paloasemalla 23.4. klo. 17.00<\/span><\/a>\n<\/article>\n\n\t\t\t\t\t\n\t\t\t\t\t\t\n\n\n<article class=\"listing-item post-590 satl_article type-satl_article status-publish hentry satl_article_category-tapahtumat\">\n\n\n<div class=\"listing-thumbnail\">\n\t<img decoding=\"async\" src=\"https:\/\/satl.fi\/vaty\/wp-content\/themes\/satl\/dist\/assets\/img\/placeholder_thumbnail.jpg );\"\/>\n<\/div>\n\n\n\n<div class=\"post-info\">\n\t<h3 class=\"two_lines\">Pilkkikisat 22.3.2025<\/h3>\n\n\t\n\t\t\t<p>Perinteiset pilkkilpailut kuorma-autoilijoita vastaan j\u00e4rjestet\u00e4\u00e4n 22.3.2025 klo. 9.00-14.00 Puurtilan Seurakuntakodin rannassa (Murhilahdentie 94, 78310 Varkaus). Tarjolla kahvia, pullaa, makkaraa sek\u00e4&#8230;<\/p>\n\t\t<div class=\"post-meta\">\n\t\t\t<span class=\"posted-on\"><time class=\"entry-date published updated\" datetime=\"%1$s\">6.3.2025<\/time><\/span>\t\t\t<ul><li><a href=\"https:\/\/satl.fi\/vaty\/ajankohtaista-kategoria\/tapahtumat\/\">Tapahtumat<\/a><\/li><\/ul>\t\t<\/div>\n\t\n\t\n\t\n<\/div>\n<a class=\"wrap-link\" href=\"https:\/\/satl.fi\/vaty\/ajankohtaista\/pilkkikisat-22-3-2025\/\" rel=\"bookmark\"><span class=\"screen-reader-text\">Pilkkikisat 22.3.2025<\/span><\/a>\n<\/article>\n\n\t\t\t\t\t\t\t\t\t\t\t\t\t\t\t<\/div>\n\t\t\t\t<\/div>\n\n\t\t\t<\/div>\n\t<\/div>\n<\/div>\n<\/div>\n\n\n\n\n<div id=\"news-block_fda21794a42c580cc70d3c84514816fd\" class=\" news-posts-block margin-top-2\">\n\n\t<div class=\"grid-x\">\n\t\t<div class=\"cell small-12\"> \n\n\t\t\t<h2 class=\"arrowed absoluted\">\n\t\t\t\t<a href=\"\/ajankohtaista\/\">\n\t\t\t\tSATL:n ajankohtaiset<\/a><\/h2>\n\n\t\t\t<ul class=\"tabs\" data-tabs id=\"news-tabs\">\n\t\t\t\t<li class=\"tabs-title is-active\"><a href=\"#spanel1\" aria-selected=\"true\">Kaikki<\/a><\/li>\n\t\t\t\t<li class=\"tabs-title\"><a data-tabs-target=\"spanel2\" href=\"#panel2\">Uutiset<\/a><\/li>\n\t\t\t\t<li class=\"tabs-title\"><a data-tabs-target=\"spanel3\" href=\"#panel3\">Mediatiedotteet<\/a><\/li>\n\t\t\t<\/ul>\n\t\t\t\n\t\t\t<div class=\"tabs-content\" data-tabs-content=\"news-tabs\">\n\t\t\t\t\n\t\t\t\t<div class=\"tabs-panel is-active\" id=\"spanel1\">\n\t\t\t\t<div class=\"tabs-panel-inside wide-50\">\t\n\t\t\t\t\t\n\t\t\t\t\t\n\t\t\t\t\t\t\n\n\n<article class=\"listing-item post-20679 satl_article type-satl_article status-publish has-post-thumbnail hentry tag-satln-autoteknillinen-pikkujouluristeily satl_article_category-uutiset\">\n\n<div class=\"listing-thumbnail\">\n\t<img loading=\"lazy\" decoding=\"async\" width=\"640\" height=\"600\" src=\"https:\/\/satl.fi\/vaty\/wp-content\/uploads\/2019\/07\/Viking-Grace-talvi-640x600.jpg\" class=\"attachment-medium-square size-medium-square wp-post-image\" alt=\"Vuoden 2026 pikkujouluristeily\" \/><\/div>\n\n\n<div class=\"post-info\">\n\t<h3 class=\"two_lines\">Vuoden 2026 pikkujouluristeily<\/h3>\n\n\t\n\t\t\t<p>SATL:n virallinen Autoteknillinen pikkujouluristeily vuodelle 2026 j\u00e4rjestet\u00e4\u00e4n 20.-21.11.2026. SATL:n virallinen Autoteknillinen pikkujouluristeily j\u00e4rjestet\u00e4\u00e4n 20.-21.11.2026 Viking Grace -laivalla matkalla Turusta Tukholmaan&#8230;<\/p>\n\t\t<div class=\"post-meta\">\n\t\t\t<span class=\"posted-on\"><time class=\"entry-date published updated\" datetime=\"%1$s\">1.09.2026<\/time><\/span>\t\t\t<ul><li><a href=\"https:\/\/satl.fi\/ajankohtaista-kategoria\/uutiset\/\">Uutiset<\/a><\/li><\/ul>\t\t<\/div>\n\t\n\t\n\t\n<\/div>\n<a class=\"wrap-link\" href=\"https:\/\/satl.fi\/ajankohtaista\/vuoden-2026-pikkujouluristeily\/\" rel=\"bookmark\"><span class=\"screen-reader-text\">Vuoden 2026 pikkujouluristeily<\/span><\/a>\n<\/article>\n\n\t\t\t\t\t\n\t\t\t\t\t\t\n\n\n<article class=\"listing-item post-20665 satl_article type-satl_article status-publish has-post-thumbnail hentry satl_article_category-suomen-autolehti satl_article_category-uutiset\">\n\n<div class=\"listing-thumbnail\">\n\t<img loading=\"lazy\" decoding=\"async\" width=\"640\" height=\"640\" src=\"https:\/\/satl.fi\/vaty\/wp-content\/uploads\/2026\/08\/SAL_326_kansi_1000x1000-640x640.jpg\" class=\"attachment-medium-square size-medium-square wp-post-image\" alt=\"Suomen Autolehti 3\/2026 ilmestyy 26.8.2026\" srcset=\"https:\/\/satl.fi\/vaty\/wp-content\/uploads\/2026\/08\/SAL_326_kansi_1000x1000-640x640.jpg 640w, https:\/\/satl.fi\/vaty\/wp-content\/uploads\/2026\/08\/SAL_326_kansi_1000x1000-300x300.jpg 300w, https:\/\/satl.fi\/vaty\/wp-content\/uploads\/2026\/08\/SAL_326_kansi_1000x1000-150x150.jpg 150w, https:\/\/satl.fi\/vaty\/wp-content\/uploads\/2026\/08\/SAL_326_kansi_1000x1000-768x768.jpg 768w, https:\/\/satl.fi\/vaty\/wp-content\/uploads\/2026\/08\/SAL_326_kansi_1000x1000-600x600.jpg 600w, https:\/\/satl.fi\/vaty\/wp-content\/uploads\/2026\/08\/SAL_326_kansi_1000x1000-100x100.jpg 100w, https:\/\/satl.fi\/vaty\/wp-content\/uploads\/2026\/08\/SAL_326_kansi_1000x1000.jpg 1000w\" sizes=\"auto, (max-width: 640px) 100vw, 640px\" \/><\/div>\n\n\n<div class=\"post-info\">\n\t<h3 class=\"two_lines\">Suomen Autolehti 3\/2026 ilmestyy 26.8.2026<\/h3>\n\n\t\n\t\t\t<p>Vuoden 2026 kolmas Suomen Autolehti ilmestyy kes\u00e4tauon j\u00e4lkeen keskiviikkona 26.8.2026. Lehden numerolla 3\/2026 on mittaa 68 sivua. Ensimm\u00e4iset lehdet tulevan&#8230;<\/p>\n\t\t<div class=\"post-meta\">\n\t\t\t<span class=\"posted-on\"><time class=\"entry-date published updated\" datetime=\"%1$s\">21.08.2026<\/time><\/span>\t\t\t<ul><li><a href=\"https:\/\/satl.fi\/ajankohtaista-kategoria\/suomen-autolehti\/\">Suomen Autolehti<\/a><\/li><li><a href=\"https:\/\/satl.fi\/ajankohtaista-kategoria\/uutiset\/\">Uutiset<\/a><\/li><\/ul>\t\t<\/div>\n\t\n\t\n\t\n<\/div>\n<a class=\"wrap-link\" href=\"https:\/\/satl.fi\/ajankohtaista\/suomen-autolehti-3-2026-ilmestyy-26-8-2026\/\" rel=\"bookmark\"><span class=\"screen-reader-text\">Suomen Autolehti 3\/2026 ilmestyy 26.8.2026<\/span><\/a>\n<\/article>\n\n\t\t\t\t\t\n\t\t\t\t\t\t\n\n\n<article class=\"listing-item post-20656 satl_article type-satl_article status-publish has-post-thumbnail hentry tag-autotekniikka tag-korjaamolaitteet tag-koulutus tag-moottoritekniikka satl_article_category-uutiset\">\n\n<div class=\"listing-thumbnail\">\n\t<img loading=\"lazy\" decoding=\"async\" width=\"600\" height=\"600\" src=\"https:\/\/satl.fi\/vaty\/wp-content\/uploads\/2026\/08\/AAPT-Tekijapaivat-2026-logo-nelio.jpg\" class=\"attachment-medium-square size-medium-square wp-post-image\" alt=\"SATL osallistuu omalla osastolla AAPT:n Tekij\u00e4p\u00e4iville 2.-3.10.2026\" srcset=\"https:\/\/satl.fi\/vaty\/wp-content\/uploads\/2026\/08\/AAPT-Tekijapaivat-2026-logo-nelio.jpg 600w, https:\/\/satl.fi\/vaty\/wp-content\/uploads\/2026\/08\/AAPT-Tekijapaivat-2026-logo-nelio-300x300.jpg 300w, https:\/\/satl.fi\/vaty\/wp-content\/uploads\/2026\/08\/AAPT-Tekijapaivat-2026-logo-nelio-150x150.jpg 150w, https:\/\/satl.fi\/vaty\/wp-content\/uploads\/2026\/08\/AAPT-Tekijapaivat-2026-logo-nelio-100x100.jpg 100w\" sizes=\"auto, (max-width: 600px) 100vw, 600px\" \/><\/div>\n\n\n<div class=\"post-info\">\n\t<h3 class=\"two_lines\">SATL osallistuu omalla osastolla AAPT:n&#8230;<\/h3>\n\n\t\n\t\t\t<p>Autoalan Palvelutuottajat ry j\u00e4rjest\u00e4\u00e4 AAPT Tekij\u00e4p\u00e4iv\u00e4t 2026 -tapahtuman Vantaan ammattiopisto Varian Vehkalan toimipisteess\u00e4 2.\u20133.10.2026. Korjaamotekemisen tapahtuma kokoaa yhteen autoalan j\u00e4lkimarkkinoiden&#8230;<\/p>\n\t\t<div class=\"post-meta\">\n\t\t\t<span class=\"posted-on\"><time class=\"entry-date published updated\" datetime=\"%1$s\">18.08.2026<\/time><\/span>\t\t\t<ul><li><a href=\"https:\/\/satl.fi\/ajankohtaista-kategoria\/uutiset\/\">Uutiset<\/a><\/li><\/ul>\t\t<\/div>\n\t\n\t\n\t\n<\/div>\n<a class=\"wrap-link\" href=\"https:\/\/satl.fi\/ajankohtaista\/satl-osallistuu-omalla-osastolla-aaptn-tekijapaiville-2-3-10-2026\/\" rel=\"bookmark\"><span class=\"screen-reader-text\">SATL osallistuu omalla osastolla AAPT:n Tekij\u00e4p\u00e4iville 2.-3.10.2026<\/span><\/a>\n<\/article>\n\n\t\t\t\t\t\n\t\t\t\t\t\t\n\n\n<article class=\"listing-item post-20645 satl_article type-satl_article status-publish has-post-thumbnail hentry tag-fisita satl_article_category-uutiset\">\n\n<div class=\"listing-thumbnail\">\n\t<img loading=\"lazy\" decoding=\"async\" width=\"640\" height=\"640\" src=\"https:\/\/satl.fi\/vaty\/wp-content\/uploads\/2026\/08\/FISITA_WMS_2026_logo_2-640x640.jpg\" class=\"attachment-medium-square size-medium-square wp-post-image\" alt=\"Kutsu osallistua j\u00e4senhinnalla FISITA World Mobility Summittiin, kaksi nopeinta p\u00e4\u00e4see ilman osallistumismaksua\" srcset=\"https:\/\/satl.fi\/vaty\/wp-content\/uploads\/2026\/08\/FISITA_WMS_2026_logo_2-640x640.jpg 640w, https:\/\/satl.fi\/vaty\/wp-content\/uploads\/2026\/08\/FISITA_WMS_2026_logo_2-300x300.jpg 300w, https:\/\/satl.fi\/vaty\/wp-content\/uploads\/2026\/08\/FISITA_WMS_2026_logo_2-150x150.jpg 150w, https:\/\/satl.fi\/vaty\/wp-content\/uploads\/2026\/08\/FISITA_WMS_2026_logo_2-768x768.jpg 768w, https:\/\/satl.fi\/vaty\/wp-content\/uploads\/2026\/08\/FISITA_WMS_2026_logo_2-600x600.jpg 600w, https:\/\/satl.fi\/vaty\/wp-content\/uploads\/2026\/08\/FISITA_WMS_2026_logo_2-100x100.jpg 100w, https:\/\/satl.fi\/vaty\/wp-content\/uploads\/2026\/08\/FISITA_WMS_2026_logo_2.jpg 838w\" sizes=\"auto, (max-width: 640px) 100vw, 640px\" \/><\/div>\n\n\n<div class=\"post-info\">\n\t<h3 class=\"two_lines\">Kutsu osallistua j\u00e4senhinnalla FISITA World&#8230;<\/h3>\n\n\t\n\t\t\t<p>FISITA World Mobility Summit on maailman merkitt\u00e4vimpien auto- ja liikkumisalan organisaatioiden teknologiajohtajien vuotuinen kohtaamispaikka. Vuoden 2026 tapahtuma j\u00e4rjestet\u00e4\u00e4n Etel\u00e4-Korean Soulissa&#8230;<\/p>\n\t\t<div class=\"post-meta\">\n\t\t\t<span class=\"posted-on\"><time class=\"entry-date published updated\" datetime=\"%1$s\">17.08.2026<\/time><\/span>\t\t\t<ul><li><a href=\"https:\/\/satl.fi\/ajankohtaista-kategoria\/uutiset\/\">Uutiset<\/a><\/li><\/ul>\t\t<\/div>\n\t\n\t\n\t\n<\/div>\n<a class=\"wrap-link\" href=\"https:\/\/satl.fi\/ajankohtaista\/fisita-world-mobility-summit-jasenhintaan\/\" rel=\"bookmark\"><span class=\"screen-reader-text\">Kutsu osallistua j\u00e4senhinnalla FISITA World Mobility Summittiin, kaksi nopeinta p\u00e4\u00e4see ilman osallistumismaksua<\/span><\/a>\n<\/article>\n\n\t\t\t\t\t\n\t\t\t\t\t\t\n\n\n<article class=\"listing-item post-20643 satl_article type-satl_article status-publish has-post-thumbnail hentry tag-fisita satl_article_category-uutiset\">\n\n<div class=\"listing-thumbnail\">\n\t<img loading=\"lazy\" decoding=\"async\" width=\"640\" height=\"640\" src=\"https:\/\/satl.fi\/vaty\/wp-content\/uploads\/2026\/08\/Battery_Tech_EG_White_Paper_cover-640x640.jpg\" class=\"attachment-medium-square size-medium-square wp-post-image\" alt=\"FISITA:n selvitys akkuteknologian kehityksest\u00e4 on luettavissa\" srcset=\"https:\/\/satl.fi\/vaty\/wp-content\/uploads\/2026\/08\/Battery_Tech_EG_White_Paper_cover-640x640.jpg 640w, https:\/\/satl.fi\/vaty\/wp-content\/uploads\/2026\/08\/Battery_Tech_EG_White_Paper_cover-300x300.jpg 300w, https:\/\/satl.fi\/vaty\/wp-content\/uploads\/2026\/08\/Battery_Tech_EG_White_Paper_cover-150x150.jpg 150w, https:\/\/satl.fi\/vaty\/wp-content\/uploads\/2026\/08\/Battery_Tech_EG_White_Paper_cover-600x600.jpg 600w, https:\/\/satl.fi\/vaty\/wp-content\/uploads\/2026\/08\/Battery_Tech_EG_White_Paper_cover-100x100.jpg 100w, https:\/\/satl.fi\/vaty\/wp-content\/uploads\/2026\/08\/Battery_Tech_EG_White_Paper_cover.jpg 734w\" sizes=\"auto, (max-width: 640px) 100vw, 640px\" \/><\/div>\n\n\n<div class=\"post-info\">\n\t<h3 class=\"two_lines\">FISITA:n selvitys akkuteknologian kehityksest\u00e4 on&#8230;<\/h3>\n\n\t\n\t\t\t<p>FISITA:n akkuteknologian asiantuntijaryhm\u00e4n laatima selvitys akkuteknologian ja s\u00e4hk\u00f6ajoneuvojen kehityksest\u00e4 on julkaistu 9.7.2026 otsikolla &#8221;Battery Techonologyu Expert Group White Paper, Advancing&#8230;<\/p>\n\t\t<div class=\"post-meta\">\n\t\t\t<span class=\"posted-on\"><time class=\"entry-date published updated\" datetime=\"%1$s\">17.08.2026<\/time><\/span>\t\t\t<ul><li><a href=\"https:\/\/satl.fi\/ajankohtaista-kategoria\/uutiset\/\">Uutiset<\/a><\/li><\/ul>\t\t<\/div>\n\t\n\t\n\t\n<\/div>\n<a class=\"wrap-link\" href=\"https:\/\/satl.fi\/ajankohtaista\/fisitan-selvitys-akkuteknologian-kehityksesta-on-luettavissa\/\" rel=\"bookmark\"><span class=\"screen-reader-text\">FISITA:n selvitys akkuteknologian kehityksest\u00e4 on luettavissa<\/span><\/a>\n<\/article>\n\n\t\t\t\t\t\n\t\t\t\t\t\t\n\n\n<article class=\"listing-item post-20640 satl_article type-satl_article status-publish has-post-thumbnail hentry tag-fisita satl_article_category-uutiset\">\n\n<div class=\"listing-thumbnail\">\n\t<img loading=\"lazy\" decoding=\"async\" width=\"525\" height=\"525\" src=\"https:\/\/satl.fi\/vaty\/wp-content\/uploads\/2026\/08\/eb26-review-frontcover_sq.jpg\" class=\"attachment-medium-square size-medium-square wp-post-image\" alt=\"FISITA:n EuroBrake 2026 -kongressin yhteenveto on luettavissa\" srcset=\"https:\/\/satl.fi\/vaty\/wp-content\/uploads\/2026\/08\/eb26-review-frontcover_sq.jpg 525w, https:\/\/satl.fi\/vaty\/wp-content\/uploads\/2026\/08\/eb26-review-frontcover_sq-300x300.jpg 300w, https:\/\/satl.fi\/vaty\/wp-content\/uploads\/2026\/08\/eb26-review-frontcover_sq-150x150.jpg 150w, https:\/\/satl.fi\/vaty\/wp-content\/uploads\/2026\/08\/eb26-review-frontcover_sq-100x100.jpg 100w\" sizes=\"auto, (max-width: 525px) 100vw, 525px\" \/><\/div>\n\n\n<div class=\"post-info\">\n\t<h3 class=\"two_lines\">FISITA:n EuroBrake 2026 -kongressin yhteenveto&#8230;<\/h3>\n\n\t\n\t\t\t<p>FISITA julkaisi 31.7.2026 kes\u00e4kuun alussa Saksan Mainzissa j\u00e4rjestetyn EuroBrake 2026 -kongressin tapahtumayhteenvedon. Maksuton 13-sivuinen pdf-dokumettin koostaa yhteen kongressissa k\u00e4ydyt avainkeskustelut,&#8230;<\/p>\n\t\t<div class=\"post-meta\">\n\t\t\t<span class=\"posted-on\"><time class=\"entry-date published updated\" datetime=\"%1$s\">17.08.2026<\/time><\/span>\t\t\t<ul><li><a href=\"https:\/\/satl.fi\/ajankohtaista-kategoria\/uutiset\/\">Uutiset<\/a><\/li><\/ul>\t\t<\/div>\n\t\n\t\n\t\n<\/div>\n<a class=\"wrap-link\" href=\"https:\/\/satl.fi\/ajankohtaista\/fisitan-eurobrake-2026-kongressin-yhteenveto-on-luettavissa\/\" rel=\"bookmark\"><span class=\"screen-reader-text\">FISITA:n EuroBrake 2026 -kongressin yhteenveto on luettavissa<\/span><\/a>\n<\/article>\n\n\t\t\t\t\t\t\t\t\t\t\t\t\t\t<\/div>\n\t\t\t\t<\/div>\n\t\t\t\t\n\t\t\t\t<div class=\"tabs-panel\" id=\"spanel2\">\n\t\t\t\t\t<div class=\"tabs-panel-inside wide-50\">\t\n\t\t\t\t\t\n\t\t\t\t\t\n\t\t\t\t\t\t\n\n\n<article class=\"listing-item post-20679 satl_article type-satl_article status-publish has-post-thumbnail hentry tag-satln-autoteknillinen-pikkujouluristeily satl_article_category-uutiset\">\n\n<div class=\"listing-thumbnail\">\n\t<img loading=\"lazy\" decoding=\"async\" width=\"640\" height=\"600\" src=\"https:\/\/satl.fi\/vaty\/wp-content\/uploads\/2019\/07\/Viking-Grace-talvi-640x600.jpg\" class=\"attachment-medium-square size-medium-square wp-post-image\" alt=\"Vuoden 2026 pikkujouluristeily\" \/><\/div>\n\n\n<div class=\"post-info\">\n\t<h3 class=\"two_lines\">Vuoden 2026 pikkujouluristeily<\/h3>\n\n\t\n\t\t\t<p>SATL:n virallinen Autoteknillinen pikkujouluristeily vuodelle 2026 j\u00e4rjestet\u00e4\u00e4n 20.-21.11.2026. SATL:n virallinen Autoteknillinen pikkujouluristeily j\u00e4rjestet\u00e4\u00e4n 20.-21.11.2026 Viking Grace -laivalla matkalla Turusta Tukholmaan&#8230;<\/p>\n\t\t<div class=\"post-meta\">\n\t\t\t<span class=\"posted-on\"><time class=\"entry-date published updated\" datetime=\"%1$s\">1.09.2026<\/time><\/span>\t\t\t<ul><li><a href=\"https:\/\/satl.fi\/ajankohtaista-kategoria\/uutiset\/\">Uutiset<\/a><\/li><\/ul>\t\t<\/div>\n\t\n\t\n\t\n<\/div>\n<a class=\"wrap-link\" href=\"https:\/\/satl.fi\/ajankohtaista\/vuoden-2026-pikkujouluristeily\/\" rel=\"bookmark\"><span class=\"screen-reader-text\">Vuoden 2026 pikkujouluristeily<\/span><\/a>\n<\/article>\n\n\t\t\t\t\t\n\t\t\t\t\t\t\n\n\n<article class=\"listing-item post-20665 satl_article type-satl_article status-publish has-post-thumbnail hentry satl_article_category-suomen-autolehti satl_article_category-uutiset\">\n\n<div class=\"listing-thumbnail\">\n\t<img loading=\"lazy\" decoding=\"async\" width=\"640\" height=\"640\" src=\"https:\/\/satl.fi\/vaty\/wp-content\/uploads\/2026\/08\/SAL_326_kansi_1000x1000-640x640.jpg\" class=\"attachment-medium-square size-medium-square wp-post-image\" alt=\"Suomen Autolehti 3\/2026 ilmestyy 26.8.2026\" srcset=\"https:\/\/satl.fi\/vaty\/wp-content\/uploads\/2026\/08\/SAL_326_kansi_1000x1000-640x640.jpg 640w, https:\/\/satl.fi\/vaty\/wp-content\/uploads\/2026\/08\/SAL_326_kansi_1000x1000-300x300.jpg 300w, https:\/\/satl.fi\/vaty\/wp-content\/uploads\/2026\/08\/SAL_326_kansi_1000x1000-150x150.jpg 150w, https:\/\/satl.fi\/vaty\/wp-content\/uploads\/2026\/08\/SAL_326_kansi_1000x1000-768x768.jpg 768w, https:\/\/satl.fi\/vaty\/wp-content\/uploads\/2026\/08\/SAL_326_kansi_1000x1000-600x600.jpg 600w, https:\/\/satl.fi\/vaty\/wp-content\/uploads\/2026\/08\/SAL_326_kansi_1000x1000-100x100.jpg 100w, https:\/\/satl.fi\/vaty\/wp-content\/uploads\/2026\/08\/SAL_326_kansi_1000x1000.jpg 1000w\" sizes=\"auto, (max-width: 640px) 100vw, 640px\" \/><\/div>\n\n\n<div class=\"post-info\">\n\t<h3 class=\"two_lines\">Suomen Autolehti 3\/2026 ilmestyy 26.8.2026<\/h3>\n\n\t\n\t\t\t<p>Vuoden 2026 kolmas Suomen Autolehti ilmestyy kes\u00e4tauon j\u00e4lkeen keskiviikkona 26.8.2026. Lehden numerolla 3\/2026 on mittaa 68 sivua. Ensimm\u00e4iset lehdet tulevan&#8230;<\/p>\n\t\t<div class=\"post-meta\">\n\t\t\t<span class=\"posted-on\"><time class=\"entry-date published updated\" datetime=\"%1$s\">21.08.2026<\/time><\/span>\t\t\t<ul><li><a href=\"https:\/\/satl.fi\/ajankohtaista-kategoria\/suomen-autolehti\/\">Suomen Autolehti<\/a><\/li><li><a href=\"https:\/\/satl.fi\/ajankohtaista-kategoria\/uutiset\/\">Uutiset<\/a><\/li><\/ul>\t\t<\/div>\n\t\n\t\n\t\n<\/div>\n<a class=\"wrap-link\" href=\"https:\/\/satl.fi\/ajankohtaista\/suomen-autolehti-3-2026-ilmestyy-26-8-2026\/\" rel=\"bookmark\"><span class=\"screen-reader-text\">Suomen Autolehti 3\/2026 ilmestyy 26.8.2026<\/span><\/a>\n<\/article>\n\n\t\t\t\t\t\n\t\t\t\t\t\t\n\n\n<article class=\"listing-item post-20656 satl_article type-satl_article status-publish has-post-thumbnail hentry tag-autotekniikka tag-korjaamolaitteet tag-koulutus tag-moottoritekniikka satl_article_category-uutiset\">\n\n<div class=\"listing-thumbnail\">\n\t<img loading=\"lazy\" decoding=\"async\" width=\"600\" height=\"600\" src=\"https:\/\/satl.fi\/vaty\/wp-content\/uploads\/2026\/08\/AAPT-Tekijapaivat-2026-logo-nelio.jpg\" class=\"attachment-medium-square size-medium-square wp-post-image\" alt=\"SATL osallistuu omalla osastolla AAPT:n Tekij\u00e4p\u00e4iville 2.-3.10.2026\" srcset=\"https:\/\/satl.fi\/vaty\/wp-content\/uploads\/2026\/08\/AAPT-Tekijapaivat-2026-logo-nelio.jpg 600w, https:\/\/satl.fi\/vaty\/wp-content\/uploads\/2026\/08\/AAPT-Tekijapaivat-2026-logo-nelio-300x300.jpg 300w, https:\/\/satl.fi\/vaty\/wp-content\/uploads\/2026\/08\/AAPT-Tekijapaivat-2026-logo-nelio-150x150.jpg 150w, https:\/\/satl.fi\/vaty\/wp-content\/uploads\/2026\/08\/AAPT-Tekijapaivat-2026-logo-nelio-100x100.jpg 100w\" sizes=\"auto, (max-width: 600px) 100vw, 600px\" \/><\/div>\n\n\n<div class=\"post-info\">\n\t<h3 class=\"two_lines\">SATL osallistuu omalla osastolla AAPT:n&#8230;<\/h3>\n\n\t\n\t\t\t<p>Autoalan Palvelutuottajat ry j\u00e4rjest\u00e4\u00e4 AAPT Tekij\u00e4p\u00e4iv\u00e4t 2026 -tapahtuman Vantaan ammattiopisto Varian Vehkalan toimipisteess\u00e4 2.\u20133.10.2026. Korjaamotekemisen tapahtuma kokoaa yhteen autoalan j\u00e4lkimarkkinoiden&#8230;<\/p>\n\t\t<div class=\"post-meta\">\n\t\t\t<span class=\"posted-on\"><time class=\"entry-date published updated\" datetime=\"%1$s\">18.08.2026<\/time><\/span>\t\t\t<ul><li><a href=\"https:\/\/satl.fi\/ajankohtaista-kategoria\/uutiset\/\">Uutiset<\/a><\/li><\/ul>\t\t<\/div>\n\t\n\t\n\t\n<\/div>\n<a class=\"wrap-link\" href=\"https:\/\/satl.fi\/ajankohtaista\/satl-osallistuu-omalla-osastolla-aaptn-tekijapaiville-2-3-10-2026\/\" rel=\"bookmark\"><span class=\"screen-reader-text\">SATL osallistuu omalla osastolla AAPT:n Tekij\u00e4p\u00e4iville 2.-3.10.2026<\/span><\/a>\n<\/article>\n\n\t\t\t\t\t\n\t\t\t\t\t\t\n\n\n<article class=\"listing-item post-20645 satl_article type-satl_article status-publish has-post-thumbnail hentry tag-fisita satl_article_category-uutiset\">\n\n<div class=\"listing-thumbnail\">\n\t<img loading=\"lazy\" decoding=\"async\" width=\"640\" height=\"640\" src=\"https:\/\/satl.fi\/vaty\/wp-content\/uploads\/2026\/08\/FISITA_WMS_2026_logo_2-640x640.jpg\" class=\"attachment-medium-square size-medium-square wp-post-image\" alt=\"Kutsu osallistua j\u00e4senhinnalla FISITA World Mobility Summittiin, kaksi nopeinta p\u00e4\u00e4see ilman osallistumismaksua\" srcset=\"https:\/\/satl.fi\/vaty\/wp-content\/uploads\/2026\/08\/FISITA_WMS_2026_logo_2-640x640.jpg 640w, https:\/\/satl.fi\/vaty\/wp-content\/uploads\/2026\/08\/FISITA_WMS_2026_logo_2-300x300.jpg 300w, https:\/\/satl.fi\/vaty\/wp-content\/uploads\/2026\/08\/FISITA_WMS_2026_logo_2-150x150.jpg 150w, https:\/\/satl.fi\/vaty\/wp-content\/uploads\/2026\/08\/FISITA_WMS_2026_logo_2-768x768.jpg 768w, https:\/\/satl.fi\/vaty\/wp-content\/uploads\/2026\/08\/FISITA_WMS_2026_logo_2-600x600.jpg 600w, https:\/\/satl.fi\/vaty\/wp-content\/uploads\/2026\/08\/FISITA_WMS_2026_logo_2-100x100.jpg 100w, https:\/\/satl.fi\/vaty\/wp-content\/uploads\/2026\/08\/FISITA_WMS_2026_logo_2.jpg 838w\" sizes=\"auto, (max-width: 640px) 100vw, 640px\" \/><\/div>\n\n\n<div class=\"post-info\">\n\t<h3 class=\"two_lines\">Kutsu osallistua j\u00e4senhinnalla FISITA World&#8230;<\/h3>\n\n\t\n\t\t\t<p>FISITA World Mobility Summit on maailman merkitt\u00e4vimpien auto- ja liikkumisalan organisaatioiden teknologiajohtajien vuotuinen kohtaamispaikka. Vuoden 2026 tapahtuma j\u00e4rjestet\u00e4\u00e4n Etel\u00e4-Korean Soulissa&#8230;<\/p>\n\t\t<div class=\"post-meta\">\n\t\t\t<span class=\"posted-on\"><time class=\"entry-date published updated\" datetime=\"%1$s\">17.08.2026<\/time><\/span>\t\t\t<ul><li><a href=\"https:\/\/satl.fi\/ajankohtaista-kategoria\/uutiset\/\">Uutiset<\/a><\/li><\/ul>\t\t<\/div>\n\t\n\t\n\t\n<\/div>\n<a class=\"wrap-link\" href=\"https:\/\/satl.fi\/ajankohtaista\/fisita-world-mobility-summit-jasenhintaan\/\" rel=\"bookmark\"><span class=\"screen-reader-text\">Kutsu osallistua j\u00e4senhinnalla FISITA World Mobility Summittiin, kaksi nopeinta p\u00e4\u00e4see ilman osallistumismaksua<\/span><\/a>\n<\/article>\n\n\t\t\t\t\t\n\t\t\t\t\t\t\n\n\n<article class=\"listing-item post-20643 satl_article type-satl_article status-publish has-post-thumbnail hentry tag-fisita satl_article_category-uutiset\">\n\n<div class=\"listing-thumbnail\">\n\t<img loading=\"lazy\" decoding=\"async\" width=\"640\" height=\"640\" src=\"https:\/\/satl.fi\/vaty\/wp-content\/uploads\/2026\/08\/Battery_Tech_EG_White_Paper_cover-640x640.jpg\" class=\"attachment-medium-square size-medium-square wp-post-image\" alt=\"FISITA:n selvitys akkuteknologian kehityksest\u00e4 on luettavissa\" srcset=\"https:\/\/satl.fi\/vaty\/wp-content\/uploads\/2026\/08\/Battery_Tech_EG_White_Paper_cover-640x640.jpg 640w, https:\/\/satl.fi\/vaty\/wp-content\/uploads\/2026\/08\/Battery_Tech_EG_White_Paper_cover-300x300.jpg 300w, https:\/\/satl.fi\/vaty\/wp-content\/uploads\/2026\/08\/Battery_Tech_EG_White_Paper_cover-150x150.jpg 150w, https:\/\/satl.fi\/vaty\/wp-content\/uploads\/2026\/08\/Battery_Tech_EG_White_Paper_cover-600x600.jpg 600w, https:\/\/satl.fi\/vaty\/wp-content\/uploads\/2026\/08\/Battery_Tech_EG_White_Paper_cover-100x100.jpg 100w, https:\/\/satl.fi\/vaty\/wp-content\/uploads\/2026\/08\/Battery_Tech_EG_White_Paper_cover.jpg 734w\" sizes=\"auto, (max-width: 640px) 100vw, 640px\" \/><\/div>\n\n\n<div class=\"post-info\">\n\t<h3 class=\"two_lines\">FISITA:n selvitys akkuteknologian kehityksest\u00e4 on&#8230;<\/h3>\n\n\t\n\t\t\t<p>FISITA:n akkuteknologian asiantuntijaryhm\u00e4n laatima selvitys akkuteknologian ja s\u00e4hk\u00f6ajoneuvojen kehityksest\u00e4 on julkaistu 9.7.2026 otsikolla &#8221;Battery Techonologyu Expert Group White Paper, Advancing&#8230;<\/p>\n\t\t<div class=\"post-meta\">\n\t\t\t<span class=\"posted-on\"><time class=\"entry-date published updated\" datetime=\"%1$s\">17.08.2026<\/time><\/span>\t\t\t<ul><li><a href=\"https:\/\/satl.fi\/ajankohtaista-kategoria\/uutiset\/\">Uutiset<\/a><\/li><\/ul>\t\t<\/div>\n\t\n\t\n\t\n<\/div>\n<a class=\"wrap-link\" href=\"https:\/\/satl.fi\/ajankohtaista\/fisitan-selvitys-akkuteknologian-kehityksesta-on-luettavissa\/\" rel=\"bookmark\"><span class=\"screen-reader-text\">FISITA:n selvitys akkuteknologian kehityksest\u00e4 on luettavissa<\/span><\/a>\n<\/article>\n\n\t\t\t\t\t\n\t\t\t\t\t\t\n\n\n<article class=\"listing-item post-20640 satl_article type-satl_article status-publish has-post-thumbnail hentry tag-fisita satl_article_category-uutiset\">\n\n<div class=\"listing-thumbnail\">\n\t<img loading=\"lazy\" decoding=\"async\" width=\"525\" height=\"525\" src=\"https:\/\/satl.fi\/vaty\/wp-content\/uploads\/2026\/08\/eb26-review-frontcover_sq.jpg\" class=\"attachment-medium-square size-medium-square wp-post-image\" alt=\"FISITA:n EuroBrake 2026 -kongressin yhteenveto on luettavissa\" srcset=\"https:\/\/satl.fi\/vaty\/wp-content\/uploads\/2026\/08\/eb26-review-frontcover_sq.jpg 525w, https:\/\/satl.fi\/vaty\/wp-content\/uploads\/2026\/08\/eb26-review-frontcover_sq-300x300.jpg 300w, https:\/\/satl.fi\/vaty\/wp-content\/uploads\/2026\/08\/eb26-review-frontcover_sq-150x150.jpg 150w, https:\/\/satl.fi\/vaty\/wp-content\/uploads\/2026\/08\/eb26-review-frontcover_sq-100x100.jpg 100w\" sizes=\"auto, (max-width: 525px) 100vw, 525px\" \/><\/div>\n\n\n<div class=\"post-info\">\n\t<h3 class=\"two_lines\">FISITA:n EuroBrake 2026 -kongressin yhteenveto&#8230;<\/h3>\n\n\t\n\t\t\t<p>FISITA julkaisi 31.7.2026 kes\u00e4kuun alussa Saksan Mainzissa j\u00e4rjestetyn EuroBrake 2026 -kongressin tapahtumayhteenvedon. Maksuton 13-sivuinen pdf-dokumettin koostaa yhteen kongressissa k\u00e4ydyt avainkeskustelut,&#8230;<\/p>\n\t\t<div class=\"post-meta\">\n\t\t\t<span class=\"posted-on\"><time class=\"entry-date published updated\" datetime=\"%1$s\">17.08.2026<\/time><\/span>\t\t\t<ul><li><a href=\"https:\/\/satl.fi\/ajankohtaista-kategoria\/uutiset\/\">Uutiset<\/a><\/li><\/ul>\t\t<\/div>\n\t\n\t\n\t\n<\/div>\n<a class=\"wrap-link\" href=\"https:\/\/satl.fi\/ajankohtaista\/fisitan-eurobrake-2026-kongressin-yhteenveto-on-luettavissa\/\" rel=\"bookmark\"><span class=\"screen-reader-text\">FISITA:n EuroBrake 2026 -kongressin yhteenveto on luettavissa<\/span><\/a>\n<\/article>\n\n\t\t\t\t\t\t\t\t\t\t\t\t\t\t\t<\/div>\n\t\t\t\t<\/div>\n\n\n\t\t\t\t<div class=\"tabs-panel\" id=\"spanel3\">\n\t\t\t\t\t<div class=\"tabs-panel-inside wide-50\">\t\n\t\t\t\t\t\n\t\t\t\t\t\n\t\t\t\t\t\t\n\n\n<article class=\"listing-item post-20480 satl_article type-satl_article status-publish has-post-thumbnail hentry tag-satl-insinoorityogaala-2026 satl_article_category-mediatiedotteet satl_article_category-uutiset\">\n\n<div class=\"listing-thumbnail\">\n\t<img loading=\"lazy\" decoding=\"async\" width=\"640\" height=\"640\" src=\"https:\/\/satl.fi\/vaty\/wp-content\/uploads\/2026\/05\/SATL_Insinoorityogaala_2026_neliobanneri-640x640.jpg\" class=\"attachment-medium-square size-medium-square wp-post-image\" alt=\"SATL Insin\u00f6\u00f6rity\u00f6gaalan 2026 tulokset ja esitykset\" srcset=\"https:\/\/satl.fi\/vaty\/wp-content\/uploads\/2026\/05\/SATL_Insinoorityogaala_2026_neliobanneri-640x640.jpg 640w, https:\/\/satl.fi\/vaty\/wp-content\/uploads\/2026\/05\/SATL_Insinoorityogaala_2026_neliobanneri-300x300.jpg 300w, https:\/\/satl.fi\/vaty\/wp-content\/uploads\/2026\/05\/SATL_Insinoorityogaala_2026_neliobanneri-1024x1024.jpg 1024w, https:\/\/satl.fi\/vaty\/wp-content\/uploads\/2026\/05\/SATL_Insinoorityogaala_2026_neliobanneri-150x150.jpg 150w, https:\/\/satl.fi\/vaty\/wp-content\/uploads\/2026\/05\/SATL_Insinoorityogaala_2026_neliobanneri-768x768.jpg 768w, https:\/\/satl.fi\/vaty\/wp-content\/uploads\/2026\/05\/SATL_Insinoorityogaala_2026_neliobanneri-600x600.jpg 600w, https:\/\/satl.fi\/vaty\/wp-content\/uploads\/2026\/05\/SATL_Insinoorityogaala_2026_neliobanneri-100x100.jpg 100w, https:\/\/satl.fi\/vaty\/wp-content\/uploads\/2026\/05\/SATL_Insinoorityogaala_2026_neliobanneri.jpg 1200w\" sizes=\"auto, (max-width: 640px) 100vw, 640px\" \/><\/div>\n\n\n<div class=\"post-info\">\n\t<h3 class=\"two_lines\">SATL Insin\u00f6\u00f6rity\u00f6gaalan 2026 tulokset ja&#8230;<\/h3>\n\n\t\n\t\t\t<p>Suomen Autoteknillinen Liitto j\u00e4rjesti seitsem\u00e4tt\u00e4 kertaa tiistaina 5.5.2026 SATL Insin\u00f6\u00f6rity\u00f6gaala 2026 -verkkotapahtuman, jossa esiteltiin yhteens\u00e4 kahdeksan tuoretta korkeakoulutasoista autoalan opinn\u00e4ytety\u00f6t\u00e4&#8230;<\/p>\n\t\t<div class=\"post-meta\">\n\t\t\t<span class=\"posted-on\"><time class=\"entry-date published updated\" datetime=\"%1$s\">6.05.2026<\/time><\/span>\t\t\t<ul><li><a href=\"https:\/\/satl.fi\/ajankohtaista-kategoria\/mediatiedotteet\/\">Mediatiedotteet<\/a><\/li><li><a href=\"https:\/\/satl.fi\/ajankohtaista-kategoria\/uutiset\/\">Uutiset<\/a><\/li><\/ul>\t\t<\/div>\n\t\n\t\n\t\n<\/div>\n<a class=\"wrap-link\" href=\"https:\/\/satl.fi\/ajankohtaista\/satl-insinoorityogaalan-2026-tulokset\/\" rel=\"bookmark\"><span class=\"screen-reader-text\">SATL Insin\u00f6\u00f6rity\u00f6gaalan 2026 tulokset ja esitykset<\/span><\/a>\n<\/article>\n\n\t\t\t\t\t\n\t\t\t\t\t\t\n\n\n<article class=\"listing-item post-20308 satl_article type-satl_article status-publish has-post-thumbnail hentry tag-satl-insinoorityogaala-2026 satl_article_category-mediatiedotteet satl_article_category-satl-insinoorityogaala satl_article_category-uutiset\">\n\n<div class=\"listing-thumbnail\">\n\t<img loading=\"lazy\" decoding=\"async\" width=\"640\" height=\"640\" src=\"https:\/\/satl.fi\/vaty\/wp-content\/uploads\/2026\/02\/SATL_Insinoorityogaala_logo_2026_774x774-640x640.jpg\" class=\"attachment-medium-square size-medium-square wp-post-image\" alt=\"SATL Insin\u00f6\u00f6rity\u00f6gaala 2026 j\u00e4rjestet\u00e4\u00e4n tiistaina 5.5.2026\" srcset=\"https:\/\/satl.fi\/vaty\/wp-content\/uploads\/2026\/02\/SATL_Insinoorityogaala_logo_2026_774x774-640x640.jpg 640w, https:\/\/satl.fi\/vaty\/wp-content\/uploads\/2026\/02\/SATL_Insinoorityogaala_logo_2026_774x774-300x300.jpg 300w, https:\/\/satl.fi\/vaty\/wp-content\/uploads\/2026\/02\/SATL_Insinoorityogaala_logo_2026_774x774-150x150.jpg 150w, https:\/\/satl.fi\/vaty\/wp-content\/uploads\/2026\/02\/SATL_Insinoorityogaala_logo_2026_774x774-768x768.jpg 768w, https:\/\/satl.fi\/vaty\/wp-content\/uploads\/2026\/02\/SATL_Insinoorityogaala_logo_2026_774x774-600x600.jpg 600w, https:\/\/satl.fi\/vaty\/wp-content\/uploads\/2026\/02\/SATL_Insinoorityogaala_logo_2026_774x774-100x100.jpg 100w, https:\/\/satl.fi\/vaty\/wp-content\/uploads\/2026\/02\/SATL_Insinoorityogaala_logo_2026_774x774.jpg 774w\" sizes=\"auto, (max-width: 640px) 100vw, 640px\" \/><\/div>\n\n\n<div class=\"post-info\">\n\t<h3 class=\"two_lines\">SATL Insin\u00f6\u00f6rity\u00f6gaala 2026 j\u00e4rjestet\u00e4\u00e4n tiistaina&#8230;<\/h3>\n\n\t\n\t\t\t<p>SATL j\u00e4rjest\u00e4\u00e4 seitsem\u00e4tt\u00e4 kertaa SATL Insin\u00f6\u00f6rity\u00f6gaala 2026 -tapahtuman tiistaina 5.5.2026 kello 15:00 alkaen. P\u00e4\u00e4set seuraamaan tapahtumaa suoraan tuolta alta linkkinapin&#8230;<\/p>\n\t\t<div class=\"post-meta\">\n\t\t\t<span class=\"posted-on\"><time class=\"entry-date published updated\" datetime=\"%1$s\">24.04.2026<\/time><\/span>\t\t\t<ul><li><a href=\"https:\/\/satl.fi\/ajankohtaista-kategoria\/mediatiedotteet\/\">Mediatiedotteet<\/a><\/li><li><a href=\"https:\/\/satl.fi\/ajankohtaista-kategoria\/satl-insinoorityogaala\/\">SATL Insin\u00f6\u00f6rity\u00f6gaala<\/a><\/li><li><a href=\"https:\/\/satl.fi\/ajankohtaista-kategoria\/uutiset\/\">Uutiset<\/a><\/li><\/ul>\t\t<\/div>\n\t\n\t\n\t\n<\/div>\n<a class=\"wrap-link\" href=\"https:\/\/satl.fi\/ajankohtaista\/satl-insinoorityogaala-2026-jarjestetaan-tiistaina-5-5-2026\/\" rel=\"bookmark\"><span class=\"screen-reader-text\">SATL Insin\u00f6\u00f6rity\u00f6gaala 2026 j\u00e4rjestet\u00e4\u00e4n tiistaina 5.5.2026<\/span><\/a>\n<\/article>\n\n\t\t\t\t\t\n\t\t\t\t\t\t\n\n\n<article class=\"listing-item post-20419 satl_article type-satl_article status-publish has-post-thumbnail hentry tag-liittokokous-2026 tag-vuoden-autoteknikko-2025 satl_article_category-mediatiedotteet satl_article_category-uutiset\">\n\n<div class=\"listing-thumbnail\">\n\t<img loading=\"lazy\" decoding=\"async\" width=\"640\" height=\"640\" src=\"https:\/\/satl.fi\/vaty\/wp-content\/uploads\/2026\/04\/SATL_liittokokous_2026_750x750-640x640.jpg\" class=\"attachment-medium-square size-medium-square wp-post-image\" alt=\"Suomen Autoteknillinen Liitto my\u00f6nsi tunnustuksen kotimaisen ajoneuvoteollisuuden vaikuttajalle\" srcset=\"https:\/\/satl.fi\/vaty\/wp-content\/uploads\/2026\/04\/SATL_liittokokous_2026_750x750-640x640.jpg 640w, https:\/\/satl.fi\/vaty\/wp-content\/uploads\/2026\/04\/SATL_liittokokous_2026_750x750-300x300.jpg 300w, https:\/\/satl.fi\/vaty\/wp-content\/uploads\/2026\/04\/SATL_liittokokous_2026_750x750-150x150.jpg 150w, https:\/\/satl.fi\/vaty\/wp-content\/uploads\/2026\/04\/SATL_liittokokous_2026_750x750-600x600.jpg 600w, https:\/\/satl.fi\/vaty\/wp-content\/uploads\/2026\/04\/SATL_liittokokous_2026_750x750-100x100.jpg 100w, https:\/\/satl.fi\/vaty\/wp-content\/uploads\/2026\/04\/SATL_liittokokous_2026_750x750.jpg 750w\" sizes=\"auto, (max-width: 640px) 100vw, 640px\" \/><\/div>\n\n\n<div class=\"post-info\">\n\t<h3 class=\"two_lines\">Suomen Autoteknillinen Liitto my\u00f6nsi tunnustuksen&#8230;<\/h3>\n\n\t\n\t\t\t<p>Suomen Autoteknillinen Liitto ry (SATL) on auto- ja ty\u00f6konealan asiantuntijoiden verkosto, jonka j\u00e4senyhdistyksiin kuuluu 4 600 j\u00e4sent\u00e4 35 paikallisyhdistyksess\u00e4. SATL&#8230;<\/p>\n\t\t<div class=\"post-meta\">\n\t\t\t<span class=\"posted-on\"><time class=\"entry-date published updated\" datetime=\"%1$s\">13.04.2026<\/time><\/span>\t\t\t<ul><li><a href=\"https:\/\/satl.fi\/ajankohtaista-kategoria\/mediatiedotteet\/\">Mediatiedotteet<\/a><\/li><li><a href=\"https:\/\/satl.fi\/ajankohtaista-kategoria\/uutiset\/\">Uutiset<\/a><\/li><\/ul>\t\t<\/div>\n\t\n\t\n\t\n<\/div>\n<a class=\"wrap-link\" href=\"https:\/\/satl.fi\/ajankohtaista\/satl-lk-2026-tiedote\/\" rel=\"bookmark\"><span class=\"screen-reader-text\">Suomen Autoteknillinen Liitto my\u00f6nsi tunnustuksen kotimaisen ajoneuvoteollisuuden vaikuttajalle<\/span><\/a>\n<\/article>\n\n\t\t\t\t\t\n\t\t\t\t\t\t\n\n\n<article class=\"listing-item post-20043 satl_article type-satl_article status-publish has-post-thumbnail hentry tag-satl-insinoorityogaala-2025 satl_article_category-mediatiedotteet satl_article_category-satl-insinoorityogaala satl_article_category-uutiset\">\n\n<div class=\"listing-thumbnail\">\n\t<img loading=\"lazy\" decoding=\"async\" width=\"640\" height=\"640\" src=\"https:\/\/satl.fi\/vaty\/wp-content\/uploads\/2025\/08\/SATL_ins_tyogaala_2025_logo_1000x1000-640x640.jpg\" class=\"attachment-medium-square size-medium-square wp-post-image\" alt=\"SATL Insin\u00f6\u00f6rity\u00f6gaalan 2025 tulokset ja esitykset\" srcset=\"https:\/\/satl.fi\/vaty\/wp-content\/uploads\/2025\/08\/SATL_ins_tyogaala_2025_logo_1000x1000-640x640.jpg 640w, https:\/\/satl.fi\/vaty\/wp-content\/uploads\/2025\/08\/SATL_ins_tyogaala_2025_logo_1000x1000-300x300.jpg 300w, https:\/\/satl.fi\/vaty\/wp-content\/uploads\/2025\/08\/SATL_ins_tyogaala_2025_logo_1000x1000-150x150.jpg 150w, https:\/\/satl.fi\/vaty\/wp-content\/uploads\/2025\/08\/SATL_ins_tyogaala_2025_logo_1000x1000-768x768.jpg 768w, https:\/\/satl.fi\/vaty\/wp-content\/uploads\/2025\/08\/SATL_ins_tyogaala_2025_logo_1000x1000-600x600.jpg 600w, https:\/\/satl.fi\/vaty\/wp-content\/uploads\/2025\/08\/SATL_ins_tyogaala_2025_logo_1000x1000-100x100.jpg 100w, https:\/\/satl.fi\/vaty\/wp-content\/uploads\/2025\/08\/SATL_ins_tyogaala_2025_logo_1000x1000.jpg 1000w\" sizes=\"auto, (max-width: 640px) 100vw, 640px\" \/><\/div>\n\n\n<div class=\"post-info\">\n\t<h3 class=\"two_lines\">SATL Insin\u00f6\u00f6rity\u00f6gaalan 2025 tulokset ja&#8230;<\/h3>\n\n\t\n\t\t\t<p>Suomen Autoteknillinen Liitto j\u00e4rjesti kuudetta kertaa 16.9.2025 verkkotapahtumana SATL Insin\u00f6\u00f6rity\u00f6gaalan 2025, jossa esiteltiin yhteens\u00e4 kuusi tuoretta korkeakoulutasoista autoalan p\u00e4\u00e4tt\u00f6ty\u00f6t\u00e4 nelj\u00e4st\u00e4&#8230;<\/p>\n\t\t<div class=\"post-meta\">\n\t\t\t<span class=\"posted-on\"><time class=\"entry-date published updated\" datetime=\"%1$s\">19.09.2025<\/time><\/span>\t\t\t<ul><li><a href=\"https:\/\/satl.fi\/ajankohtaista-kategoria\/mediatiedotteet\/\">Mediatiedotteet<\/a><\/li><li><a href=\"https:\/\/satl.fi\/ajankohtaista-kategoria\/satl-insinoorityogaala\/\">SATL Insin\u00f6\u00f6rity\u00f6gaala<\/a><\/li><li><a href=\"https:\/\/satl.fi\/ajankohtaista-kategoria\/uutiset\/\">Uutiset<\/a><\/li><\/ul>\t\t<\/div>\n\t\n\t\n\t\n<\/div>\n<a class=\"wrap-link\" href=\"https:\/\/satl.fi\/ajankohtaista\/satl-insinoorityogaalan-2025-tulokset\/\" rel=\"bookmark\"><span class=\"screen-reader-text\">SATL Insin\u00f6\u00f6rity\u00f6gaalan 2025 tulokset ja esitykset<\/span><\/a>\n<\/article>\n\n\t\t\t\t\t\n\t\t\t\t\t\t\n\n\n<article class=\"listing-item post-19775 satl_article type-satl_article status-publish has-post-thumbnail hentry tag-liittokokous-2025 tag-uusi-puheenjohtaja tag-vuoden-autoteknikko-2024 satl_article_category-mediatiedotteet satl_article_category-uutiset\">\n\n<div class=\"listing-thumbnail\">\n\t<img loading=\"lazy\" decoding=\"async\" width=\"640\" height=\"640\" src=\"https:\/\/satl.fi\/vaty\/wp-content\/uploads\/2025\/03\/LK2025_kansi_1000x1000-640x640.jpg\" class=\"attachment-medium-square size-medium-square wp-post-image\" alt=\"Suomen Autoteknillinen Liitto my\u00f6nsi tunnustuksen s\u00e4hk\u00f6ajoneuvojen korjauksessa vahvasti vaikuttaneelle henkil\u00f6lle\" srcset=\"https:\/\/satl.fi\/vaty\/wp-content\/uploads\/2025\/03\/LK2025_kansi_1000x1000-640x640.jpg 640w, https:\/\/satl.fi\/vaty\/wp-content\/uploads\/2025\/03\/LK2025_kansi_1000x1000-300x300.jpg 300w, https:\/\/satl.fi\/vaty\/wp-content\/uploads\/2025\/03\/LK2025_kansi_1000x1000-150x150.jpg 150w, https:\/\/satl.fi\/vaty\/wp-content\/uploads\/2025\/03\/LK2025_kansi_1000x1000-768x768.jpg 768w, https:\/\/satl.fi\/vaty\/wp-content\/uploads\/2025\/03\/LK2025_kansi_1000x1000-400x400.jpg 400w, https:\/\/satl.fi\/vaty\/wp-content\/uploads\/2025\/03\/LK2025_kansi_1000x1000-600x600.jpg 600w, https:\/\/satl.fi\/vaty\/wp-content\/uploads\/2025\/03\/LK2025_kansi_1000x1000-100x100.jpg 100w, https:\/\/satl.fi\/vaty\/wp-content\/uploads\/2025\/03\/LK2025_kansi_1000x1000.jpg 1000w\" sizes=\"auto, (max-width: 640px) 100vw, 640px\" \/><\/div>\n\n\n<div class=\"post-info\">\n\t<h3 class=\"two_lines\">Suomen Autoteknillinen Liitto my\u00f6nsi tunnustuksen&#8230;<\/h3>\n\n\t\n\t\t\t<p>Suomen Autoteknillinen Liitto ry (SATL) on auto- ja ty\u00f6konealan asiantuntijoiden verkosto, jonka j\u00e4senyhdistyksiin kuuluu yli 4 800 j\u00e4sent\u00e4 35 paikallisyhdistyksess\u00e4&#8230;.<\/p>\n\t\t<div class=\"post-meta\">\n\t\t\t<span class=\"posted-on\"><time class=\"entry-date published updated\" datetime=\"%1$s\">25.03.2025<\/time><\/span>\t\t\t<ul><li><a href=\"https:\/\/satl.fi\/ajankohtaista-kategoria\/mediatiedotteet\/\">Mediatiedotteet<\/a><\/li><li><a href=\"https:\/\/satl.fi\/ajankohtaista-kategoria\/uutiset\/\">Uutiset<\/a><\/li><\/ul>\t\t<\/div>\n\t\n\t\n\t\n<\/div>\n<a class=\"wrap-link\" href=\"https:\/\/satl.fi\/ajankohtaista\/satl-lk-2025-tiedote\/\" rel=\"bookmark\"><span class=\"screen-reader-text\">Suomen Autoteknillinen Liitto my\u00f6nsi tunnustuksen s\u00e4hk\u00f6ajoneuvojen korjauksessa vahvasti vaikuttaneelle henkil\u00f6lle<\/span><\/a>\n<\/article>\n\n\t\t\t\t\t\n\t\t\t\t\t\t\n\n\n<article class=\"listing-item post-19251 satl_article type-satl_article status-publish has-post-thumbnail hentry tag-satl-insinoorityogaala-2024 satl_article_category-mediatiedotteet satl_article_category-satl-insinoorityogaala satl_article_category-uutiset\">\n\n<div class=\"listing-thumbnail\">\n\t<img loading=\"lazy\" decoding=\"async\" width=\"640\" height=\"640\" src=\"https:\/\/satl.fi\/vaty\/wp-content\/uploads\/2024\/02\/SATL_ins_tyogaala_2024_logo_1000x1000-640x640.jpg\" class=\"attachment-medium-square size-medium-square wp-post-image\" alt=\"SATL Insin\u00f6\u00f6rity\u00f6gaalan 2024 tulokset ja esitykset\" srcset=\"https:\/\/satl.fi\/vaty\/wp-content\/uploads\/2024\/02\/SATL_ins_tyogaala_2024_logo_1000x1000-640x640.jpg 640w, https:\/\/satl.fi\/vaty\/wp-content\/uploads\/2024\/02\/SATL_ins_tyogaala_2024_logo_1000x1000-300x300.jpg 300w, https:\/\/satl.fi\/vaty\/wp-content\/uploads\/2024\/02\/SATL_ins_tyogaala_2024_logo_1000x1000-150x150.jpg 150w, https:\/\/satl.fi\/vaty\/wp-content\/uploads\/2024\/02\/SATL_ins_tyogaala_2024_logo_1000x1000-768x768.jpg 768w, https:\/\/satl.fi\/vaty\/wp-content\/uploads\/2024\/02\/SATL_ins_tyogaala_2024_logo_1000x1000-600x600.jpg 600w, https:\/\/satl.fi\/vaty\/wp-content\/uploads\/2024\/02\/SATL_ins_tyogaala_2024_logo_1000x1000-100x100.jpg 100w, https:\/\/satl.fi\/vaty\/wp-content\/uploads\/2024\/02\/SATL_ins_tyogaala_2024_logo_1000x1000.jpg 1000w\" sizes=\"auto, (max-width: 640px) 100vw, 640px\" \/><\/div>\n\n\n<div class=\"post-info\">\n\t<h3 class=\"two_lines\">SATL Insin\u00f6\u00f6rity\u00f6gaalan 2024 tulokset ja&#8230;<\/h3>\n\n\t\n\t\t\t<p>Suomen Autoteknillinen Liitto j\u00e4rjesti viidett\u00e4 kertaa 14.5.2024 verkkotapahtumana SATL Insin\u00f6\u00f6rity\u00f6gaalan 2024, jossa esiteltiin yhteens\u00e4 kymmenen tuoretta korkeakoulutasoista autoalan p\u00e4\u00e4tt\u00f6ty\u00f6t\u00e4 seitsem\u00e4st\u00e4&#8230;<\/p>\n\t\t<div class=\"post-meta\">\n\t\t\t<span class=\"posted-on\"><time class=\"entry-date published updated\" datetime=\"%1$s\">17.05.2024<\/time><\/span>\t\t\t<ul><li><a href=\"https:\/\/satl.fi\/ajankohtaista-kategoria\/mediatiedotteet\/\">Mediatiedotteet<\/a><\/li><li><a href=\"https:\/\/satl.fi\/ajankohtaista-kategoria\/satl-insinoorityogaala\/\">SATL Insin\u00f6\u00f6rity\u00f6gaala<\/a><\/li><li><a href=\"https:\/\/satl.fi\/ajankohtaista-kategoria\/uutiset\/\">Uutiset<\/a><\/li><\/ul>\t\t<\/div>\n\t\n\t\n\t\n<\/div>\n<a class=\"wrap-link\" href=\"https:\/\/satl.fi\/ajankohtaista\/satl-insinoorityogaalan-2024-tulokset\/\" rel=\"bookmark\"><span class=\"screen-reader-text\">SATL Insin\u00f6\u00f6rity\u00f6gaalan 2024 tulokset ja esitykset<\/span><\/a>\n<\/article>\n\n\t\t\t\t\t\t\t\t\t\t\t\t\t\t\t<\/div>\n\t\t\t\t<\/div>\n\n\t\t\t<\/div>\n\t<\/div>\n<\/div>\n<\/div>\n\n\n\n<div id=\"satlevents-block_bc3348dc39d0906cfec2ac99f58af28d\" class=\" product-posts-block events-only margin-top-2\"><div class=\"grid-x\">\t\n\t\t<div class=\"cell small-12\"> \n\t\t\t<h2 class=\"arrowed absoluted\"><a href=\"\/tapahtumat\/\">SATL:n tapahtumat<\/a><\/h2>\n\t\t\t<ul class=\"tabs\" data-tabs id=\"product-tabs-events\">\n\t\t\t\t<li class=\"tabs-title is-active\"><a href=\"#panel-satl-latest\" aria-selected=\"true\" data-tabs-target=\"panel-satl-latest\">Uusimmat<\/a><\/li>\n\t\t\t\t<li class=\"tabs-title\"><a data-tabs-target=\"panel-satl-pop\" href=\"#panel-satl-pop\">Suosituimmat<\/a><\/li>\n\t\t\t<\/ul>\n\t\t\t<div class=\"tabs-content\" data-tabs-content=\"product-tabs-events\">\n\t\t\t\t<div class=\"tabs-panel is-active\" id=\"panel-satl-latest\">\n\t\t\t\t<div class=\"tabs-panel-inside\">\t\n\t\t\t\t\t\t\t\t\t<\/div>\n\t\t\t\t<\/div>\n\t\t\t\t<div class=\"tabs-panel\" id=\"panel-satl-pop\">\n\t\t\t\t<div class=\"tabs-panel-inside\">\t\n\t\t\t\t\t\n\t\t\t\t\t\n\t\t\t\t<\/div>\n\t\t\t\t<\/div>\n\n\t\t\t<\/div>\n\t<\/div>\n<\/div>\n<\/div>\n\n","protected":false},"excerpt":{"rendered":"<p>VATY on autoalan vastuu- ja asiantuntijateht\u00e4viss\u00e4 toimivien henkil\u00f6iden yhdistys. Olemme Suomen Autoteknillinen Liitto ry:n (SATL) j\u00e4senyhdistys. Yhteisty\u00f6ss\u00e4 toimintaamme ovat tukemassa:<\/p>\n","protected":false},"author":130,"featured_media":0,"parent":0,"menu_order":0,"comment_status":"closed","ping_status":"open","template":"page-home.php","meta":{"_acf_changed":false,"footnotes":""},"class_list":["post-1","page","type-page","status-publish","hentry"],"yoast_head":"<!-- This site is optimized with the Yoast SEO plugin v28.1 - https:\/\/yoast.com\/product\/yoast-seo-wordpress\/ -->\n<title>Varkauden Autoteknillinen Yhdistys ry (VATY) - Varkauden Autoteknillinen Yhdistys ry<\/title>\n<meta name=\"robots\" content=\"index, follow, max-snippet:-1, max-image-preview:large, max-video-preview:-1\" \/>\n<link rel=\"canonical\" href=\"https:\/\/satl.fi\/vaty\/\" \/>\n<meta property=\"og:locale\" content=\"fi_FI\" \/>\n<meta property=\"og:type\" content=\"article\" \/>\n<meta property=\"og:title\" content=\"Varkauden Autoteknillinen Yhdistys ry (VATY) - Varkauden Autoteknillinen Yhdistys ry\" \/>\n<meta property=\"og:description\" content=\"VATY on autoalan vastuu- ja asiantuntijateht\u00e4viss\u00e4 toimivien henkil\u00f6iden yhdistys. Olemme Suomen Autoteknillinen Liitto ry:n (SATL) j\u00e4senyhdistys. Yhteisty\u00f6ss\u00e4 toimintaamme ovat tukemassa:\" \/>\n<meta property=\"og:url\" content=\"https:\/\/satl.fi\/vaty\/\" \/>\n<meta property=\"og:site_name\" content=\"Varkauden Autoteknillinen Yhdistys ry\" \/>\n<meta property=\"article:modified_time\" content=\"2026-07-10T13:27:12+00:00\" \/>\n<meta property=\"og:image\" content=\"https:\/\/satl.fi\/vaty\/wp-content\/blogs.dir\/4\/files\/sites\/58\/2020\/03\/vatylogo.jpg.jpg\" \/>\n\t<meta property=\"og:image:width\" content=\"80\" \/>\n\t<meta property=\"og:image:height\" content=\"106\" \/>\n\t<meta property=\"og:image:type\" content=\"image\/jpeg\" \/>\n<meta name=\"twitter:card\" content=\"summary_large_image\" \/>\n<meta name=\"twitter:label1\" content=\"Arvioitu lukuaika\" \/>\n\t<meta name=\"twitter:data1\" content=\"3 minuuttia\" \/>\n<script type=\"application\/ld+json\" class=\"yoast-schema-graph\">{\"@context\":\"https:\\\/\\\/schema.org\",\"@graph\":[{\"@type\":\"WebPage\",\"@id\":\"https:\\\/\\\/satl.fi\\\/vaty\\\/\",\"url\":\"https:\\\/\\\/satl.fi\\\/vaty\\\/\",\"name\":\"Varkauden Autoteknillinen Yhdistys ry (VATY) - Varkauden Autoteknillinen Yhdistys ry\",\"isPartOf\":{\"@id\":\"https:\\\/\\\/satl.fi\\\/vaty\\\/#website\"},\"primaryImageOfPage\":{\"@id\":\"https:\\\/\\\/satl.fi\\\/vaty\\\/#primaryimage\"},\"image\":{\"@id\":\"https:\\\/\\\/satl.fi\\\/vaty\\\/#primaryimage\"},\"thumbnailUrl\":\"https:\\\/\\\/satl.fi\\\/vaty\\\/wp-content\\\/blogs.dir\\\/4\\\/files\\\/sites\\\/58\\\/2020\\\/03\\\/vatylogo.jpg.jpg\",\"datePublished\":\"2020-03-11T08:28:00+00:00\",\"dateModified\":\"2026-07-10T13:27:12+00:00\",\"breadcrumb\":{\"@id\":\"https:\\\/\\\/satl.fi\\\/vaty\\\/#breadcrumb\"},\"inLanguage\":\"fi\",\"potentialAction\":[{\"@type\":\"ReadAction\",\"target\":[\"https:\\\/\\\/satl.fi\\\/vaty\\\/\"]}]},{\"@type\":\"ImageObject\",\"inLanguage\":\"fi\",\"@id\":\"https:\\\/\\\/satl.fi\\\/vaty\\\/#primaryimage\",\"url\":\"https:\\\/\\\/satl.fi\\\/vaty\\\/wp-content\\\/blogs.dir\\\/4\\\/files\\\/sites\\\/58\\\/2020\\\/03\\\/vatylogo.jpg.jpg\",\"contentUrl\":\"https:\\\/\\\/satl.fi\\\/vaty\\\/wp-content\\\/blogs.dir\\\/4\\\/files\\\/sites\\\/58\\\/2020\\\/03\\\/vatylogo.jpg.jpg\",\"width\":80,\"height\":106},{\"@type\":\"BreadcrumbList\",\"@id\":\"https:\\\/\\\/satl.fi\\\/vaty\\\/#breadcrumb\",\"itemListElement\":[{\"@type\":\"ListItem\",\"position\":1,\"name\":\"Home\",\"item\":\"https:\\\/\\\/satl.fi\\\/vaty\\\/\"},{\"@type\":\"ListItem\",\"position\":2,\"name\":\"Varkauden Autoteknillinen Yhdistys ry (VATY)\"}]},{\"@type\":\"WebSite\",\"@id\":\"https:\\\/\\\/satl.fi\\\/vaty\\\/#website\",\"url\":\"https:\\\/\\\/satl.fi\\\/vaty\\\/\",\"name\":\"Varkauden Autoteknillinen Yhdistys ry\",\"description\":\"\",\"potentialAction\":[{\"@type\":\"SearchAction\",\"target\":{\"@type\":\"EntryPoint\",\"urlTemplate\":\"https:\\\/\\\/satl.fi\\\/vaty\\\/?s={search_term_string}\"},\"query-input\":{\"@type\":\"PropertyValueSpecification\",\"valueRequired\":true,\"valueName\":\"search_term_string\"}}],\"inLanguage\":\"fi\"}]}<\/script>\n<!-- \/ Yoast SEO plugin. -->","yoast_head_json":{"title":"Varkauden Autoteknillinen Yhdistys ry (VATY) - Varkauden Autoteknillinen Yhdistys ry","robots":{"index":"index","follow":"follow","max-snippet":"max-snippet:-1","max-image-preview":"max-image-preview:large","max-video-preview":"max-video-preview:-1"},"canonical":"https:\/\/satl.fi\/vaty\/","og_locale":"fi_FI","og_type":"article","og_title":"Varkauden Autoteknillinen Yhdistys ry (VATY) - Varkauden Autoteknillinen Yhdistys ry","og_description":"VATY on autoalan vastuu- ja asiantuntijateht\u00e4viss\u00e4 toimivien henkil\u00f6iden yhdistys. Olemme Suomen Autoteknillinen Liitto ry:n (SATL) j\u00e4senyhdistys. Yhteisty\u00f6ss\u00e4 toimintaamme ovat tukemassa:","og_url":"https:\/\/satl.fi\/vaty\/","og_site_name":"Varkauden Autoteknillinen Yhdistys ry","article_modified_time":"2026-07-10T13:27:12+00:00","og_image":[{"width":80,"height":106,"url":"https:\/\/satl.fi\/vaty\/wp-content\/blogs.dir\/4\/files\/sites\/58\/2020\/03\/vatylogo.jpg.jpg","type":"image\/jpeg"}],"twitter_card":"summary_large_image","twitter_misc":{"Arvioitu lukuaika":"3 minuuttia"},"schema":{"@context":"https:\/\/schema.org","@graph":[{"@type":"WebPage","@id":"https:\/\/satl.fi\/vaty\/","url":"https:\/\/satl.fi\/vaty\/","name":"Varkauden Autoteknillinen Yhdistys ry (VATY) - Varkauden Autoteknillinen Yhdistys ry","isPartOf":{"@id":"https:\/\/satl.fi\/vaty\/#website"},"primaryImageOfPage":{"@id":"https:\/\/satl.fi\/vaty\/#primaryimage"},"image":{"@id":"https:\/\/satl.fi\/vaty\/#primaryimage"},"thumbnailUrl":"https:\/\/satl.fi\/vaty\/wp-content\/blogs.dir\/4\/files\/sites\/58\/2020\/03\/vatylogo.jpg.jpg","datePublished":"2020-03-11T08:28:00+00:00","dateModified":"2026-07-10T13:27:12+00:00","breadcrumb":{"@id":"https:\/\/satl.fi\/vaty\/#breadcrumb"},"inLanguage":"fi","potentialAction":[{"@type":"ReadAction","target":["https:\/\/satl.fi\/vaty\/"]}]},{"@type":"ImageObject","inLanguage":"fi","@id":"https:\/\/satl.fi\/vaty\/#primaryimage","url":"https:\/\/satl.fi\/vaty\/wp-content\/blogs.dir\/4\/files\/sites\/58\/2020\/03\/vatylogo.jpg.jpg","contentUrl":"https:\/\/satl.fi\/vaty\/wp-content\/blogs.dir\/4\/files\/sites\/58\/2020\/03\/vatylogo.jpg.jpg","width":80,"height":106},{"@type":"BreadcrumbList","@id":"https:\/\/satl.fi\/vaty\/#breadcrumb","itemListElement":[{"@type":"ListItem","position":1,"name":"Home","item":"https:\/\/satl.fi\/vaty\/"},{"@type":"ListItem","position":2,"name":"Varkauden Autoteknillinen Yhdistys ry (VATY)"}]},{"@type":"WebSite","@id":"https:\/\/satl.fi\/vaty\/#website","url":"https:\/\/satl.fi\/vaty\/","name":"Varkauden Autoteknillinen Yhdistys ry","description":"","potentialAction":[{"@type":"SearchAction","target":{"@type":"EntryPoint","urlTemplate":"https:\/\/satl.fi\/vaty\/?s={search_term_string}"},"query-input":{"@type":"PropertyValueSpecification","valueRequired":true,"valueName":"search_term_string"}}],"inLanguage":"fi"}]}},"acf":[],"distributor_meta":false,"distributor_terms":false,"distributor_media":false,"distributor_original_site_name":"Varkauden Autoteknillinen Yhdistys ry","distributor_original_site_url":"https:\/\/satl.fi\/vaty","push-errors":false,"_links":{"self":[{"href":"https:\/\/satl.fi\/vaty\/wp-json\/wp\/v2\/pages\/1","targetHints":{"allow":["GET"]}}],"collection":[{"href":"https:\/\/satl.fi\/vaty\/wp-json\/wp\/v2\/pages"}],"about":[{"href":"https:\/\/satl.fi\/vaty\/wp-json\/wp\/v2\/types\/page"}],"author":[{"embeddable":true,"href":"https:\/\/satl.fi\/vaty\/wp-json\/wp\/v2\/users\/130"}],"replies":[{"embeddable":true,"href":"https:\/\/satl.fi\/vaty\/wp-json\/wp\/v2\/comments?post=1"}],"version-history":[{"count":29,"href":"https:\/\/satl.fi\/vaty\/wp-json\/wp\/v2\/pages\/1\/revisions"}],"predecessor-version":[{"id":642,"href":"https:\/\/satl.fi\/vaty\/wp-json\/wp\/v2\/pages\/1\/revisions\/642"}],"wp:attachment":[{"href":"https:\/\/satl.fi\/vaty\/wp-json\/wp\/v2\/media?parent=1"}],"curies":[{"name":"wp","href":"https:\/\/api.w.org\/{rel}","templated":true}]}}