{"id":1,"date":"2019-11-12T10:28:00","date_gmt":"2019-11-12T08:28:00","guid":{"rendered":"https:\/\/satl.fi\/taty\/?page_id=1"},"modified":"2020-06-15T13:32:33","modified_gmt":"2020-06-15T10:32:33","slug":"seravo-start","status":"publish","type":"page","link":"https:\/\/satl.fi\/taty\/","title":{"rendered":"Tampereen Autoteknillinen Yhdistys ry (TATY)"},"content":{"rendered":"\n<div class=\"wp-block-image\"><figure class=\"aligncenter size-large is-resized\"><img loading=\"lazy\" decoding=\"async\" src=\"https:\/\/satl.fi\/taty\/wp-content\/blogs.dir\/4\/files\/sites\/21\/2020\/02\/taty-logo-1-1.jpg\" alt=\"\" class=\"wp-image-171\" width=\"50\" height=\"50\"\/><\/figure><\/div>\n\n\n\n<p class=\"has-text-align-center wp-block-paragraph\">Tampereen Autoteknillinen Yhdistys toimii autoalan kehityksen edist\u00e4j\u00e4n\u00e4 sek\u00e4 teknillisen ja toiminnallisen ammattitaidon kehitt\u00e4j\u00e4n\u00e4  alueella. Yhdistys on Suomen Autoteknillinen Liitto ry:n (SATL) j\u00e4senyhdistys.<\/p>\n\n\n\n<div class=\"wp-block-button aligncenter\"><a class=\"wp-block-button__link\" href=\"https:\/\/satl.fi\/taty\/tietoa-yhdistyksesta\/\">Lue lis\u00e4\u00e4 yhdistyksest\u00e4<\/a><\/div>\n\n\n\n<div id=\"news-block_5dca7f280356d\" class=\" news-posts-block margin-top-4\">\n\n\t<div class=\"grid-x\">\n\t\t<div class=\"cell small-12\">\n\n\t\t\t<h2 class=\"arrowed absoluted\">\n\t\t\t\t<a href=\"https:\/\/satl.fi\/taty\/ajankohtaista\/\">\n\t\t\t\tAjankohtaista<\/a><\/h2>\n\n\t\t\t<ul class=\"tabs\" data-tabs id=\"news-tabs\">\n\t\t\t\t<li class=\"tabs-title is-active\"><a href=\"#panel1\" aria-selected=\"true\">Kaikki<\/a><\/li>\n\t\t\t\t<li class=\"tabs-title\"><a data-tabs-target=\"panel2\" href=\"#panel2\">Uutiset<\/a><\/li>\n\t\t\t\t<li class=\"tabs-title\"><a data-tabs-target=\"panel3\" href=\"#panel3\">\n\n\t\t\t\t\t\t\t\t\t\t\tTapahtumat\n\t\t\t\t\t\n\t\t\t\t<\/a><\/li>\n\t\t\t<\/ul>\n\n\t\t\t<div class=\"tabs-content\" data-tabs-content=\"news-tabs\">\n\n\t\t\t\t<div class=\"tabs-panel is-active\" id=\"panel1\">\n\t\t\t\t<div class=\"tabs-panel-inside wide-50\">\n\t\t\t\t\t\n\t\t\t\t\t\n\t\t\t\t\t\t\n\n\n<article class=\"listing-item post-76 satl_article type-satl_article status-publish has-post-thumbnail hentry satl_article_category-tapahtumat\">\n\n<div class=\"listing-thumbnail\">\n\t<img loading=\"lazy\" decoding=\"async\" width=\"480\" height=\"480\" src=\"https:\/\/satl.fi\/taty\/wp-content\/blogs.dir\/4\/files\/sites\/21\/2020\/02\/Tatylogo_2.jpg\" class=\"attachment-medium-square size-medium-square wp-post-image\" alt=\"TAMPEREEN AUTOTEKNILLISEN YHDISTYKSEN KOKOUS\" srcset=\"https:\/\/satl.fi\/taty\/wp-content\/blogs.dir\/4\/files\/sites\/21\/2020\/02\/Tatylogo_2.jpg 480w, https:\/\/satl.fi\/taty\/wp-content\/blogs.dir\/4\/files\/sites\/21\/2020\/02\/Tatylogo_2-300x300.jpg 300w, https:\/\/satl.fi\/taty\/wp-content\/blogs.dir\/4\/files\/sites\/21\/2020\/02\/Tatylogo_2-150x150.jpg 150w\" sizes=\"auto, (max-width: 480px) 100vw, 480px\" \/><\/div>\n\n\n<div class=\"post-info\">\n\t<h3 class=\"two_lines\">TAMPEREEN AUTOTEKNILLISEN YHDISTYKSEN KOKOUS<\/h3>\n\n\t\n\t\t\t<p>KUUKAUSIKOKOUS Yhdistyksen seuraava kokous on suunnitteilla. Edellinen kokous pidettiin TAMK:lla torstaina 9.10. klo 17 tutustumalla Tampere Formula Studentin toimintaan. TERVETULOA&#8230;<\/p>\n\t\t<div class=\"post-meta\">\n\t\t\t<span class=\"posted-on\"><time class=\"entry-date published updated\" datetime=\"%1$s\">15.10.2025<\/time><\/span>\t\t\t<ul><li><a href=\"https:\/\/satl.fi\/taty\/ajankohtaista-kategoria\/tapahtumat\/\">Tapahtumat<\/a><\/li><\/ul>\t\t<\/div>\n\t\n\t\n\t\n<\/div>\n<a class=\"wrap-link\" href=\"https:\/\/satl.fi\/taty\/ajankohtaista\/kokous\/\" rel=\"bookmark\"><span class=\"screen-reader-text\">TAMPEREEN AUTOTEKNILLISEN YHDISTYKSEN KOKOUS<\/span><\/a>\n<\/article>\n\n\t\t\t\t\t\n\t\t\t\t\t\t\n\n\n<article class=\"listing-item post-276 satl_article type-satl_article status-publish has-post-thumbnail hentry tag-seniorit satl_article_category-tapahtumat\">\n\n<div class=\"listing-thumbnail\">\n\t<img loading=\"lazy\" decoding=\"async\" width=\"480\" height=\"480\" src=\"https:\/\/satl.fi\/taty\/wp-content\/blogs.dir\/4\/files\/sites\/21\/2020\/02\/Tatylogo_2.jpg\" class=\"attachment-medium-square size-medium-square wp-post-image\" alt=\"TATYn Seniorien kokoukset\" srcset=\"https:\/\/satl.fi\/taty\/wp-content\/blogs.dir\/4\/files\/sites\/21\/2020\/02\/Tatylogo_2.jpg 480w, https:\/\/satl.fi\/taty\/wp-content\/blogs.dir\/4\/files\/sites\/21\/2020\/02\/Tatylogo_2-300x300.jpg 300w, https:\/\/satl.fi\/taty\/wp-content\/blogs.dir\/4\/files\/sites\/21\/2020\/02\/Tatylogo_2-150x150.jpg 150w\" sizes=\"auto, (max-width: 480px) 100vw, 480px\" \/><\/div>\n\n\n<div class=\"post-info\">\n\t<h3 class=\"two_lines\">TATYn Seniorien kokoukset<\/h3>\n\n\t\n\t\t\t<p>Tapaamisia jatketaan p\u00e4\u00e4kirjasto Metsossa. Seuraavaa tapaaminen on: Maanantaina 29.10. klo 13-15 Tammi-sali Maanantaina 3.11. klo 13-15 Tammi-sali Kokoukset voidaan aloittaa&#8230;<\/p>\n\t\t<div class=\"post-meta\">\n\t\t\t<span class=\"posted-on\"><time class=\"entry-date published updated\" datetime=\"%1$s\">15.10.2025<\/time><\/span>\t\t\t<ul><li><a href=\"https:\/\/satl.fi\/taty\/ajankohtaista-kategoria\/tapahtumat\/\">Tapahtumat<\/a><\/li><\/ul>\t\t<\/div>\n\t\n\t\n\t\n<\/div>\n<a class=\"wrap-link\" href=\"https:\/\/satl.fi\/taty\/ajankohtaista\/tatyn-seniorien-kokoukset\/\" rel=\"bookmark\"><span class=\"screen-reader-text\">TATYn Seniorien kokoukset<\/span><\/a>\n<\/article>\n\n\t\t\t\t\t\n\t\t\t\t\t\t\n\n\n<article class=\"listing-item post-82 satl_article type-satl_article status-publish has-post-thumbnail hentry satl_article_category-uutiset\">\n\n<div class=\"listing-thumbnail\">\n\t<img loading=\"lazy\" decoding=\"async\" width=\"640\" height=\"640\" src=\"https:\/\/satl.fi\/taty\/wp-content\/blogs.dir\/4\/files\/sites\/21\/2019\/11\/adult-books-coffee-374016-2-640x640.jpg\" class=\"attachment-medium-square size-medium-square wp-post-image\" alt=\"TATYn toimihenkil\u00f6iss\u00e4 vaihdoksia\" srcset=\"https:\/\/satl.fi\/taty\/wp-content\/blogs.dir\/4\/files\/sites\/21\/2019\/11\/adult-books-coffee-374016-2-640x640.jpg 640w, https:\/\/satl.fi\/taty\/wp-content\/blogs.dir\/4\/files\/sites\/21\/2019\/11\/adult-books-coffee-374016-2-150x150.jpg 150w, https:\/\/satl.fi\/taty\/wp-content\/blogs.dir\/4\/files\/sites\/21\/2019\/11\/adult-books-coffee-374016-2-1024x1024.jpg 1024w\" sizes=\"auto, (max-width: 640px) 100vw, 640px\" \/><\/div>\n\n\n<div class=\"post-info\">\n\t<h3 class=\"two_lines\">TATYn toimihenkil\u00f6iss\u00e4 vaihdoksia<\/h3>\n\n\t\n\t\t\t<p>Vuosikokouksessa valittiin yhdistyksen uudeksi puheenjohtajaksi Jussi Mattila. Hallitus kutsui uudeksi rahastonhoitajaksi Jari Laitisen. Hallituksen kutsumana sihteerin\u00e4 jatkaa Pekka Hjon. Hallitus&#8230;<\/p>\n\t\t<div class=\"post-meta\">\n\t\t\t<span class=\"posted-on\"><time class=\"entry-date published updated\" datetime=\"%1$s\">1.4.2025<\/time><\/span>\t\t\t<ul><li><a href=\"https:\/\/satl.fi\/taty\/ajankohtaista-kategoria\/uutiset\/\">Uutiset<\/a><\/li><\/ul>\t\t<\/div>\n\t\n\t\n\t\n<\/div>\n<a class=\"wrap-link\" href=\"https:\/\/satl.fi\/taty\/ajankohtaista\/uutta-ilmetta\/\" rel=\"bookmark\"><span class=\"screen-reader-text\">TATYn toimihenkil\u00f6iss\u00e4 vaihdoksia<\/span><\/a>\n<\/article>\n\n\t\t\t\t\t\n\t\t\t\t\t\t\n\n\n<article class=\"listing-item post-346 satl_article type-satl_article status-publish hentry satl_article_category-uutiset\">\n\n\n<div class=\"listing-thumbnail\">\n\t<img decoding=\"async\" src=\"https:\/\/satl.fi\/taty\/wp-content\/themes\/satl\/dist\/assets\/img\/placeholder_thumbnail.jpg );\"\/>\n<\/div>\n\n\n\n<div class=\"post-info\">\n\t<h3 class=\"two_lines\">SATL Liittokokous 22.3.2025 Kuopiossa<\/h3>\n\n\t\n\t\t\t<p>SATL:n 90. Liittokokous oli 22.3.2025 Kuopiossa Kuopion Autoteknillisen Yhdistyksen j\u00e4rjest\u00e4m\u00e4n\u00e4. Liittokokous valitsi liittohallituksen puheenjohtajaksi Pentti Ala-Maakalan Tampereelta. H\u00e4meen piirin edustajaksi&#8230;<\/p>\n\t\t<div class=\"post-meta\">\n\t\t\t<span class=\"posted-on\"><time class=\"entry-date published updated\" datetime=\"%1$s\">24.2.2022<\/time><\/span>\t\t\t<ul><li><a href=\"https:\/\/satl.fi\/taty\/ajankohtaista-kategoria\/uutiset\/\">Uutiset<\/a><\/li><\/ul>\t\t<\/div>\n\t\n\t\n\t\n<\/div>\n<a class=\"wrap-link\" href=\"https:\/\/satl.fi\/taty\/ajankohtaista\/satl-liittokokous-2023-tampereella\/\" rel=\"bookmark\"><span class=\"screen-reader-text\">SATL Liittokokous 22.3.2025 Kuopiossa<\/span><\/a>\n<\/article>\n\n\t\t\t\t\t\t\t\t\t\t\t\t\t\t<\/div>\n\t\t\t\t<\/div>\n\n\t\t\t\t<div class=\"tabs-panel\" id=\"panel2\">\n\t\t\t\t\t<div class=\"tabs-panel-inside wide-50\">\n\t\t\t\t\t\n\t\t\t\t\t\n\t\t\t\t\t\t\n\n\n<article class=\"listing-item post-82 satl_article type-satl_article status-publish has-post-thumbnail hentry satl_article_category-uutiset\">\n\n<div class=\"listing-thumbnail\">\n\t<img loading=\"lazy\" decoding=\"async\" width=\"640\" height=\"640\" src=\"https:\/\/satl.fi\/taty\/wp-content\/blogs.dir\/4\/files\/sites\/21\/2019\/11\/adult-books-coffee-374016-2-640x640.jpg\" class=\"attachment-medium-square size-medium-square wp-post-image\" alt=\"TATYn toimihenkil\u00f6iss\u00e4 vaihdoksia\" srcset=\"https:\/\/satl.fi\/taty\/wp-content\/blogs.dir\/4\/files\/sites\/21\/2019\/11\/adult-books-coffee-374016-2-640x640.jpg 640w, https:\/\/satl.fi\/taty\/wp-content\/blogs.dir\/4\/files\/sites\/21\/2019\/11\/adult-books-coffee-374016-2-150x150.jpg 150w, https:\/\/satl.fi\/taty\/wp-content\/blogs.dir\/4\/files\/sites\/21\/2019\/11\/adult-books-coffee-374016-2-1024x1024.jpg 1024w\" sizes=\"auto, (max-width: 640px) 100vw, 640px\" \/><\/div>\n\n\n<div class=\"post-info\">\n\t<h3 class=\"two_lines\">TATYn toimihenkil\u00f6iss\u00e4 vaihdoksia<\/h3>\n\n\t\n\t\t\t<p>Vuosikokouksessa valittiin yhdistyksen uudeksi puheenjohtajaksi Jussi Mattila. Hallitus kutsui uudeksi rahastonhoitajaksi Jari Laitisen. Hallituksen kutsumana sihteerin\u00e4 jatkaa Pekka Hjon. Hallitus&#8230;<\/p>\n\t\t<div class=\"post-meta\">\n\t\t\t<span class=\"posted-on\"><time class=\"entry-date published updated\" datetime=\"%1$s\">1.4.2025<\/time><\/span>\t\t\t<ul><li><a href=\"https:\/\/satl.fi\/taty\/ajankohtaista-kategoria\/uutiset\/\">Uutiset<\/a><\/li><\/ul>\t\t<\/div>\n\t\n\t\n\t\n<\/div>\n<a class=\"wrap-link\" href=\"https:\/\/satl.fi\/taty\/ajankohtaista\/uutta-ilmetta\/\" rel=\"bookmark\"><span class=\"screen-reader-text\">TATYn toimihenkil\u00f6iss\u00e4 vaihdoksia<\/span><\/a>\n<\/article>\n\n\t\t\t\t\t\n\t\t\t\t\t\t\n\n\n<article class=\"listing-item post-346 satl_article type-satl_article status-publish hentry satl_article_category-uutiset\">\n\n\n<div class=\"listing-thumbnail\">\n\t<img decoding=\"async\" src=\"https:\/\/satl.fi\/taty\/wp-content\/themes\/satl\/dist\/assets\/img\/placeholder_thumbnail.jpg );\"\/>\n<\/div>\n\n\n\n<div class=\"post-info\">\n\t<h3 class=\"two_lines\">SATL Liittokokous 22.3.2025 Kuopiossa<\/h3>\n\n\t\n\t\t\t<p>SATL:n 90. Liittokokous oli 22.3.2025 Kuopiossa Kuopion Autoteknillisen Yhdistyksen j\u00e4rjest\u00e4m\u00e4n\u00e4. Liittokokous valitsi liittohallituksen puheenjohtajaksi Pentti Ala-Maakalan Tampereelta. H\u00e4meen piirin edustajaksi&#8230;<\/p>\n\t\t<div class=\"post-meta\">\n\t\t\t<span class=\"posted-on\"><time class=\"entry-date published updated\" datetime=\"%1$s\">24.2.2022<\/time><\/span>\t\t\t<ul><li><a href=\"https:\/\/satl.fi\/taty\/ajankohtaista-kategoria\/uutiset\/\">Uutiset<\/a><\/li><\/ul>\t\t<\/div>\n\t\n\t\n\t\n<\/div>\n<a class=\"wrap-link\" href=\"https:\/\/satl.fi\/taty\/ajankohtaista\/satl-liittokokous-2023-tampereella\/\" rel=\"bookmark\"><span class=\"screen-reader-text\">SATL Liittokokous 22.3.2025 Kuopiossa<\/span><\/a>\n<\/article>\n\n\t\t\t\t\t\t\t\t\t\t\t\t\t\t\t<\/div>\n\t\t\t\t<\/div>\n\n\n\t\t\t\t<div class=\"tabs-panel\" id=\"panel3\">\n\t\t\t\t\t<div class=\"tabs-panel-inside wide-50\">\n\n\t\t\t\t\t\n\t\t\t\t\t\n\t\t\t\t\t\n\n\t\t\t\t\t\n\t\t\t\t\t\n\t\t\t\t\t\t\n\n\n<article class=\"listing-item post-76 satl_article type-satl_article status-publish has-post-thumbnail hentry satl_article_category-tapahtumat\">\n\n<div class=\"listing-thumbnail\">\n\t<img loading=\"lazy\" decoding=\"async\" width=\"480\" height=\"480\" src=\"https:\/\/satl.fi\/taty\/wp-content\/blogs.dir\/4\/files\/sites\/21\/2020\/02\/Tatylogo_2.jpg\" class=\"attachment-medium-square size-medium-square wp-post-image\" alt=\"TAMPEREEN AUTOTEKNILLISEN YHDISTYKSEN KOKOUS\" srcset=\"https:\/\/satl.fi\/taty\/wp-content\/blogs.dir\/4\/files\/sites\/21\/2020\/02\/Tatylogo_2.jpg 480w, https:\/\/satl.fi\/taty\/wp-content\/blogs.dir\/4\/files\/sites\/21\/2020\/02\/Tatylogo_2-300x300.jpg 300w, https:\/\/satl.fi\/taty\/wp-content\/blogs.dir\/4\/files\/sites\/21\/2020\/02\/Tatylogo_2-150x150.jpg 150w\" sizes=\"auto, (max-width: 480px) 100vw, 480px\" \/><\/div>\n\n\n<div class=\"post-info\">\n\t<h3 class=\"two_lines\">TAMPEREEN AUTOTEKNILLISEN YHDISTYKSEN KOKOUS<\/h3>\n\n\t\n\t\t\t<p>KUUKAUSIKOKOUS Yhdistyksen seuraava kokous on suunnitteilla. Edellinen kokous pidettiin TAMK:lla torstaina 9.10. klo 17 tutustumalla Tampere Formula Studentin toimintaan. TERVETULOA&#8230;<\/p>\n\t\t<div class=\"post-meta\">\n\t\t\t<span class=\"posted-on\"><time class=\"entry-date published updated\" datetime=\"%1$s\">15.10.2025<\/time><\/span>\t\t\t<ul><li><a href=\"https:\/\/satl.fi\/taty\/ajankohtaista-kategoria\/tapahtumat\/\">Tapahtumat<\/a><\/li><\/ul>\t\t<\/div>\n\t\n\t\n\t\n<\/div>\n<a class=\"wrap-link\" href=\"https:\/\/satl.fi\/taty\/ajankohtaista\/kokous\/\" rel=\"bookmark\"><span class=\"screen-reader-text\">TAMPEREEN AUTOTEKNILLISEN YHDISTYKSEN KOKOUS<\/span><\/a>\n<\/article>\n\n\t\t\t\t\t\n\t\t\t\t\t\t\n\n\n<article class=\"listing-item post-276 satl_article type-satl_article status-publish has-post-thumbnail hentry tag-seniorit satl_article_category-tapahtumat\">\n\n<div class=\"listing-thumbnail\">\n\t<img loading=\"lazy\" decoding=\"async\" width=\"480\" height=\"480\" src=\"https:\/\/satl.fi\/taty\/wp-content\/blogs.dir\/4\/files\/sites\/21\/2020\/02\/Tatylogo_2.jpg\" class=\"attachment-medium-square size-medium-square wp-post-image\" alt=\"TATYn Seniorien kokoukset\" srcset=\"https:\/\/satl.fi\/taty\/wp-content\/blogs.dir\/4\/files\/sites\/21\/2020\/02\/Tatylogo_2.jpg 480w, https:\/\/satl.fi\/taty\/wp-content\/blogs.dir\/4\/files\/sites\/21\/2020\/02\/Tatylogo_2-300x300.jpg 300w, https:\/\/satl.fi\/taty\/wp-content\/blogs.dir\/4\/files\/sites\/21\/2020\/02\/Tatylogo_2-150x150.jpg 150w\" sizes=\"auto, (max-width: 480px) 100vw, 480px\" \/><\/div>\n\n\n<div class=\"post-info\">\n\t<h3 class=\"two_lines\">TATYn Seniorien kokoukset<\/h3>\n\n\t\n\t\t\t<p>Tapaamisia jatketaan p\u00e4\u00e4kirjasto Metsossa. Seuraavaa tapaaminen on: Maanantaina 29.10. klo 13-15 Tammi-sali Maanantaina 3.11. klo 13-15 Tammi-sali Kokoukset voidaan aloittaa&#8230;<\/p>\n\t\t<div class=\"post-meta\">\n\t\t\t<span class=\"posted-on\"><time class=\"entry-date published updated\" datetime=\"%1$s\">15.10.2025<\/time><\/span>\t\t\t<ul><li><a href=\"https:\/\/satl.fi\/taty\/ajankohtaista-kategoria\/tapahtumat\/\">Tapahtumat<\/a><\/li><\/ul>\t\t<\/div>\n\t\n\t\n\t\n<\/div>\n<a class=\"wrap-link\" href=\"https:\/\/satl.fi\/taty\/ajankohtaista\/tatyn-seniorien-kokoukset\/\" rel=\"bookmark\"><span class=\"screen-reader-text\">TATYn Seniorien kokoukset<\/span><\/a>\n<\/article>\n\n\t\t\t\t\t\t\t\t\t\t\t\t\t\t\t<\/div>\n\t\t\t\t<\/div>\n\n\t\t\t<\/div>\n\t<\/div>\n<\/div>\n<\/div>\n\n\n\n\n<div id=\"news-block_5dca7ee950910\" class=\" news-posts-block margin-top-2\">\n\n\t<div class=\"grid-x\">\n\t\t<div class=\"cell small-12\"> \n\n\t\t\t<h2 class=\"arrowed absoluted\">\n\t\t\t\t<a href=\"\/ajankohtaista\/\">\n\t\t\t\tSATL:n ajankohtaiset<\/a><\/h2>\n\n\t\t\t<ul class=\"tabs\" data-tabs id=\"news-tabs\">\n\t\t\t\t<li class=\"tabs-title is-active\"><a href=\"#spanel1\" aria-selected=\"true\">Kaikki<\/a><\/li>\n\t\t\t\t<li class=\"tabs-title\"><a data-tabs-target=\"spanel2\" href=\"#panel2\">Uutiset<\/a><\/li>\n\t\t\t\t<li class=\"tabs-title\"><a data-tabs-target=\"spanel3\" href=\"#panel3\">Mediatiedotteet<\/a><\/li>\n\t\t\t<\/ul>\n\t\t\t\n\t\t\t<div class=\"tabs-content\" data-tabs-content=\"news-tabs\">\n\t\t\t\t\n\t\t\t\t<div class=\"tabs-panel is-active\" id=\"spanel1\">\n\t\t\t\t<div class=\"tabs-panel-inside wide-50\">\t\n\t\t\t\t\t\n\t\t\t\t\t\n\t\t\t\t\t\t\n\n\n<article class=\"listing-item post-20679 satl_article type-satl_article status-publish has-post-thumbnail hentry tag-satln-autoteknillinen-pikkujouluristeily satl_article_category-uutiset\">\n\n<div class=\"listing-thumbnail\">\n\t<img loading=\"lazy\" decoding=\"async\" width=\"640\" height=\"600\" src=\"https:\/\/satl.fi\/taty\/wp-content\/uploads\/2019\/07\/Viking-Grace-talvi-640x600.jpg\" class=\"attachment-medium-square size-medium-square wp-post-image\" alt=\"Vuoden 2026 pikkujouluristeily\" \/><\/div>\n\n\n<div class=\"post-info\">\n\t<h3 class=\"two_lines\">Vuoden 2026 pikkujouluristeily<\/h3>\n\n\t\n\t\t\t<p>SATL:n virallinen Autoteknillinen pikkujouluristeily vuodelle 2026 j\u00e4rjestet\u00e4\u00e4n 20.-21.11.2026. SATL:n virallinen Autoteknillinen pikkujouluristeily j\u00e4rjestet\u00e4\u00e4n 20.-21.11.2026 Viking Grace -laivalla matkalla Turusta Tukholmaan&#8230;<\/p>\n\t\t<div class=\"post-meta\">\n\t\t\t<span class=\"posted-on\"><time class=\"entry-date published updated\" datetime=\"%1$s\">1.09.2026<\/time><\/span>\t\t\t<ul><li><a href=\"https:\/\/satl.fi\/ajankohtaista-kategoria\/uutiset\/\">Uutiset<\/a><\/li><\/ul>\t\t<\/div>\n\t\n\t\n\t\n<\/div>\n<a class=\"wrap-link\" href=\"https:\/\/satl.fi\/ajankohtaista\/vuoden-2026-pikkujouluristeily\/\" rel=\"bookmark\"><span class=\"screen-reader-text\">Vuoden 2026 pikkujouluristeily<\/span><\/a>\n<\/article>\n\n\t\t\t\t\t\n\t\t\t\t\t\t\n\n\n<article class=\"listing-item post-20665 satl_article type-satl_article status-publish has-post-thumbnail hentry satl_article_category-suomen-autolehti satl_article_category-uutiset\">\n\n<div class=\"listing-thumbnail\">\n\t<img loading=\"lazy\" decoding=\"async\" width=\"640\" height=\"640\" src=\"https:\/\/satl.fi\/taty\/wp-content\/uploads\/2026\/08\/SAL_326_kansi_1000x1000-640x640.jpg\" class=\"attachment-medium-square size-medium-square wp-post-image\" alt=\"Suomen Autolehti 3\/2026 ilmestyy 26.8.2026\" srcset=\"https:\/\/satl.fi\/taty\/wp-content\/uploads\/2026\/08\/SAL_326_kansi_1000x1000-640x640.jpg 640w, https:\/\/satl.fi\/taty\/wp-content\/uploads\/2026\/08\/SAL_326_kansi_1000x1000-300x300.jpg 300w, https:\/\/satl.fi\/taty\/wp-content\/uploads\/2026\/08\/SAL_326_kansi_1000x1000-150x150.jpg 150w, https:\/\/satl.fi\/taty\/wp-content\/uploads\/2026\/08\/SAL_326_kansi_1000x1000-768x768.jpg 768w, https:\/\/satl.fi\/taty\/wp-content\/uploads\/2026\/08\/SAL_326_kansi_1000x1000-600x600.jpg 600w, https:\/\/satl.fi\/taty\/wp-content\/uploads\/2026\/08\/SAL_326_kansi_1000x1000-100x100.jpg 100w, https:\/\/satl.fi\/taty\/wp-content\/uploads\/2026\/08\/SAL_326_kansi_1000x1000.jpg 1000w\" sizes=\"auto, (max-width: 640px) 100vw, 640px\" \/><\/div>\n\n\n<div class=\"post-info\">\n\t<h3 class=\"two_lines\">Suomen Autolehti 3\/2026 ilmestyy 26.8.2026<\/h3>\n\n\t\n\t\t\t<p>Vuoden 2026 kolmas Suomen Autolehti ilmestyy kes\u00e4tauon j\u00e4lkeen keskiviikkona 26.8.2026. Lehden numerolla 3\/2026 on mittaa 68 sivua. Ensimm\u00e4iset lehdet tulevan&#8230;<\/p>\n\t\t<div class=\"post-meta\">\n\t\t\t<span class=\"posted-on\"><time class=\"entry-date published updated\" datetime=\"%1$s\">21.08.2026<\/time><\/span>\t\t\t<ul><li><a href=\"https:\/\/satl.fi\/ajankohtaista-kategoria\/suomen-autolehti\/\">Suomen Autolehti<\/a><\/li><li><a href=\"https:\/\/satl.fi\/ajankohtaista-kategoria\/uutiset\/\">Uutiset<\/a><\/li><\/ul>\t\t<\/div>\n\t\n\t\n\t\n<\/div>\n<a class=\"wrap-link\" href=\"https:\/\/satl.fi\/ajankohtaista\/suomen-autolehti-3-2026-ilmestyy-26-8-2026\/\" rel=\"bookmark\"><span class=\"screen-reader-text\">Suomen Autolehti 3\/2026 ilmestyy 26.8.2026<\/span><\/a>\n<\/article>\n\n\t\t\t\t\t\n\t\t\t\t\t\t\n\n\n<article class=\"listing-item post-20656 satl_article type-satl_article status-publish has-post-thumbnail hentry tag-autotekniikka tag-korjaamolaitteet tag-koulutus tag-moottoritekniikka satl_article_category-uutiset\">\n\n<div class=\"listing-thumbnail\">\n\t<img loading=\"lazy\" decoding=\"async\" width=\"600\" height=\"600\" src=\"https:\/\/satl.fi\/taty\/wp-content\/uploads\/2026\/08\/AAPT-Tekijapaivat-2026-logo-nelio.jpg\" class=\"attachment-medium-square size-medium-square wp-post-image\" alt=\"SATL osallistuu omalla osastolla AAPT:n Tekij\u00e4p\u00e4iville 2.-3.10.2026\" srcset=\"https:\/\/satl.fi\/taty\/wp-content\/uploads\/2026\/08\/AAPT-Tekijapaivat-2026-logo-nelio.jpg 600w, https:\/\/satl.fi\/taty\/wp-content\/uploads\/2026\/08\/AAPT-Tekijapaivat-2026-logo-nelio-300x300.jpg 300w, https:\/\/satl.fi\/taty\/wp-content\/uploads\/2026\/08\/AAPT-Tekijapaivat-2026-logo-nelio-150x150.jpg 150w, https:\/\/satl.fi\/taty\/wp-content\/uploads\/2026\/08\/AAPT-Tekijapaivat-2026-logo-nelio-100x100.jpg 100w\" sizes=\"auto, (max-width: 600px) 100vw, 600px\" \/><\/div>\n\n\n<div class=\"post-info\">\n\t<h3 class=\"two_lines\">SATL osallistuu omalla osastolla AAPT:n&#8230;<\/h3>\n\n\t\n\t\t\t<p>Autoalan Palvelutuottajat ry j\u00e4rjest\u00e4\u00e4 AAPT Tekij\u00e4p\u00e4iv\u00e4t 2026 -tapahtuman Vantaan ammattiopisto Varian Vehkalan toimipisteess\u00e4 2.\u20133.10.2026. Korjaamotekemisen tapahtuma kokoaa yhteen autoalan j\u00e4lkimarkkinoiden&#8230;<\/p>\n\t\t<div class=\"post-meta\">\n\t\t\t<span class=\"posted-on\"><time class=\"entry-date published updated\" datetime=\"%1$s\">18.08.2026<\/time><\/span>\t\t\t<ul><li><a href=\"https:\/\/satl.fi\/ajankohtaista-kategoria\/uutiset\/\">Uutiset<\/a><\/li><\/ul>\t\t<\/div>\n\t\n\t\n\t\n<\/div>\n<a class=\"wrap-link\" href=\"https:\/\/satl.fi\/ajankohtaista\/satl-osallistuu-omalla-osastolla-aaptn-tekijapaiville-2-3-10-2026\/\" rel=\"bookmark\"><span class=\"screen-reader-text\">SATL osallistuu omalla osastolla AAPT:n Tekij\u00e4p\u00e4iville 2.-3.10.2026<\/span><\/a>\n<\/article>\n\n\t\t\t\t\t\n\t\t\t\t\t\t\n\n\n<article class=\"listing-item post-20645 satl_article type-satl_article status-publish has-post-thumbnail hentry tag-fisita satl_article_category-uutiset\">\n\n<div class=\"listing-thumbnail\">\n\t<img loading=\"lazy\" decoding=\"async\" width=\"640\" height=\"640\" src=\"https:\/\/satl.fi\/taty\/wp-content\/uploads\/2026\/08\/FISITA_WMS_2026_logo_2-640x640.jpg\" class=\"attachment-medium-square size-medium-square wp-post-image\" alt=\"Kutsu osallistua j\u00e4senhinnalla FISITA World Mobility Summittiin, kaksi nopeinta p\u00e4\u00e4see ilman osallistumismaksua\" srcset=\"https:\/\/satl.fi\/taty\/wp-content\/uploads\/2026\/08\/FISITA_WMS_2026_logo_2-640x640.jpg 640w, https:\/\/satl.fi\/taty\/wp-content\/uploads\/2026\/08\/FISITA_WMS_2026_logo_2-300x300.jpg 300w, https:\/\/satl.fi\/taty\/wp-content\/uploads\/2026\/08\/FISITA_WMS_2026_logo_2-150x150.jpg 150w, https:\/\/satl.fi\/taty\/wp-content\/uploads\/2026\/08\/FISITA_WMS_2026_logo_2-768x768.jpg 768w, https:\/\/satl.fi\/taty\/wp-content\/uploads\/2026\/08\/FISITA_WMS_2026_logo_2-600x600.jpg 600w, https:\/\/satl.fi\/taty\/wp-content\/uploads\/2026\/08\/FISITA_WMS_2026_logo_2-100x100.jpg 100w, https:\/\/satl.fi\/taty\/wp-content\/uploads\/2026\/08\/FISITA_WMS_2026_logo_2.jpg 838w\" sizes=\"auto, (max-width: 640px) 100vw, 640px\" \/><\/div>\n\n\n<div class=\"post-info\">\n\t<h3 class=\"two_lines\">Kutsu osallistua j\u00e4senhinnalla FISITA World&#8230;<\/h3>\n\n\t\n\t\t\t<p>FISITA World Mobility Summit on maailman merkitt\u00e4vimpien auto- ja liikkumisalan organisaatioiden teknologiajohtajien vuotuinen kohtaamispaikka. Vuoden 2026 tapahtuma j\u00e4rjestet\u00e4\u00e4n Etel\u00e4-Korean Soulissa&#8230;<\/p>\n\t\t<div class=\"post-meta\">\n\t\t\t<span class=\"posted-on\"><time class=\"entry-date published updated\" datetime=\"%1$s\">17.08.2026<\/time><\/span>\t\t\t<ul><li><a href=\"https:\/\/satl.fi\/ajankohtaista-kategoria\/uutiset\/\">Uutiset<\/a><\/li><\/ul>\t\t<\/div>\n\t\n\t\n\t\n<\/div>\n<a class=\"wrap-link\" href=\"https:\/\/satl.fi\/ajankohtaista\/fisita-world-mobility-summit-jasenhintaan\/\" rel=\"bookmark\"><span class=\"screen-reader-text\">Kutsu osallistua j\u00e4senhinnalla FISITA World Mobility Summittiin, kaksi nopeinta p\u00e4\u00e4see ilman osallistumismaksua<\/span><\/a>\n<\/article>\n\n\t\t\t\t\t\n\t\t\t\t\t\t\n\n\n<article class=\"listing-item post-20643 satl_article type-satl_article status-publish has-post-thumbnail hentry tag-fisita satl_article_category-uutiset\">\n\n<div class=\"listing-thumbnail\">\n\t<img loading=\"lazy\" decoding=\"async\" width=\"640\" height=\"640\" src=\"https:\/\/satl.fi\/taty\/wp-content\/uploads\/2026\/08\/Battery_Tech_EG_White_Paper_cover-640x640.jpg\" class=\"attachment-medium-square size-medium-square wp-post-image\" alt=\"FISITA:n selvitys akkuteknologian kehityksest\u00e4 on luettavissa\" srcset=\"https:\/\/satl.fi\/taty\/wp-content\/uploads\/2026\/08\/Battery_Tech_EG_White_Paper_cover-640x640.jpg 640w, https:\/\/satl.fi\/taty\/wp-content\/uploads\/2026\/08\/Battery_Tech_EG_White_Paper_cover-300x300.jpg 300w, https:\/\/satl.fi\/taty\/wp-content\/uploads\/2026\/08\/Battery_Tech_EG_White_Paper_cover-150x150.jpg 150w, https:\/\/satl.fi\/taty\/wp-content\/uploads\/2026\/08\/Battery_Tech_EG_White_Paper_cover-600x600.jpg 600w, https:\/\/satl.fi\/taty\/wp-content\/uploads\/2026\/08\/Battery_Tech_EG_White_Paper_cover-100x100.jpg 100w, https:\/\/satl.fi\/taty\/wp-content\/uploads\/2026\/08\/Battery_Tech_EG_White_Paper_cover.jpg 734w\" sizes=\"auto, (max-width: 640px) 100vw, 640px\" \/><\/div>\n\n\n<div class=\"post-info\">\n\t<h3 class=\"two_lines\">FISITA:n selvitys akkuteknologian kehityksest\u00e4 on&#8230;<\/h3>\n\n\t\n\t\t\t<p>FISITA:n akkuteknologian asiantuntijaryhm\u00e4n laatima selvitys akkuteknologian ja s\u00e4hk\u00f6ajoneuvojen kehityksest\u00e4 on julkaistu 9.7.2026 otsikolla &#8221;Battery Techonologyu Expert Group White Paper, Advancing&#8230;<\/p>\n\t\t<div class=\"post-meta\">\n\t\t\t<span class=\"posted-on\"><time class=\"entry-date published updated\" datetime=\"%1$s\">17.08.2026<\/time><\/span>\t\t\t<ul><li><a href=\"https:\/\/satl.fi\/ajankohtaista-kategoria\/uutiset\/\">Uutiset<\/a><\/li><\/ul>\t\t<\/div>\n\t\n\t\n\t\n<\/div>\n<a class=\"wrap-link\" href=\"https:\/\/satl.fi\/ajankohtaista\/fisitan-selvitys-akkuteknologian-kehityksesta-on-luettavissa\/\" rel=\"bookmark\"><span class=\"screen-reader-text\">FISITA:n selvitys akkuteknologian kehityksest\u00e4 on luettavissa<\/span><\/a>\n<\/article>\n\n\t\t\t\t\t\n\t\t\t\t\t\t\n\n\n<article class=\"listing-item post-20640 satl_article type-satl_article status-publish has-post-thumbnail hentry tag-fisita satl_article_category-uutiset\">\n\n<div class=\"listing-thumbnail\">\n\t<img loading=\"lazy\" decoding=\"async\" width=\"525\" height=\"525\" src=\"https:\/\/satl.fi\/taty\/wp-content\/uploads\/2026\/08\/eb26-review-frontcover_sq.jpg\" class=\"attachment-medium-square size-medium-square wp-post-image\" alt=\"FISITA:n EuroBrake 2026 -kongressin yhteenveto on luettavissa\" srcset=\"https:\/\/satl.fi\/taty\/wp-content\/uploads\/2026\/08\/eb26-review-frontcover_sq.jpg 525w, https:\/\/satl.fi\/taty\/wp-content\/uploads\/2026\/08\/eb26-review-frontcover_sq-300x300.jpg 300w, https:\/\/satl.fi\/taty\/wp-content\/uploads\/2026\/08\/eb26-review-frontcover_sq-150x150.jpg 150w, https:\/\/satl.fi\/taty\/wp-content\/uploads\/2026\/08\/eb26-review-frontcover_sq-100x100.jpg 100w\" sizes=\"auto, (max-width: 525px) 100vw, 525px\" \/><\/div>\n\n\n<div class=\"post-info\">\n\t<h3 class=\"two_lines\">FISITA:n EuroBrake 2026 -kongressin yhteenveto&#8230;<\/h3>\n\n\t\n\t\t\t<p>FISITA julkaisi 31.7.2026 kes\u00e4kuun alussa Saksan Mainzissa j\u00e4rjestetyn EuroBrake 2026 -kongressin tapahtumayhteenvedon. Maksuton 13-sivuinen pdf-dokumettin koostaa yhteen kongressissa k\u00e4ydyt avainkeskustelut,&#8230;<\/p>\n\t\t<div class=\"post-meta\">\n\t\t\t<span class=\"posted-on\"><time class=\"entry-date published updated\" datetime=\"%1$s\">17.08.2026<\/time><\/span>\t\t\t<ul><li><a href=\"https:\/\/satl.fi\/ajankohtaista-kategoria\/uutiset\/\">Uutiset<\/a><\/li><\/ul>\t\t<\/div>\n\t\n\t\n\t\n<\/div>\n<a class=\"wrap-link\" href=\"https:\/\/satl.fi\/ajankohtaista\/fisitan-eurobrake-2026-kongressin-yhteenveto-on-luettavissa\/\" rel=\"bookmark\"><span class=\"screen-reader-text\">FISITA:n EuroBrake 2026 -kongressin yhteenveto on luettavissa<\/span><\/a>\n<\/article>\n\n\t\t\t\t\t\t\t\t\t\t\t\t\t\t<\/div>\n\t\t\t\t<\/div>\n\t\t\t\t\n\t\t\t\t<div class=\"tabs-panel\" id=\"spanel2\">\n\t\t\t\t\t<div class=\"tabs-panel-inside wide-50\">\t\n\t\t\t\t\t\n\t\t\t\t\t\n\t\t\t\t\t\t\n\n\n<article class=\"listing-item post-20679 satl_article type-satl_article status-publish has-post-thumbnail hentry tag-satln-autoteknillinen-pikkujouluristeily satl_article_category-uutiset\">\n\n<div class=\"listing-thumbnail\">\n\t<img loading=\"lazy\" decoding=\"async\" width=\"640\" height=\"600\" src=\"https:\/\/satl.fi\/taty\/wp-content\/uploads\/2019\/07\/Viking-Grace-talvi-640x600.jpg\" class=\"attachment-medium-square size-medium-square wp-post-image\" alt=\"Vuoden 2026 pikkujouluristeily\" \/><\/div>\n\n\n<div class=\"post-info\">\n\t<h3 class=\"two_lines\">Vuoden 2026 pikkujouluristeily<\/h3>\n\n\t\n\t\t\t<p>SATL:n virallinen Autoteknillinen pikkujouluristeily vuodelle 2026 j\u00e4rjestet\u00e4\u00e4n 20.-21.11.2026. SATL:n virallinen Autoteknillinen pikkujouluristeily j\u00e4rjestet\u00e4\u00e4n 20.-21.11.2026 Viking Grace -laivalla matkalla Turusta Tukholmaan&#8230;<\/p>\n\t\t<div class=\"post-meta\">\n\t\t\t<span class=\"posted-on\"><time class=\"entry-date published updated\" datetime=\"%1$s\">1.09.2026<\/time><\/span>\t\t\t<ul><li><a href=\"https:\/\/satl.fi\/ajankohtaista-kategoria\/uutiset\/\">Uutiset<\/a><\/li><\/ul>\t\t<\/div>\n\t\n\t\n\t\n<\/div>\n<a class=\"wrap-link\" href=\"https:\/\/satl.fi\/ajankohtaista\/vuoden-2026-pikkujouluristeily\/\" rel=\"bookmark\"><span class=\"screen-reader-text\">Vuoden 2026 pikkujouluristeily<\/span><\/a>\n<\/article>\n\n\t\t\t\t\t\n\t\t\t\t\t\t\n\n\n<article class=\"listing-item post-20665 satl_article type-satl_article status-publish has-post-thumbnail hentry satl_article_category-suomen-autolehti satl_article_category-uutiset\">\n\n<div class=\"listing-thumbnail\">\n\t<img loading=\"lazy\" decoding=\"async\" width=\"640\" height=\"640\" src=\"https:\/\/satl.fi\/taty\/wp-content\/uploads\/2026\/08\/SAL_326_kansi_1000x1000-640x640.jpg\" class=\"attachment-medium-square size-medium-square wp-post-image\" alt=\"Suomen Autolehti 3\/2026 ilmestyy 26.8.2026\" srcset=\"https:\/\/satl.fi\/taty\/wp-content\/uploads\/2026\/08\/SAL_326_kansi_1000x1000-640x640.jpg 640w, https:\/\/satl.fi\/taty\/wp-content\/uploads\/2026\/08\/SAL_326_kansi_1000x1000-300x300.jpg 300w, https:\/\/satl.fi\/taty\/wp-content\/uploads\/2026\/08\/SAL_326_kansi_1000x1000-150x150.jpg 150w, https:\/\/satl.fi\/taty\/wp-content\/uploads\/2026\/08\/SAL_326_kansi_1000x1000-768x768.jpg 768w, https:\/\/satl.fi\/taty\/wp-content\/uploads\/2026\/08\/SAL_326_kansi_1000x1000-600x600.jpg 600w, https:\/\/satl.fi\/taty\/wp-content\/uploads\/2026\/08\/SAL_326_kansi_1000x1000-100x100.jpg 100w, https:\/\/satl.fi\/taty\/wp-content\/uploads\/2026\/08\/SAL_326_kansi_1000x1000.jpg 1000w\" sizes=\"auto, (max-width: 640px) 100vw, 640px\" \/><\/div>\n\n\n<div class=\"post-info\">\n\t<h3 class=\"two_lines\">Suomen Autolehti 3\/2026 ilmestyy 26.8.2026<\/h3>\n\n\t\n\t\t\t<p>Vuoden 2026 kolmas Suomen Autolehti ilmestyy kes\u00e4tauon j\u00e4lkeen keskiviikkona 26.8.2026. Lehden numerolla 3\/2026 on mittaa 68 sivua. Ensimm\u00e4iset lehdet tulevan&#8230;<\/p>\n\t\t<div class=\"post-meta\">\n\t\t\t<span class=\"posted-on\"><time class=\"entry-date published updated\" datetime=\"%1$s\">21.08.2026<\/time><\/span>\t\t\t<ul><li><a href=\"https:\/\/satl.fi\/ajankohtaista-kategoria\/suomen-autolehti\/\">Suomen Autolehti<\/a><\/li><li><a href=\"https:\/\/satl.fi\/ajankohtaista-kategoria\/uutiset\/\">Uutiset<\/a><\/li><\/ul>\t\t<\/div>\n\t\n\t\n\t\n<\/div>\n<a class=\"wrap-link\" href=\"https:\/\/satl.fi\/ajankohtaista\/suomen-autolehti-3-2026-ilmestyy-26-8-2026\/\" rel=\"bookmark\"><span class=\"screen-reader-text\">Suomen Autolehti 3\/2026 ilmestyy 26.8.2026<\/span><\/a>\n<\/article>\n\n\t\t\t\t\t\n\t\t\t\t\t\t\n\n\n<article class=\"listing-item post-20656 satl_article type-satl_article status-publish has-post-thumbnail hentry tag-autotekniikka tag-korjaamolaitteet tag-koulutus tag-moottoritekniikka satl_article_category-uutiset\">\n\n<div class=\"listing-thumbnail\">\n\t<img loading=\"lazy\" decoding=\"async\" width=\"600\" height=\"600\" src=\"https:\/\/satl.fi\/taty\/wp-content\/uploads\/2026\/08\/AAPT-Tekijapaivat-2026-logo-nelio.jpg\" class=\"attachment-medium-square size-medium-square wp-post-image\" alt=\"SATL osallistuu omalla osastolla AAPT:n Tekij\u00e4p\u00e4iville 2.-3.10.2026\" srcset=\"https:\/\/satl.fi\/taty\/wp-content\/uploads\/2026\/08\/AAPT-Tekijapaivat-2026-logo-nelio.jpg 600w, https:\/\/satl.fi\/taty\/wp-content\/uploads\/2026\/08\/AAPT-Tekijapaivat-2026-logo-nelio-300x300.jpg 300w, https:\/\/satl.fi\/taty\/wp-content\/uploads\/2026\/08\/AAPT-Tekijapaivat-2026-logo-nelio-150x150.jpg 150w, https:\/\/satl.fi\/taty\/wp-content\/uploads\/2026\/08\/AAPT-Tekijapaivat-2026-logo-nelio-100x100.jpg 100w\" sizes=\"auto, (max-width: 600px) 100vw, 600px\" \/><\/div>\n\n\n<div class=\"post-info\">\n\t<h3 class=\"two_lines\">SATL osallistuu omalla osastolla AAPT:n&#8230;<\/h3>\n\n\t\n\t\t\t<p>Autoalan Palvelutuottajat ry j\u00e4rjest\u00e4\u00e4 AAPT Tekij\u00e4p\u00e4iv\u00e4t 2026 -tapahtuman Vantaan ammattiopisto Varian Vehkalan toimipisteess\u00e4 2.\u20133.10.2026. Korjaamotekemisen tapahtuma kokoaa yhteen autoalan j\u00e4lkimarkkinoiden&#8230;<\/p>\n\t\t<div class=\"post-meta\">\n\t\t\t<span class=\"posted-on\"><time class=\"entry-date published updated\" datetime=\"%1$s\">18.08.2026<\/time><\/span>\t\t\t<ul><li><a href=\"https:\/\/satl.fi\/ajankohtaista-kategoria\/uutiset\/\">Uutiset<\/a><\/li><\/ul>\t\t<\/div>\n\t\n\t\n\t\n<\/div>\n<a class=\"wrap-link\" href=\"https:\/\/satl.fi\/ajankohtaista\/satl-osallistuu-omalla-osastolla-aaptn-tekijapaiville-2-3-10-2026\/\" rel=\"bookmark\"><span class=\"screen-reader-text\">SATL osallistuu omalla osastolla AAPT:n Tekij\u00e4p\u00e4iville 2.-3.10.2026<\/span><\/a>\n<\/article>\n\n\t\t\t\t\t\n\t\t\t\t\t\t\n\n\n<article class=\"listing-item post-20645 satl_article type-satl_article status-publish has-post-thumbnail hentry tag-fisita satl_article_category-uutiset\">\n\n<div class=\"listing-thumbnail\">\n\t<img loading=\"lazy\" decoding=\"async\" width=\"640\" height=\"640\" src=\"https:\/\/satl.fi\/taty\/wp-content\/uploads\/2026\/08\/FISITA_WMS_2026_logo_2-640x640.jpg\" class=\"attachment-medium-square size-medium-square wp-post-image\" alt=\"Kutsu osallistua j\u00e4senhinnalla FISITA World Mobility Summittiin, kaksi nopeinta p\u00e4\u00e4see ilman osallistumismaksua\" srcset=\"https:\/\/satl.fi\/taty\/wp-content\/uploads\/2026\/08\/FISITA_WMS_2026_logo_2-640x640.jpg 640w, https:\/\/satl.fi\/taty\/wp-content\/uploads\/2026\/08\/FISITA_WMS_2026_logo_2-300x300.jpg 300w, https:\/\/satl.fi\/taty\/wp-content\/uploads\/2026\/08\/FISITA_WMS_2026_logo_2-150x150.jpg 150w, https:\/\/satl.fi\/taty\/wp-content\/uploads\/2026\/08\/FISITA_WMS_2026_logo_2-768x768.jpg 768w, https:\/\/satl.fi\/taty\/wp-content\/uploads\/2026\/08\/FISITA_WMS_2026_logo_2-600x600.jpg 600w, https:\/\/satl.fi\/taty\/wp-content\/uploads\/2026\/08\/FISITA_WMS_2026_logo_2-100x100.jpg 100w, https:\/\/satl.fi\/taty\/wp-content\/uploads\/2026\/08\/FISITA_WMS_2026_logo_2.jpg 838w\" sizes=\"auto, (max-width: 640px) 100vw, 640px\" \/><\/div>\n\n\n<div class=\"post-info\">\n\t<h3 class=\"two_lines\">Kutsu osallistua j\u00e4senhinnalla FISITA World&#8230;<\/h3>\n\n\t\n\t\t\t<p>FISITA World Mobility Summit on maailman merkitt\u00e4vimpien auto- ja liikkumisalan organisaatioiden teknologiajohtajien vuotuinen kohtaamispaikka. Vuoden 2026 tapahtuma j\u00e4rjestet\u00e4\u00e4n Etel\u00e4-Korean Soulissa&#8230;<\/p>\n\t\t<div class=\"post-meta\">\n\t\t\t<span class=\"posted-on\"><time class=\"entry-date published updated\" datetime=\"%1$s\">17.08.2026<\/time><\/span>\t\t\t<ul><li><a href=\"https:\/\/satl.fi\/ajankohtaista-kategoria\/uutiset\/\">Uutiset<\/a><\/li><\/ul>\t\t<\/div>\n\t\n\t\n\t\n<\/div>\n<a class=\"wrap-link\" href=\"https:\/\/satl.fi\/ajankohtaista\/fisita-world-mobility-summit-jasenhintaan\/\" rel=\"bookmark\"><span class=\"screen-reader-text\">Kutsu osallistua j\u00e4senhinnalla FISITA World Mobility Summittiin, kaksi nopeinta p\u00e4\u00e4see ilman osallistumismaksua<\/span><\/a>\n<\/article>\n\n\t\t\t\t\t\n\t\t\t\t\t\t\n\n\n<article class=\"listing-item post-20643 satl_article type-satl_article status-publish has-post-thumbnail hentry tag-fisita satl_article_category-uutiset\">\n\n<div class=\"listing-thumbnail\">\n\t<img loading=\"lazy\" decoding=\"async\" width=\"640\" height=\"640\" src=\"https:\/\/satl.fi\/taty\/wp-content\/uploads\/2026\/08\/Battery_Tech_EG_White_Paper_cover-640x640.jpg\" class=\"attachment-medium-square size-medium-square wp-post-image\" alt=\"FISITA:n selvitys akkuteknologian kehityksest\u00e4 on luettavissa\" srcset=\"https:\/\/satl.fi\/taty\/wp-content\/uploads\/2026\/08\/Battery_Tech_EG_White_Paper_cover-640x640.jpg 640w, https:\/\/satl.fi\/taty\/wp-content\/uploads\/2026\/08\/Battery_Tech_EG_White_Paper_cover-300x300.jpg 300w, https:\/\/satl.fi\/taty\/wp-content\/uploads\/2026\/08\/Battery_Tech_EG_White_Paper_cover-150x150.jpg 150w, https:\/\/satl.fi\/taty\/wp-content\/uploads\/2026\/08\/Battery_Tech_EG_White_Paper_cover-600x600.jpg 600w, https:\/\/satl.fi\/taty\/wp-content\/uploads\/2026\/08\/Battery_Tech_EG_White_Paper_cover-100x100.jpg 100w, https:\/\/satl.fi\/taty\/wp-content\/uploads\/2026\/08\/Battery_Tech_EG_White_Paper_cover.jpg 734w\" sizes=\"auto, (max-width: 640px) 100vw, 640px\" \/><\/div>\n\n\n<div class=\"post-info\">\n\t<h3 class=\"two_lines\">FISITA:n selvitys akkuteknologian kehityksest\u00e4 on&#8230;<\/h3>\n\n\t\n\t\t\t<p>FISITA:n akkuteknologian asiantuntijaryhm\u00e4n laatima selvitys akkuteknologian ja s\u00e4hk\u00f6ajoneuvojen kehityksest\u00e4 on julkaistu 9.7.2026 otsikolla &#8221;Battery Techonologyu Expert Group White Paper, Advancing&#8230;<\/p>\n\t\t<div class=\"post-meta\">\n\t\t\t<span class=\"posted-on\"><time class=\"entry-date published updated\" datetime=\"%1$s\">17.08.2026<\/time><\/span>\t\t\t<ul><li><a href=\"https:\/\/satl.fi\/ajankohtaista-kategoria\/uutiset\/\">Uutiset<\/a><\/li><\/ul>\t\t<\/div>\n\t\n\t\n\t\n<\/div>\n<a class=\"wrap-link\" href=\"https:\/\/satl.fi\/ajankohtaista\/fisitan-selvitys-akkuteknologian-kehityksesta-on-luettavissa\/\" rel=\"bookmark\"><span class=\"screen-reader-text\">FISITA:n selvitys akkuteknologian kehityksest\u00e4 on luettavissa<\/span><\/a>\n<\/article>\n\n\t\t\t\t\t\n\t\t\t\t\t\t\n\n\n<article class=\"listing-item post-20640 satl_article type-satl_article status-publish has-post-thumbnail hentry tag-fisita satl_article_category-uutiset\">\n\n<div class=\"listing-thumbnail\">\n\t<img loading=\"lazy\" decoding=\"async\" width=\"525\" height=\"525\" src=\"https:\/\/satl.fi\/taty\/wp-content\/uploads\/2026\/08\/eb26-review-frontcover_sq.jpg\" class=\"attachment-medium-square size-medium-square wp-post-image\" alt=\"FISITA:n EuroBrake 2026 -kongressin yhteenveto on luettavissa\" srcset=\"https:\/\/satl.fi\/taty\/wp-content\/uploads\/2026\/08\/eb26-review-frontcover_sq.jpg 525w, https:\/\/satl.fi\/taty\/wp-content\/uploads\/2026\/08\/eb26-review-frontcover_sq-300x300.jpg 300w, https:\/\/satl.fi\/taty\/wp-content\/uploads\/2026\/08\/eb26-review-frontcover_sq-150x150.jpg 150w, https:\/\/satl.fi\/taty\/wp-content\/uploads\/2026\/08\/eb26-review-frontcover_sq-100x100.jpg 100w\" sizes=\"auto, (max-width: 525px) 100vw, 525px\" \/><\/div>\n\n\n<div class=\"post-info\">\n\t<h3 class=\"two_lines\">FISITA:n EuroBrake 2026 -kongressin yhteenveto&#8230;<\/h3>\n\n\t\n\t\t\t<p>FISITA julkaisi 31.7.2026 kes\u00e4kuun alussa Saksan Mainzissa j\u00e4rjestetyn EuroBrake 2026 -kongressin tapahtumayhteenvedon. Maksuton 13-sivuinen pdf-dokumettin koostaa yhteen kongressissa k\u00e4ydyt avainkeskustelut,&#8230;<\/p>\n\t\t<div class=\"post-meta\">\n\t\t\t<span class=\"posted-on\"><time class=\"entry-date published updated\" datetime=\"%1$s\">17.08.2026<\/time><\/span>\t\t\t<ul><li><a href=\"https:\/\/satl.fi\/ajankohtaista-kategoria\/uutiset\/\">Uutiset<\/a><\/li><\/ul>\t\t<\/div>\n\t\n\t\n\t\n<\/div>\n<a class=\"wrap-link\" href=\"https:\/\/satl.fi\/ajankohtaista\/fisitan-eurobrake-2026-kongressin-yhteenveto-on-luettavissa\/\" rel=\"bookmark\"><span class=\"screen-reader-text\">FISITA:n EuroBrake 2026 -kongressin yhteenveto on luettavissa<\/span><\/a>\n<\/article>\n\n\t\t\t\t\t\t\t\t\t\t\t\t\t\t\t<\/div>\n\t\t\t\t<\/div>\n\n\n\t\t\t\t<div class=\"tabs-panel\" id=\"spanel3\">\n\t\t\t\t\t<div class=\"tabs-panel-inside wide-50\">\t\n\t\t\t\t\t\n\t\t\t\t\t\n\t\t\t\t\t\t\n\n\n<article class=\"listing-item post-20480 satl_article type-satl_article status-publish has-post-thumbnail hentry tag-satl-insinoorityogaala-2026 satl_article_category-mediatiedotteet satl_article_category-uutiset\">\n\n<div class=\"listing-thumbnail\">\n\t<img loading=\"lazy\" decoding=\"async\" width=\"640\" height=\"640\" src=\"https:\/\/satl.fi\/taty\/wp-content\/uploads\/2026\/05\/SATL_Insinoorityogaala_2026_neliobanneri-640x640.jpg\" class=\"attachment-medium-square size-medium-square wp-post-image\" alt=\"SATL Insin\u00f6\u00f6rity\u00f6gaalan 2026 tulokset ja esitykset\" srcset=\"https:\/\/satl.fi\/taty\/wp-content\/uploads\/2026\/05\/SATL_Insinoorityogaala_2026_neliobanneri-640x640.jpg 640w, https:\/\/satl.fi\/taty\/wp-content\/uploads\/2026\/05\/SATL_Insinoorityogaala_2026_neliobanneri-300x300.jpg 300w, https:\/\/satl.fi\/taty\/wp-content\/uploads\/2026\/05\/SATL_Insinoorityogaala_2026_neliobanneri-1024x1024.jpg 1024w, https:\/\/satl.fi\/taty\/wp-content\/uploads\/2026\/05\/SATL_Insinoorityogaala_2026_neliobanneri-150x150.jpg 150w, https:\/\/satl.fi\/taty\/wp-content\/uploads\/2026\/05\/SATL_Insinoorityogaala_2026_neliobanneri-768x768.jpg 768w, https:\/\/satl.fi\/taty\/wp-content\/uploads\/2026\/05\/SATL_Insinoorityogaala_2026_neliobanneri-600x600.jpg 600w, https:\/\/satl.fi\/taty\/wp-content\/uploads\/2026\/05\/SATL_Insinoorityogaala_2026_neliobanneri-100x100.jpg 100w, https:\/\/satl.fi\/taty\/wp-content\/uploads\/2026\/05\/SATL_Insinoorityogaala_2026_neliobanneri.jpg 1200w\" sizes=\"auto, (max-width: 640px) 100vw, 640px\" \/><\/div>\n\n\n<div class=\"post-info\">\n\t<h3 class=\"two_lines\">SATL Insin\u00f6\u00f6rity\u00f6gaalan 2026 tulokset ja&#8230;<\/h3>\n\n\t\n\t\t\t<p>Suomen Autoteknillinen Liitto j\u00e4rjesti seitsem\u00e4tt\u00e4 kertaa tiistaina 5.5.2026 SATL Insin\u00f6\u00f6rity\u00f6gaala 2026 -verkkotapahtuman, jossa esiteltiin yhteens\u00e4 kahdeksan tuoretta korkeakoulutasoista autoalan opinn\u00e4ytety\u00f6t\u00e4&#8230;<\/p>\n\t\t<div class=\"post-meta\">\n\t\t\t<span class=\"posted-on\"><time class=\"entry-date published updated\" datetime=\"%1$s\">6.05.2026<\/time><\/span>\t\t\t<ul><li><a href=\"https:\/\/satl.fi\/ajankohtaista-kategoria\/mediatiedotteet\/\">Mediatiedotteet<\/a><\/li><li><a href=\"https:\/\/satl.fi\/ajankohtaista-kategoria\/uutiset\/\">Uutiset<\/a><\/li><\/ul>\t\t<\/div>\n\t\n\t\n\t\n<\/div>\n<a class=\"wrap-link\" href=\"https:\/\/satl.fi\/ajankohtaista\/satl-insinoorityogaalan-2026-tulokset\/\" rel=\"bookmark\"><span class=\"screen-reader-text\">SATL Insin\u00f6\u00f6rity\u00f6gaalan 2026 tulokset ja esitykset<\/span><\/a>\n<\/article>\n\n\t\t\t\t\t\n\t\t\t\t\t\t\n\n\n<article class=\"listing-item post-20308 satl_article type-satl_article status-publish has-post-thumbnail hentry tag-satl-insinoorityogaala-2026 satl_article_category-mediatiedotteet satl_article_category-satl-insinoorityogaala satl_article_category-uutiset\">\n\n<div class=\"listing-thumbnail\">\n\t<img loading=\"lazy\" decoding=\"async\" width=\"640\" height=\"640\" src=\"https:\/\/satl.fi\/taty\/wp-content\/uploads\/2026\/02\/SATL_Insinoorityogaala_logo_2026_774x774-640x640.jpg\" class=\"attachment-medium-square size-medium-square wp-post-image\" alt=\"SATL Insin\u00f6\u00f6rity\u00f6gaala 2026 j\u00e4rjestet\u00e4\u00e4n tiistaina 5.5.2026\" srcset=\"https:\/\/satl.fi\/taty\/wp-content\/uploads\/2026\/02\/SATL_Insinoorityogaala_logo_2026_774x774-640x640.jpg 640w, https:\/\/satl.fi\/taty\/wp-content\/uploads\/2026\/02\/SATL_Insinoorityogaala_logo_2026_774x774-300x300.jpg 300w, https:\/\/satl.fi\/taty\/wp-content\/uploads\/2026\/02\/SATL_Insinoorityogaala_logo_2026_774x774-150x150.jpg 150w, https:\/\/satl.fi\/taty\/wp-content\/uploads\/2026\/02\/SATL_Insinoorityogaala_logo_2026_774x774-768x768.jpg 768w, https:\/\/satl.fi\/taty\/wp-content\/uploads\/2026\/02\/SATL_Insinoorityogaala_logo_2026_774x774-600x600.jpg 600w, https:\/\/satl.fi\/taty\/wp-content\/uploads\/2026\/02\/SATL_Insinoorityogaala_logo_2026_774x774-100x100.jpg 100w, https:\/\/satl.fi\/taty\/wp-content\/uploads\/2026\/02\/SATL_Insinoorityogaala_logo_2026_774x774.jpg 774w\" sizes=\"auto, (max-width: 640px) 100vw, 640px\" \/><\/div>\n\n\n<div class=\"post-info\">\n\t<h3 class=\"two_lines\">SATL Insin\u00f6\u00f6rity\u00f6gaala 2026 j\u00e4rjestet\u00e4\u00e4n tiistaina&#8230;<\/h3>\n\n\t\n\t\t\t<p>SATL j\u00e4rjest\u00e4\u00e4 seitsem\u00e4tt\u00e4 kertaa SATL Insin\u00f6\u00f6rity\u00f6gaala 2026 -tapahtuman tiistaina 5.5.2026 kello 15:00 alkaen. P\u00e4\u00e4set seuraamaan tapahtumaa suoraan tuolta alta linkkinapin&#8230;<\/p>\n\t\t<div class=\"post-meta\">\n\t\t\t<span class=\"posted-on\"><time class=\"entry-date published updated\" datetime=\"%1$s\">24.04.2026<\/time><\/span>\t\t\t<ul><li><a href=\"https:\/\/satl.fi\/ajankohtaista-kategoria\/mediatiedotteet\/\">Mediatiedotteet<\/a><\/li><li><a href=\"https:\/\/satl.fi\/ajankohtaista-kategoria\/satl-insinoorityogaala\/\">SATL Insin\u00f6\u00f6rity\u00f6gaala<\/a><\/li><li><a href=\"https:\/\/satl.fi\/ajankohtaista-kategoria\/uutiset\/\">Uutiset<\/a><\/li><\/ul>\t\t<\/div>\n\t\n\t\n\t\n<\/div>\n<a class=\"wrap-link\" href=\"https:\/\/satl.fi\/ajankohtaista\/satl-insinoorityogaala-2026-jarjestetaan-tiistaina-5-5-2026\/\" rel=\"bookmark\"><span class=\"screen-reader-text\">SATL Insin\u00f6\u00f6rity\u00f6gaala 2026 j\u00e4rjestet\u00e4\u00e4n tiistaina 5.5.2026<\/span><\/a>\n<\/article>\n\n\t\t\t\t\t\n\t\t\t\t\t\t\n\n\n<article class=\"listing-item post-20419 satl_article type-satl_article status-publish has-post-thumbnail hentry tag-liittokokous-2026 tag-vuoden-autoteknikko-2025 satl_article_category-mediatiedotteet satl_article_category-uutiset\">\n\n<div class=\"listing-thumbnail\">\n\t<img loading=\"lazy\" decoding=\"async\" width=\"640\" height=\"640\" src=\"https:\/\/satl.fi\/taty\/wp-content\/uploads\/2026\/04\/SATL_liittokokous_2026_750x750-640x640.jpg\" class=\"attachment-medium-square size-medium-square wp-post-image\" alt=\"Suomen Autoteknillinen Liitto my\u00f6nsi tunnustuksen kotimaisen ajoneuvoteollisuuden vaikuttajalle\" srcset=\"https:\/\/satl.fi\/taty\/wp-content\/uploads\/2026\/04\/SATL_liittokokous_2026_750x750-640x640.jpg 640w, https:\/\/satl.fi\/taty\/wp-content\/uploads\/2026\/04\/SATL_liittokokous_2026_750x750-300x300.jpg 300w, https:\/\/satl.fi\/taty\/wp-content\/uploads\/2026\/04\/SATL_liittokokous_2026_750x750-150x150.jpg 150w, https:\/\/satl.fi\/taty\/wp-content\/uploads\/2026\/04\/SATL_liittokokous_2026_750x750-600x600.jpg 600w, https:\/\/satl.fi\/taty\/wp-content\/uploads\/2026\/04\/SATL_liittokokous_2026_750x750-100x100.jpg 100w, https:\/\/satl.fi\/taty\/wp-content\/uploads\/2026\/04\/SATL_liittokokous_2026_750x750.jpg 750w\" sizes=\"auto, (max-width: 640px) 100vw, 640px\" \/><\/div>\n\n\n<div class=\"post-info\">\n\t<h3 class=\"two_lines\">Suomen Autoteknillinen Liitto my\u00f6nsi tunnustuksen&#8230;<\/h3>\n\n\t\n\t\t\t<p>Suomen Autoteknillinen Liitto ry (SATL) on auto- ja ty\u00f6konealan asiantuntijoiden verkosto, jonka j\u00e4senyhdistyksiin kuuluu 4 600 j\u00e4sent\u00e4 35 paikallisyhdistyksess\u00e4. SATL&#8230;<\/p>\n\t\t<div class=\"post-meta\">\n\t\t\t<span class=\"posted-on\"><time class=\"entry-date published updated\" datetime=\"%1$s\">13.04.2026<\/time><\/span>\t\t\t<ul><li><a href=\"https:\/\/satl.fi\/ajankohtaista-kategoria\/mediatiedotteet\/\">Mediatiedotteet<\/a><\/li><li><a href=\"https:\/\/satl.fi\/ajankohtaista-kategoria\/uutiset\/\">Uutiset<\/a><\/li><\/ul>\t\t<\/div>\n\t\n\t\n\t\n<\/div>\n<a class=\"wrap-link\" href=\"https:\/\/satl.fi\/ajankohtaista\/satl-lk-2026-tiedote\/\" rel=\"bookmark\"><span class=\"screen-reader-text\">Suomen Autoteknillinen Liitto my\u00f6nsi tunnustuksen kotimaisen ajoneuvoteollisuuden vaikuttajalle<\/span><\/a>\n<\/article>\n\n\t\t\t\t\t\n\t\t\t\t\t\t\n\n\n<article class=\"listing-item post-20043 satl_article type-satl_article status-publish has-post-thumbnail hentry tag-satl-insinoorityogaala-2025 satl_article_category-mediatiedotteet satl_article_category-satl-insinoorityogaala satl_article_category-uutiset\">\n\n<div class=\"listing-thumbnail\">\n\t<img loading=\"lazy\" decoding=\"async\" width=\"640\" height=\"640\" src=\"https:\/\/satl.fi\/taty\/wp-content\/uploads\/2025\/08\/SATL_ins_tyogaala_2025_logo_1000x1000-640x640.jpg\" class=\"attachment-medium-square size-medium-square wp-post-image\" alt=\"SATL Insin\u00f6\u00f6rity\u00f6gaalan 2025 tulokset ja esitykset\" srcset=\"https:\/\/satl.fi\/taty\/wp-content\/uploads\/2025\/08\/SATL_ins_tyogaala_2025_logo_1000x1000-640x640.jpg 640w, https:\/\/satl.fi\/taty\/wp-content\/uploads\/2025\/08\/SATL_ins_tyogaala_2025_logo_1000x1000-300x300.jpg 300w, https:\/\/satl.fi\/taty\/wp-content\/uploads\/2025\/08\/SATL_ins_tyogaala_2025_logo_1000x1000-150x150.jpg 150w, https:\/\/satl.fi\/taty\/wp-content\/uploads\/2025\/08\/SATL_ins_tyogaala_2025_logo_1000x1000-768x768.jpg 768w, https:\/\/satl.fi\/taty\/wp-content\/uploads\/2025\/08\/SATL_ins_tyogaala_2025_logo_1000x1000-600x600.jpg 600w, https:\/\/satl.fi\/taty\/wp-content\/uploads\/2025\/08\/SATL_ins_tyogaala_2025_logo_1000x1000-100x100.jpg 100w, https:\/\/satl.fi\/taty\/wp-content\/uploads\/2025\/08\/SATL_ins_tyogaala_2025_logo_1000x1000.jpg 1000w\" sizes=\"auto, (max-width: 640px) 100vw, 640px\" \/><\/div>\n\n\n<div class=\"post-info\">\n\t<h3 class=\"two_lines\">SATL Insin\u00f6\u00f6rity\u00f6gaalan 2025 tulokset ja&#8230;<\/h3>\n\n\t\n\t\t\t<p>Suomen Autoteknillinen Liitto j\u00e4rjesti kuudetta kertaa 16.9.2025 verkkotapahtumana SATL Insin\u00f6\u00f6rity\u00f6gaalan 2025, jossa esiteltiin yhteens\u00e4 kuusi tuoretta korkeakoulutasoista autoalan p\u00e4\u00e4tt\u00f6ty\u00f6t\u00e4 nelj\u00e4st\u00e4&#8230;<\/p>\n\t\t<div class=\"post-meta\">\n\t\t\t<span class=\"posted-on\"><time class=\"entry-date published updated\" datetime=\"%1$s\">19.09.2025<\/time><\/span>\t\t\t<ul><li><a href=\"https:\/\/satl.fi\/ajankohtaista-kategoria\/mediatiedotteet\/\">Mediatiedotteet<\/a><\/li><li><a href=\"https:\/\/satl.fi\/ajankohtaista-kategoria\/satl-insinoorityogaala\/\">SATL Insin\u00f6\u00f6rity\u00f6gaala<\/a><\/li><li><a href=\"https:\/\/satl.fi\/ajankohtaista-kategoria\/uutiset\/\">Uutiset<\/a><\/li><\/ul>\t\t<\/div>\n\t\n\t\n\t\n<\/div>\n<a class=\"wrap-link\" href=\"https:\/\/satl.fi\/ajankohtaista\/satl-insinoorityogaalan-2025-tulokset\/\" rel=\"bookmark\"><span class=\"screen-reader-text\">SATL Insin\u00f6\u00f6rity\u00f6gaalan 2025 tulokset ja esitykset<\/span><\/a>\n<\/article>\n\n\t\t\t\t\t\n\t\t\t\t\t\t\n\n\n<article class=\"listing-item post-19775 satl_article type-satl_article status-publish has-post-thumbnail hentry tag-liittokokous-2025 tag-uusi-puheenjohtaja tag-vuoden-autoteknikko-2024 satl_article_category-mediatiedotteet satl_article_category-uutiset\">\n\n<div class=\"listing-thumbnail\">\n\t<img loading=\"lazy\" decoding=\"async\" width=\"640\" height=\"640\" src=\"https:\/\/satl.fi\/taty\/wp-content\/uploads\/2025\/03\/LK2025_kansi_1000x1000-640x640.jpg\" class=\"attachment-medium-square size-medium-square wp-post-image\" alt=\"Suomen Autoteknillinen Liitto my\u00f6nsi tunnustuksen s\u00e4hk\u00f6ajoneuvojen korjauksessa vahvasti vaikuttaneelle henkil\u00f6lle\" srcset=\"https:\/\/satl.fi\/taty\/wp-content\/uploads\/2025\/03\/LK2025_kansi_1000x1000-640x640.jpg 640w, https:\/\/satl.fi\/taty\/wp-content\/uploads\/2025\/03\/LK2025_kansi_1000x1000-300x300.jpg 300w, https:\/\/satl.fi\/taty\/wp-content\/uploads\/2025\/03\/LK2025_kansi_1000x1000-150x150.jpg 150w, https:\/\/satl.fi\/taty\/wp-content\/uploads\/2025\/03\/LK2025_kansi_1000x1000-768x768.jpg 768w, https:\/\/satl.fi\/taty\/wp-content\/uploads\/2025\/03\/LK2025_kansi_1000x1000-400x400.jpg 400w, https:\/\/satl.fi\/taty\/wp-content\/uploads\/2025\/03\/LK2025_kansi_1000x1000-600x600.jpg 600w, https:\/\/satl.fi\/taty\/wp-content\/uploads\/2025\/03\/LK2025_kansi_1000x1000-100x100.jpg 100w, https:\/\/satl.fi\/taty\/wp-content\/uploads\/2025\/03\/LK2025_kansi_1000x1000.jpg 1000w\" sizes=\"auto, (max-width: 640px) 100vw, 640px\" \/><\/div>\n\n\n<div class=\"post-info\">\n\t<h3 class=\"two_lines\">Suomen Autoteknillinen Liitto my\u00f6nsi tunnustuksen&#8230;<\/h3>\n\n\t\n\t\t\t<p>Suomen Autoteknillinen Liitto ry (SATL) on auto- ja ty\u00f6konealan asiantuntijoiden verkosto, jonka j\u00e4senyhdistyksiin kuuluu yli 4 800 j\u00e4sent\u00e4 35 paikallisyhdistyksess\u00e4&#8230;.<\/p>\n\t\t<div class=\"post-meta\">\n\t\t\t<span class=\"posted-on\"><time class=\"entry-date published updated\" datetime=\"%1$s\">25.03.2025<\/time><\/span>\t\t\t<ul><li><a href=\"https:\/\/satl.fi\/ajankohtaista-kategoria\/mediatiedotteet\/\">Mediatiedotteet<\/a><\/li><li><a href=\"https:\/\/satl.fi\/ajankohtaista-kategoria\/uutiset\/\">Uutiset<\/a><\/li><\/ul>\t\t<\/div>\n\t\n\t\n\t\n<\/div>\n<a class=\"wrap-link\" href=\"https:\/\/satl.fi\/ajankohtaista\/satl-lk-2025-tiedote\/\" rel=\"bookmark\"><span class=\"screen-reader-text\">Suomen Autoteknillinen Liitto my\u00f6nsi tunnustuksen s\u00e4hk\u00f6ajoneuvojen korjauksessa vahvasti vaikuttaneelle henkil\u00f6lle<\/span><\/a>\n<\/article>\n\n\t\t\t\t\t\n\t\t\t\t\t\t\n\n\n<article class=\"listing-item post-19251 satl_article type-satl_article status-publish has-post-thumbnail hentry tag-satl-insinoorityogaala-2024 satl_article_category-mediatiedotteet satl_article_category-satl-insinoorityogaala satl_article_category-uutiset\">\n\n<div class=\"listing-thumbnail\">\n\t<img loading=\"lazy\" decoding=\"async\" width=\"640\" height=\"640\" src=\"https:\/\/satl.fi\/taty\/wp-content\/uploads\/2024\/02\/SATL_ins_tyogaala_2024_logo_1000x1000-640x640.jpg\" class=\"attachment-medium-square size-medium-square wp-post-image\" alt=\"SATL Insin\u00f6\u00f6rity\u00f6gaalan 2024 tulokset ja esitykset\" srcset=\"https:\/\/satl.fi\/taty\/wp-content\/uploads\/2024\/02\/SATL_ins_tyogaala_2024_logo_1000x1000-640x640.jpg 640w, https:\/\/satl.fi\/taty\/wp-content\/uploads\/2024\/02\/SATL_ins_tyogaala_2024_logo_1000x1000-300x300.jpg 300w, https:\/\/satl.fi\/taty\/wp-content\/uploads\/2024\/02\/SATL_ins_tyogaala_2024_logo_1000x1000-150x150.jpg 150w, https:\/\/satl.fi\/taty\/wp-content\/uploads\/2024\/02\/SATL_ins_tyogaala_2024_logo_1000x1000-768x768.jpg 768w, https:\/\/satl.fi\/taty\/wp-content\/uploads\/2024\/02\/SATL_ins_tyogaala_2024_logo_1000x1000-600x600.jpg 600w, https:\/\/satl.fi\/taty\/wp-content\/uploads\/2024\/02\/SATL_ins_tyogaala_2024_logo_1000x1000-100x100.jpg 100w, https:\/\/satl.fi\/taty\/wp-content\/uploads\/2024\/02\/SATL_ins_tyogaala_2024_logo_1000x1000.jpg 1000w\" sizes=\"auto, (max-width: 640px) 100vw, 640px\" \/><\/div>\n\n\n<div class=\"post-info\">\n\t<h3 class=\"two_lines\">SATL Insin\u00f6\u00f6rity\u00f6gaalan 2024 tulokset ja&#8230;<\/h3>\n\n\t\n\t\t\t<p>Suomen Autoteknillinen Liitto j\u00e4rjesti viidett\u00e4 kertaa 14.5.2024 verkkotapahtumana SATL Insin\u00f6\u00f6rity\u00f6gaalan 2024, jossa esiteltiin yhteens\u00e4 kymmenen tuoretta korkeakoulutasoista autoalan p\u00e4\u00e4tt\u00f6ty\u00f6t\u00e4 seitsem\u00e4st\u00e4&#8230;<\/p>\n\t\t<div class=\"post-meta\">\n\t\t\t<span class=\"posted-on\"><time class=\"entry-date published updated\" datetime=\"%1$s\">17.05.2024<\/time><\/span>\t\t\t<ul><li><a href=\"https:\/\/satl.fi\/ajankohtaista-kategoria\/mediatiedotteet\/\">Mediatiedotteet<\/a><\/li><li><a href=\"https:\/\/satl.fi\/ajankohtaista-kategoria\/satl-insinoorityogaala\/\">SATL Insin\u00f6\u00f6rity\u00f6gaala<\/a><\/li><li><a href=\"https:\/\/satl.fi\/ajankohtaista-kategoria\/uutiset\/\">Uutiset<\/a><\/li><\/ul>\t\t<\/div>\n\t\n\t\n\t\n<\/div>\n<a class=\"wrap-link\" href=\"https:\/\/satl.fi\/ajankohtaista\/satl-insinoorityogaalan-2024-tulokset\/\" rel=\"bookmark\"><span class=\"screen-reader-text\">SATL Insin\u00f6\u00f6rity\u00f6gaalan 2024 tulokset ja esitykset<\/span><\/a>\n<\/article>\n\n\t\t\t\t\t\t\t\t\t\t\t\t\t\t\t<\/div>\n\t\t\t\t<\/div>\n\n\t\t\t<\/div>\n\t<\/div>\n<\/div>\n<\/div>\n\n\n\n<div id=\"satlevents-block_5ddd286e7f1a5\" class=\" product-posts-block events-only margin-top-2\"><div class=\"grid-x\">\t\n\t\t<div class=\"cell small-12\"> \n\t\t\t<h2 class=\"arrowed absoluted\"><a href=\"\/tapahtumat\/\">SATL:n tapahtumat<\/a><\/h2>\n\t\t\t<ul class=\"tabs\" data-tabs id=\"product-tabs-events\">\n\t\t\t\t<li class=\"tabs-title is-active\"><a href=\"#panel-satl-latest\" aria-selected=\"true\" data-tabs-target=\"panel-satl-latest\">Uusimmat<\/a><\/li>\n\t\t\t\t<li class=\"tabs-title\"><a data-tabs-target=\"panel-satl-pop\" href=\"#panel-satl-pop\">Suosituimmat<\/a><\/li>\n\t\t\t<\/ul>\n\t\t\t<div class=\"tabs-content\" data-tabs-content=\"product-tabs-events\">\n\t\t\t\t<div class=\"tabs-panel is-active\" id=\"panel-satl-latest\">\n\t\t\t\t<div class=\"tabs-panel-inside\">\t\n\t\t\t\t\t\t\t\t\t<\/div>\n\t\t\t\t<\/div>\n\t\t\t\t<div class=\"tabs-panel\" id=\"panel-satl-pop\">\n\t\t\t\t<div class=\"tabs-panel-inside\">\t\n\t\t\t\t\t\n\t\t\t\t\t\n\t\t\t\t<\/div>\n\t\t\t\t<\/div>\n\n\t\t\t<\/div>\n\t<\/div>\n<\/div>\n<\/div>\n\n","protected":false},"excerpt":{"rendered":"<p>Tampereen Autoteknillinen Yhdistys toimii autoalan kehityksen edist\u00e4j\u00e4n\u00e4 sek\u00e4 teknillisen ja toiminnallisen ammattitaidon kehitt\u00e4j\u00e4n\u00e4 alueella. Yhdistys on Suomen Autoteknillinen Liitto ry:n&#8230;<\/p>\n","protected":false},"author":130,"featured_media":0,"parent":0,"menu_order":0,"comment_status":"closed","ping_status":"open","template":"page-home.php","meta":{"_acf_changed":false,"footnotes":""},"class_list":["post-1","page","type-page","status-publish","hentry"],"yoast_head":"<!-- This site is optimized with the Yoast SEO plugin v28.1 - https:\/\/yoast.com\/product\/yoast-seo-wordpress\/ -->\n<title>Tampereen Autoteknillinen Yhdistys ry (TATY) - Tampereen Autoteknillinen Yhdistys ry<\/title>\n<meta name=\"robots\" content=\"index, follow, max-snippet:-1, max-image-preview:large, max-video-preview:-1\" \/>\n<link rel=\"canonical\" href=\"https:\/\/satl.fi\/taty\/\" \/>\n<meta property=\"og:locale\" content=\"fi_FI\" \/>\n<meta property=\"og:type\" content=\"article\" \/>\n<meta property=\"og:title\" content=\"Tampereen Autoteknillinen Yhdistys ry (TATY) - Tampereen Autoteknillinen Yhdistys ry\" \/>\n<meta property=\"og:description\" content=\"Tampereen Autoteknillinen Yhdistys toimii autoalan kehityksen edist\u00e4j\u00e4n\u00e4 sek\u00e4 teknillisen ja toiminnallisen ammattitaidon kehitt\u00e4j\u00e4n\u00e4 alueella. Yhdistys on Suomen Autoteknillinen Liitto ry:n...\" \/>\n<meta property=\"og:url\" content=\"https:\/\/satl.fi\/taty\/\" \/>\n<meta property=\"og:site_name\" content=\"Tampereen Autoteknillinen Yhdistys ry\" \/>\n<meta property=\"article:modified_time\" content=\"2020-06-15T10:32:33+00:00\" \/>\n<meta property=\"og:image\" content=\"https:\/\/satl.fi\/taty\/wp-content\/blogs.dir\/4\/files\/sites\/21\/2020\/02\/taty-logo-1-1.jpg\" \/>\n<meta name=\"twitter:card\" content=\"summary_large_image\" \/>\n<script type=\"application\/ld+json\" class=\"yoast-schema-graph\">{\"@context\":\"https:\\\/\\\/schema.org\",\"@graph\":[{\"@type\":\"WebPage\",\"@id\":\"https:\\\/\\\/satl.fi\\\/taty\\\/\",\"url\":\"https:\\\/\\\/satl.fi\\\/taty\\\/\",\"name\":\"Tampereen Autoteknillinen Yhdistys ry (TATY) - Tampereen Autoteknillinen Yhdistys ry\",\"isPartOf\":{\"@id\":\"https:\\\/\\\/satl.fi\\\/taty\\\/#website\"},\"primaryImageOfPage\":{\"@id\":\"https:\\\/\\\/satl.fi\\\/taty\\\/#primaryimage\"},\"image\":{\"@id\":\"https:\\\/\\\/satl.fi\\\/taty\\\/#primaryimage\"},\"thumbnailUrl\":\"https:\\\/\\\/satl.fi\\\/taty\\\/wp-content\\\/blogs.dir\\\/4\\\/files\\\/sites\\\/21\\\/2020\\\/02\\\/taty-logo-1-1.jpg\",\"datePublished\":\"2019-11-12T08:28:00+00:00\",\"dateModified\":\"2020-06-15T10:32:33+00:00\",\"breadcrumb\":{\"@id\":\"https:\\\/\\\/satl.fi\\\/taty\\\/#breadcrumb\"},\"inLanguage\":\"fi\",\"potentialAction\":[{\"@type\":\"ReadAction\",\"target\":[\"https:\\\/\\\/satl.fi\\\/taty\\\/\"]}]},{\"@type\":\"ImageObject\",\"inLanguage\":\"fi\",\"@id\":\"https:\\\/\\\/satl.fi\\\/taty\\\/#primaryimage\",\"url\":\"https:\\\/\\\/satl.fi\\\/taty\\\/wp-content\\\/blogs.dir\\\/4\\\/files\\\/sites\\\/21\\\/2020\\\/02\\\/taty-logo-1-1.jpg\",\"contentUrl\":\"https:\\\/\\\/satl.fi\\\/taty\\\/wp-content\\\/blogs.dir\\\/4\\\/files\\\/sites\\\/21\\\/2020\\\/02\\\/taty-logo-1-1.jpg\",\"width\":33,\"height\":33},{\"@type\":\"BreadcrumbList\",\"@id\":\"https:\\\/\\\/satl.fi\\\/taty\\\/#breadcrumb\",\"itemListElement\":[{\"@type\":\"ListItem\",\"position\":1,\"name\":\"Home\",\"item\":\"https:\\\/\\\/satl.fi\\\/taty\\\/\"},{\"@type\":\"ListItem\",\"position\":2,\"name\":\"Tampereen Autoteknillinen Yhdistys ry (TATY)\"}]},{\"@type\":\"WebSite\",\"@id\":\"https:\\\/\\\/satl.fi\\\/taty\\\/#website\",\"url\":\"https:\\\/\\\/satl.fi\\\/taty\\\/\",\"name\":\"Tampereen Autoteknillinen Yhdistys ry\",\"description\":\"\",\"potentialAction\":[{\"@type\":\"SearchAction\",\"target\":{\"@type\":\"EntryPoint\",\"urlTemplate\":\"https:\\\/\\\/satl.fi\\\/taty\\\/?s={search_term_string}\"},\"query-input\":{\"@type\":\"PropertyValueSpecification\",\"valueRequired\":true,\"valueName\":\"search_term_string\"}}],\"inLanguage\":\"fi\"}]}<\/script>\n<!-- \/ Yoast SEO plugin. -->","yoast_head_json":{"title":"Tampereen Autoteknillinen Yhdistys ry (TATY) - Tampereen Autoteknillinen Yhdistys ry","robots":{"index":"index","follow":"follow","max-snippet":"max-snippet:-1","max-image-preview":"max-image-preview:large","max-video-preview":"max-video-preview:-1"},"canonical":"https:\/\/satl.fi\/taty\/","og_locale":"fi_FI","og_type":"article","og_title":"Tampereen Autoteknillinen Yhdistys ry (TATY) - Tampereen Autoteknillinen Yhdistys ry","og_description":"Tampereen Autoteknillinen Yhdistys toimii autoalan kehityksen edist\u00e4j\u00e4n\u00e4 sek\u00e4 teknillisen ja toiminnallisen ammattitaidon kehitt\u00e4j\u00e4n\u00e4 alueella. Yhdistys on Suomen Autoteknillinen Liitto ry:n...","og_url":"https:\/\/satl.fi\/taty\/","og_site_name":"Tampereen Autoteknillinen Yhdistys ry","article_modified_time":"2020-06-15T10:32:33+00:00","og_image":[{"url":"https:\/\/satl.fi\/taty\/wp-content\/blogs.dir\/4\/files\/sites\/21\/2020\/02\/taty-logo-1-1.jpg","type":"","width":"","height":""}],"twitter_card":"summary_large_image","schema":{"@context":"https:\/\/schema.org","@graph":[{"@type":"WebPage","@id":"https:\/\/satl.fi\/taty\/","url":"https:\/\/satl.fi\/taty\/","name":"Tampereen Autoteknillinen Yhdistys ry (TATY) - Tampereen Autoteknillinen Yhdistys ry","isPartOf":{"@id":"https:\/\/satl.fi\/taty\/#website"},"primaryImageOfPage":{"@id":"https:\/\/satl.fi\/taty\/#primaryimage"},"image":{"@id":"https:\/\/satl.fi\/taty\/#primaryimage"},"thumbnailUrl":"https:\/\/satl.fi\/taty\/wp-content\/blogs.dir\/4\/files\/sites\/21\/2020\/02\/taty-logo-1-1.jpg","datePublished":"2019-11-12T08:28:00+00:00","dateModified":"2020-06-15T10:32:33+00:00","breadcrumb":{"@id":"https:\/\/satl.fi\/taty\/#breadcrumb"},"inLanguage":"fi","potentialAction":[{"@type":"ReadAction","target":["https:\/\/satl.fi\/taty\/"]}]},{"@type":"ImageObject","inLanguage":"fi","@id":"https:\/\/satl.fi\/taty\/#primaryimage","url":"https:\/\/satl.fi\/taty\/wp-content\/blogs.dir\/4\/files\/sites\/21\/2020\/02\/taty-logo-1-1.jpg","contentUrl":"https:\/\/satl.fi\/taty\/wp-content\/blogs.dir\/4\/files\/sites\/21\/2020\/02\/taty-logo-1-1.jpg","width":33,"height":33},{"@type":"BreadcrumbList","@id":"https:\/\/satl.fi\/taty\/#breadcrumb","itemListElement":[{"@type":"ListItem","position":1,"name":"Home","item":"https:\/\/satl.fi\/taty\/"},{"@type":"ListItem","position":2,"name":"Tampereen Autoteknillinen Yhdistys ry (TATY)"}]},{"@type":"WebSite","@id":"https:\/\/satl.fi\/taty\/#website","url":"https:\/\/satl.fi\/taty\/","name":"Tampereen Autoteknillinen Yhdistys ry","description":"","potentialAction":[{"@type":"SearchAction","target":{"@type":"EntryPoint","urlTemplate":"https:\/\/satl.fi\/taty\/?s={search_term_string}"},"query-input":{"@type":"PropertyValueSpecification","valueRequired":true,"valueName":"search_term_string"}}],"inLanguage":"fi"}]}},"acf":[],"distributor_meta":false,"distributor_terms":false,"distributor_media":false,"distributor_original_site_name":"Tampereen Autoteknillinen Yhdistys ry","distributor_original_site_url":"https:\/\/satl.fi\/taty","push-errors":false,"_links":{"self":[{"href":"https:\/\/satl.fi\/taty\/wp-json\/wp\/v2\/pages\/1","targetHints":{"allow":["GET"]}}],"collection":[{"href":"https:\/\/satl.fi\/taty\/wp-json\/wp\/v2\/pages"}],"about":[{"href":"https:\/\/satl.fi\/taty\/wp-json\/wp\/v2\/types\/page"}],"author":[{"embeddable":true,"href":"https:\/\/satl.fi\/taty\/wp-json\/wp\/v2\/users\/130"}],"replies":[{"embeddable":true,"href":"https:\/\/satl.fi\/taty\/wp-json\/wp\/v2\/comments?post=1"}],"version-history":[{"count":10,"href":"https:\/\/satl.fi\/taty\/wp-json\/wp\/v2\/pages\/1\/revisions"}],"predecessor-version":[{"id":321,"href":"https:\/\/satl.fi\/taty\/wp-json\/wp\/v2\/pages\/1\/revisions\/321"}],"wp:attachment":[{"href":"https:\/\/satl.fi\/taty\/wp-json\/wp\/v2\/media?parent=1"}],"curies":[{"name":"wp","href":"https:\/\/api.w.org\/{rel}","templated":true}]}}